{"id":78,"date":"2019-05-15T22:51:10","date_gmt":"2019-05-15T22:51:10","guid":{"rendered":"http:\/\/guerisseurdelinvisible.ch.phoebe.preview-kreativmedia.ch\/?page_id=78"},"modified":"2026-08-18T11:02:54","modified_gmt":"2026-08-18T11:02:54","slug":"tarifs","status":"publish","type":"page","link":"https:\/\/guerisseurdelinvisible.ch\/?page_id=78","title":{"rendered":"Tarifs"},"content":{"rendered":"\n<p class=\"has-pale-cyan-blue-background-color has-background\" style=\"font-size:17px\"><strong> <span style=\"color: revert; font-size: revert; font-weight: revert;\">Programmes &amp; Tarifs des S\u00e9ances<\/span><\/strong><br><em style=\"font-size: revert; color: initial;\">Echallens et Villars-Tiercelin<\/em> <\/p>\n\n\n\n<p class=\"has-vivid-green-cyan-color has-text-color\" style=\"font-size:25px\"><strong>Massage th\u00e9rapeutique manuel<\/strong><\/p>\n\n\n\n<p style=\"font-size:17px\"><mark style=\"background-color:rgba(0, 0, 0, 0)\" class=\"has-inline-color has-vivid-cyan-blue-color\"><strong>Massage du dos \u2013 30 minutes : CHF 60.\u2013<\/strong><br>Pour soulager les tensions du dos, des \u00e9paules et de la nuque.<\/mark><br><mark style=\"background-color:rgba(0, 0, 0, 0)\" class=\"has-inline-color has-vivid-red-color\"><strong>Massage complet d\u00e9tente \u2013 60 minutes : CHF 100.\u2013<\/strong><br>Massage manuel personnalis\u00e9, des jambes \u00e0 la nuque, adapt\u00e9 aux besoins du moment.<\/mark><br><mark style=\"background-color:rgba(0, 0, 0, 0)\" class=\"has-inline-color has-vivid-green-cyan-color\"><strong>Massage complet avec visage \u2013 90 minutes : CHF 140.\u2013<\/strong><br>Le soin le plus complet, incluant le corps, la nuque, le visage et un temps de relaxation plus profond.<\/mark><\/p>\n\n\n\n<p class=\"has-vivid-green-cyan-color has-text-color\" style=\"font-size:25px\"><mark style=\"background-color:rgba(0, 0, 0, 0)\" class=\"has-inline-color has-vivid-purple-color\"><strong>Accompagnement en Soins \u00c9nerg\u00e9tiques<\/strong><\/mark><\/p>\n\n\n\n<p style=\"font-size:17px\"><mark style=\"background-color:rgba(0, 0, 0, 0)\" class=\"has-inline-color has-vivid-cyan-blue-color\"><strong>S\u00e9ance cibl\u00e9e \u2013 45 minutes : CHF 80.\u2013<\/strong><br>Pour une demande pr\u00e9cise, un r\u00e9\u00e9quilibrage ponctuel ou un besoin d\u2019apaisement.<\/mark><br><mark style=\"background-color:rgba(0, 0, 0, 0)\" class=\"has-inline-color has-vivid-red-color\"><strong>S\u00e9ance \u00e9nerg\u00e9tique compl\u00e8te \u2013 75 minutes : CHF 120.\u2013<\/strong><br>S\u00e9ance recommand\u00e9e pour un travail plus global, avec \u00e9change, harmonisation \u00e9nerg\u00e9tique et accompagnement adapt\u00e9 \u00e0 la situation.<\/mark><br><mark style=\"background-color:rgba(0, 0, 0, 0)\" class=\"has-inline-color has-vivid-purple-color\"><strong>Accompagnement \u00e9nerg\u00e9tique approfondi \u2013 90 minutes : CHF 150.\u2013<\/strong><br>Pour les situations plus charg\u00e9es ou anciennes, avec un temps d\u2019\u00e9coute plus long, un travail \u00e9nerg\u00e9tique complet et un retour personnalis\u00e9 en fin de s\u00e9ance.<\/mark><\/p>\n\n\n\n<div class=\"wp-block-media-text alignwide is-stacked-on-mobile\" style=\"grid-template-columns:37% auto\"><figure class=\"wp-block-media-text__media\"><img loading=\"lazy\" width=\"319\" height=\"197\" src=\"https:\/\/guerisseurdelinvisible.ch\/wp-content\/uploads\/2026\/03\/forfais-1.jpg\" alt=\"\" class=\"wp-image-4721 size-full\" srcset=\"https:\/\/guerisseurdelinvisible.ch\/wp-content\/uploads\/2026\/03\/forfais-1.jpg 319w, https:\/\/guerisseurdelinvisible.ch\/wp-content\/uploads\/2026\/03\/forfais-1-300x185.jpg 300w\" sizes=\"(max-width: 319px) 100vw, 319px\" \/><\/figure><div class=\"wp-block-media-text__content\">\n<p> <\/p>\n\n\n\n<p class=\"has-black-color has-text-color\" style=\"font-size:17px\"><strong><mark><mark style=\"background-color:rgba(0, 0, 0, 0)\" class=\"has-inline-color has-luminous-vivid-orange-color\">D\u00e9couverte<\/mark><\/mark><\/strong><br>2 s\u00e9ances \u2014&nbsp;<strong>CHF 175.\u2013<\/strong><br>Id\u00e9al pour d\u00e9couvrir l\u2019accompagnement ou combiner une s\u00e9ance \u00e9nerg\u00e9tique et un massage manuel.<br><strong><mark><mark style=\"background-color:rgba(0, 0, 0, 0)\" class=\"has-inline-color has-vivid-purple-color\">\u00c9quilibre<\/mark><\/mark><\/strong> &#8211; <strong>recommand\u00e9<\/strong><br>3 s\u00e9ances \u2014&nbsp;<strong>CHF 245.\u2013<\/strong><br>Pour un travail plus suivi, avec la possibilit\u00e9 de combiner soins \u00e9nerg\u00e9tiques et massages manuels selon vos besoins.<\/p>\n<\/div><\/div>\n\n\n\n<div class=\"wp-container-3 wp-block-group\"><div class=\"wp-block-group__inner-container\">\n<div class=\"wp-container-2 wp-block-columns\">\n<div class=\"wp-container-1 wp-block-column\">\n<p class=\"has-vivid-red-color has-text-color has-background\" style=\"background-color:#d0e2ef;font-size:15px\"><strong><mark style=\"background-color:rgba(0, 0, 0, 0)\" class=\"has-inline-color has-vivid-red-color\">FORFAIS BIEN-\u00caTRE &#8211; le plus <\/mark>avantageux<\/strong><br><mark style=\"background-color:rgba(0, 0, 0, 0)\" class=\"has-inline-color has-black-color\"><strong>6 s\u00e9ances \u2014 CHF 480.\u2013<\/strong><\/mark><br>Ce forfait permet de combiner librement s\u00e9ances \u00e9nerg\u00e9tiques et massages manuels.<br><strong><mark style=\"background-color:rgba(0, 0, 0, 0)\" class=\"has-inline-color has-vivid-red-color\">Exemple <\/mark>possibles<mark style=\"background-color:rgba(0, 0, 0, 0)\" class=\"has-inline-color has-vivid-red-color\"> :<\/mark><\/strong><br>&#8211; 3 s\u00e9ances \u00e9nerg\u00e9tiques + 3 massages manuels<br>&#8211; 6 massages manuels<br>&#8211; 6 s\u00e9ances \u00e9nerg\u00e9tiques <br>&#8211; ou une combinaison personnalis\u00e9e selon vos besoins<\/p>\n<\/div>\n<\/div>\n<\/div><\/div>\n\n\n\n<p style=\"font-size:15px\"><strong>Services et prestations \u00e0 Domicile<\/strong><br>Je me d\u00e9place \u00e0 domicile dans un rayon d\u2019environ <strong>30 km autour de Villars-Tiercelin<\/strong>, notamment dans la r\u00e9gion d\u2019\u00c9challens, Yverdon-les-Bains, Orbe, Morges, Payerne et environs.<br>\ud83d\udd39S\u00e9ance \u00e0 domicile &#8211;75 \u00e0 90 minutes : <strong>CHF 170.\u2013<\/strong><br>Ce tarif comprend :<br>&#8211; la s\u00e9ance : CHF 120.-<br>&#8211; les frais de d\u00e9placement : CHF 50.-<br>Prestations possibles \u00e0 domicile :<br>Reiki et soins \u00e9nerg\u00e9tiques<br>Lib\u00e9ration et travail sur les contrats d\u2019\u00e2mes<br>Massage manuel classique<br>Pour les demandes situ\u00e9es au-del\u00e0 de 30 km, le d\u00e9placement est possible <strong>sur demande pr\u00e9alabl<\/strong>e<br><br><br>G\u00e9obiologie et harmonisation des lieux : d\u00e8s CHF 170.\u2013, <br>selon la taille du lieu et la situation\ud83d\udd39\ud83d\udc49<a href=\"https:\/\/guerisseurdelinvisible.ch\/?page_id=186\"><strong><mark>ICI<\/mark><\/strong><\/a><\/p>\n\n\n\n<hr class=\"wp-block-separator has-alpha-channel-opacity\"\/>\n\n\n\n<p class=\"has-medium-font-size\"><strong>Mon Approche : Lib\u00e9rer votre Potentiel &amp; Retrouver l\u2019Harmonie<\/strong><\/p>\n\n\n\n<p class=\"has-black-color has-text-color\" style=\"font-size:14px\">Mon accompagnement vise \u00e0 r\u00e9v\u00e9ler vos ressources naturelles de gu\u00e9rison.<br>Je ne me limite pas aux sympt\u00f4mes : j\u2019agis sur les <strong>causes profondes<\/strong> des mal-\u00eatres psychiques, physiques et spirituels.<\/p>\n\n\n\n<p style=\"font-size:15px\">Par le pouvoir de vos pens\u00e9es, de vos paroles et de vos gestes, je vous aide \u00e0 vous lib\u00e9rer des contrats d\u2019\u00e2mes, des \u00e9gr\u00e9gores, des sch\u00e9mas de r\u00e9incarnation et \u00e0 vous reconnecter \u00e0 votre <strong>Moi supr\u00eame<\/strong>.<\/p>\n\n\n\n<hr class=\"wp-block-separator has-alpha-channel-opacity\"\/>\n\n\n\n<p style=\"font-size:15px\"><strong>Tarifs des Stages<\/strong><br><strong>Passeur d\u2019\u00e2mes<\/strong> (priv\u00e9 ou groupe, 1 journ\u00e9e) : <strong>CHF 150.\u2013<\/strong><br><strong>Stages week-end (2 jours)<\/strong> : <strong>CHF 280.\u2013<\/strong><br>(Protocole verbal de r\u00e9siliation des contrats, clair-ressenti, Reiki)<br><strong>Stages chamaniques<\/strong> : sur conditions particuli\u00e8res<\/p>\n\n\n\n<hr class=\"wp-block-separator has-alpha-channel-opacity\"\/>\n\n\n\n<p style=\"font-size:17px\"><strong>Autres Conditions<\/strong><br>R\u00e9ductions : <strong>AVS \/ AI \/ Ch\u00f4meurs \u201310 %<\/strong> (arrangements possibles)<\/p>\n\n\n\n<p class=\"has-pale-cyan-blue-background-color has-background\">Annulations : pr\u00e9venir <strong>au plus tard la veille<\/strong>.<br>Toute absence ou annulation \u00e0 moins de 24h sera factur\u00e9e \u00e0 100 %.<\/p>\n\n\n\n<p>Retards : r\u00e9duction automatique de la dur\u00e9e de la s\u00e9ance.<\/p>\n\n\n\n<hr class=\"wp-block-separator has-alpha-channel-opacity\"\/>\n\n\n\n<p style=\"font-size:15px\">Nous vous rappelons que pour toute annulation, il est n\u00e9cessaire de nous contacter au plus tard&nbsp;la veille de votre rendez-vous.<br>Les massages, les soins et les journ\u00e9es non annul\u00e9s au moins 24 heures \u00e0 l&rsquo;avance seront factur\u00e9es 100 % de leur valeur.<br>Les retards entra\u00eeneront syst\u00e9matiquement une r\u00e9duction des temps de soin.<\/p>\n\n\n\n<p class=\"has-very-light-gray-background-color has-background\" style=\"font-size:17px\"><strong>Coordonn\u00e9es bancaire :<\/strong><br><em>B<\/em>ic: BCVLCH2LXXX <em>    Iban CH75 00767 000A5097 5324<\/em>   Daniel Dormond<br>TWINT.          079 481 80 00  ou   Daniel Dormond   <br><img loading=\"lazy\" width=\"121\" height=\"121\" class=\"wp-image-1049\" style=\"width: 40px;\" src=\"https:\/\/guerisseurdelinvisible.ch\/wp-content\/uploads\/2020\/06\/image.png\" alt=\"\" srcset=\"https:\/\/guerisseurdelinvisible.ch\/wp-content\/uploads\/2020\/06\/image.png 121w, https:\/\/guerisseurdelinvisible.ch\/wp-content\/uploads\/2020\/06\/image-100x100.png 100w\" sizes=\"(max-width: 121px) 100vw, 121px\" \/><\/p>\n\n\n\n<hr class=\"wp-block-separator has-alpha-channel-opacity\"\/>\n\n\n\n<div class=\"wp-block-media-text alignwide is-stacked-on-mobile is-vertically-aligned-center is-image-fill\" style=\"grid-template-columns:25% auto\"><figure class=\"wp-block-media-text__media\" style=\"background-image:url(https:\/\/guerisseurdelinvisible.ch\/wp-content\/uploads\/2025\/07\/back-3.jpg);background-position:50% 50%\"><img loading=\"lazy\" width=\"969\" height=\"815\" src=\"https:\/\/guerisseurdelinvisible.ch\/wp-content\/uploads\/2025\/07\/back-3.jpg\" alt=\"\" class=\"wp-image-3310 size-full\" srcset=\"https:\/\/guerisseurdelinvisible.ch\/wp-content\/uploads\/2025\/07\/back-3.jpg 969w, https:\/\/guerisseurdelinvisible.ch\/wp-content\/uploads\/2025\/07\/back-3-300x252.jpg 300w, https:\/\/guerisseurdelinvisible.ch\/wp-content\/uploads\/2025\/07\/back-3-768x646.jpg 768w\" sizes=\"(max-width: 706px) 89vw, (max-width: 767px) 82vw, 740px\" \/><\/figure><div class=\"wp-block-media-text__content\">\n<p style=\"font-size:16px\"><mark style=\"background-color:rgba(0, 0, 0, 0)\" class=\"has-inline-color has-black-color\"><strong>Retour \u00e0 la page ;<\/strong>  <\/mark><mark style=\"background-color:rgba(0, 0, 0, 0)\" class=\"has-inline-color has-vivid-red-color\"><br>&#8211; <strong>Accueil  \ud83d\udd39\ud83d\udc49<\/strong><a href=\"https:\/\/guerisseurdelinvisible.ch\/?page_id=2023\"><strong>ICI<\/strong><\/a>   &#8212;   <strong>Contact \ud83d\udd39\ud83d\udc49<a href=\"https:\/\/guerisseurdelinvisible.ch\/?page_id=38\">ICI<\/a> <\/strong><\/mark><br>&#8211; <mark style=\"background-color:rgba(0, 0, 0, 0)\" class=\"has-inline-color has-luminous-vivid-orange-color\"><strong>Reiki   <\/strong><\/mark>(\u00e9nergie de la force universelle de vie) \ud83d\udd39\ud83d\udc49<a href=\"https:\/\/guerisseurdelinvisible.ch\/?page_id=206\"><strong>ICI<\/strong><\/a><br>&#8211; <mark style=\"background-color:rgba(0, 0, 0, 0)\" class=\"has-inline-color has-vivid-purple-color\"><strong>Passeur d&rsquo;\u00e2mes <\/strong><\/mark>(les aider \u00e0 cheminer lumi\u00e8re)\ud83d\udd39\ud83d\udc49<a href=\"https:\/\/guerisseurdelinvisible.ch\/?page_id=194\"><strong>ICI<\/strong><\/a><br> &#8211; <strong><mark style=\"background-color:rgba(0, 0, 0, 0)\" class=\"has-inline-color has-vivid-green-cyan-color\">Processus verbale<\/mark><\/strong> de Lib\u00e9ration des contrats, pactes, etc.<strong> <\/strong>\ud83d\udd39\ud83d\udc49<a href=\"https:\/\/guerisseurdelinvisible.ch\/?page_id=198\"><strong>ICI<\/strong><\/a><br>  &#8211; <strong><mark style=\"background-color:rgba(0, 0, 0, 0)\" class=\"has-inline-color has-vivid-cyan-blue-color\">D\u00e9simplantation <\/mark><\/strong>des dispositifs de limitation \ud83d\udd39\ud83d\udc49<a href=\"https:\/\/guerisseurdelinvisible.ch\/?page_id=202\"><strong>ICI<\/strong><\/a><br>  &#8211; <strong>TARIFS<\/strong>\ud83d\udd39\ud83d\udc49<a href=\"https:\/\/guerisseurdelinvisible.ch\/?page_id=78\"><strong><mark style=\"background-color:rgba(0, 0, 0, 0)\" class=\"has-inline-color has-vivid-cyan-blue-color\">ICI<\/mark><\/strong><\/a><br>&#8211; <strong>CABINET A ECHALLENS<\/strong> \ud83d\udd39\ud83d\udc49<a href=\"https:\/\/guerisseurdelinvisible.ch\/?page_id=4099\"><strong>ICI<\/strong><\/a><br>&#8211; <strong>CABINET A Villars-Tiercelin<\/strong> \ud83d\udd39\ud83d\udc49<strong><a href=\"https:\/\/guerisseurdelinvisible.ch\/?page_id=264\">ICI<\/a><\/strong><\/p>\n<\/div><\/div>\n\n\n\n<div class=\"wp-block-media-text alignwide has-media-on-the-right is-stacked-on-mobile\" style=\"grid-template-columns:auto 44%\"><figure class=\"wp-block-media-text__media\"><img loading=\"lazy\" width=\"893\" height=\"599\" src=\"https:\/\/guerisseurdelinvisible.ch\/wp-content\/uploads\/2025\/07\/massage-10.jpg\" alt=\"\" class=\"wp-image-3311 size-full\" srcset=\"https:\/\/guerisseurdelinvisible.ch\/wp-content\/uploads\/2025\/07\/massage-10.jpg 893w, https:\/\/guerisseurdelinvisible.ch\/wp-content\/uploads\/2025\/07\/massage-10-300x201.jpg 300w, https:\/\/guerisseurdelinvisible.ch\/wp-content\/uploads\/2025\/07\/massage-10-768x515.jpg 768w\" sizes=\"(max-width: 706px) 89vw, (max-width: 767px) 82vw, 740px\" \/><\/figure><div class=\"wp-block-media-text__content\">\n<p style=\"font-size:17px\">&#8211; <strong><mark style=\"background-color:rgba(0, 0, 0, 0)\" class=\"has-inline-color has-vivid-purple-color\">Massage manuel classique<\/mark><\/strong>  \ud83d\udd39\ud83d\udc49<a href=\"https:\/\/guerisseurdelinvisible.ch\/?page_id=220\"><strong>ICI<\/strong><\/a><br> &#8211; <strong><mark style=\"background-color:rgba(0, 0, 0, 0)\" class=\"has-inline-color has-cyan-bluish-gray-color\">Massage aux pierres chaudes<\/mark><\/strong> \ud83d\udd39\ud83d\udc49<a href=\"https:\/\/guerisseurdelinvisible.ch\/?page_id=223\"><strong>ICI<\/strong><\/a><\/p>\n<\/div><\/div>\n\n\n\n<p class=\"has-white-color has-vivid-purple-background-color has-text-color has-background\"><strong>Prendre un R.D.V   au   079 481 80 00   ou    par E-mail   \ud83d\udd39\ud83d\udc49<\/strong><a href=\"https:\/\/guerisseurdelinvisible.ch\/?page_id=38\"><strong>ICI<\/strong><\/a><\/p>\n\n\n\n<div class=\"wp-block-media-text alignwide has-media-on-the-right is-stacked-on-mobile\" style=\"grid-template-columns:auto 34%\"><figure class=\"wp-block-media-text__media\"><img loading=\"lazy\" width=\"813\" height=\"542\" src=\"https:\/\/guerisseurdelinvisible.ch\/wp-content\/uploads\/2025\/07\/medecin.jpg\" alt=\"\" class=\"wp-image-3303 size-full\" srcset=\"https:\/\/guerisseurdelinvisible.ch\/wp-content\/uploads\/2025\/07\/medecin.jpg 813w, https:\/\/guerisseurdelinvisible.ch\/wp-content\/uploads\/2025\/07\/medecin-300x200.jpg 300w, https:\/\/guerisseurdelinvisible.ch\/wp-content\/uploads\/2025\/07\/medecin-768x512.jpg 768w\" sizes=\"(max-width: 706px) 89vw, (max-width: 767px) 82vw, 740px\" \/><\/figure><div class=\"wp-block-media-text__content\">\n<p style=\"font-size:15px\"><strong>La r\u00e9ception d\u2019une s\u00e9ance de bio\u00e9nergie ne se substitue pas aux conseils ou aux traitements dispens\u00e9s par des professionnels de la sant\u00e9.<\/strong><\/p>\n<\/div><\/div>\n\n\n\n<hr class=\"wp-block-separator has-alpha-channel-opacity\"\/>\n","protected":false},"excerpt":{"rendered":"<p>Programmes &amp; Tarifs des S\u00e9ancesEchallens et Villars-Tiercelin Massage th\u00e9rapeutique manuel Massage du dos \u2013 30 minutes : CHF 60.\u2013Pour soulager les tensions du dos, des \u00e9paules et de la nuque.Massage complet d\u00e9tente \u2013 60 minutes : CHF 100.\u2013Massage manuel personnalis\u00e9, des jambes \u00e0 la nuque, adapt\u00e9 aux besoins du moment.Massage complet avec visage \u2013 90 &hellip; <\/p>\n<p class=\"link-more\"><a href=\"https:\/\/guerisseurdelinvisible.ch\/?page_id=78\" class=\"more-link\">Continuer la lecture<span class=\"screen-reader-text\"> de &laquo;&nbsp;Tarifs&nbsp;&raquo;<\/span><\/a><\/p>\n","protected":false},"author":1,"featured_media":512,"parent":0,"menu_order":0,"comment_status":"closed","ping_status":"closed","template":"","meta":[],"_links":{"self":[{"href":"https:\/\/guerisseurdelinvisible.ch\/index.php?rest_route=\/wp\/v2\/pages\/78"}],"collection":[{"href":"https:\/\/guerisseurdelinvisible.ch\/index.php?rest_route=\/wp\/v2\/pages"}],"about":[{"href":"https:\/\/guerisseurdelinvisible.ch\/index.php?rest_route=\/wp\/v2\/types\/page"}],"author":[{"embeddable":true,"href":"https:\/\/guerisseurdelinvisible.ch\/index.php?rest_route=\/wp\/v2\/users\/1"}],"replies":[{"embeddable":true,"href":"https:\/\/guerisseurdelinvisible.ch\/index.php?rest_route=%2Fwp%2Fv2%2Fcomments&post=78"}],"version-history":[{"count":205,"href":"https:\/\/guerisseurdelinvisible.ch\/index.php?rest_route=\/wp\/v2\/pages\/78\/revisions"}],"predecessor-version":[{"id":4892,"href":"https:\/\/guerisseurdelinvisible.ch\/index.php?rest_route=\/wp\/v2\/pages\/78\/revisions\/4892"}],"wp:featuredmedia":[{"embeddable":true,"href":"https:\/\/guerisseurdelinvisible.ch\/index.php?rest_route=\/wp\/v2\/media\/512"}],"wp:attachment":[{"href":"https:\/\/guerisseurdelinvisible.ch\/index.php?rest_route=%2Fwp%2Fv2%2Fmedia&parent=78"}],"curies":[{"name":"wp","href":"https:\/\/api.w.org\/{rel}","templated":true}]}}