{"id":69,"date":"2019-05-15T22:48:15","date_gmt":"2019-05-15T22:48:15","guid":{"rendered":"http:\/\/guerisseurdelinvisible.ch.phoebe.preview-kreativmedia.ch\/?page_id=69"},"modified":"2025-11-14T14:52:50","modified_gmt":"2025-11-14T14:52:50","slug":"temoignages","status":"publish","type":"page","link":"https:\/\/guerisseurdelinvisible.ch\/?page_id=69","title":{"rendered":"T\u00e9moignages"},"content":{"rendered":"\n<div class=\"wp-block-media-text alignwide is-stacked-on-mobile\"><figure class=\"wp-block-media-text__media\"><img loading=\"lazy\" width=\"1024\" height=\"717\" src=\"https:\/\/guerisseurdelinvisible.ch\/wp-content\/uploads\/2023\/08\/thank-you-227344_1280-1024x717.jpg\" alt=\"\" class=\"wp-image-2344 size-full\" srcset=\"https:\/\/guerisseurdelinvisible.ch\/wp-content\/uploads\/2023\/08\/thank-you-227344_1280-1024x717.jpg 1024w, https:\/\/guerisseurdelinvisible.ch\/wp-content\/uploads\/2023\/08\/thank-you-227344_1280-300x210.jpg 300w, https:\/\/guerisseurdelinvisible.ch\/wp-content\/uploads\/2023\/08\/thank-you-227344_1280-768x538.jpg 768w, https:\/\/guerisseurdelinvisible.ch\/wp-content\/uploads\/2023\/08\/thank-you-227344_1280.jpg 1280w\" sizes=\"(max-width: 706px) 89vw, (max-width: 767px) 82vw, 740px\" \/><\/figure><div class=\"wp-block-media-text__content\">\n<p>Cher Daniel,<br>Je te remercie Daniel ainsi que ta compagne Annick pour avoir organis\u00e9 ce s\u00e9minaire d&rsquo;initiation au chamanisme, dans un lieu incontournable et magique.<br><\/p>\n<\/div><\/div>\n\n\n\n<p>Bonjour,<br>Je voulais encore te dire toute ma gratitude et te remercier \u00e0 nouveau pour tes soins merdi dernier.<br>J&rsquo;ai retrouv\u00e9 une vie, un lien beaucop plus joyeux avec mes petits enfants et une ind\u00e9pendance physique que j&rsquo;ai perdu il y a plus d&rsquo;une ann\u00e9e.<br>Merci d&rsquo;avoir fait le choix de faire ce que tu fais, avec autant de bienveillance.<br>Je te souhaite un exellent week-end.<br>Monique<\/p>\n\n\n\n<p class=\"has-background\" style=\"background-color:#f0efef\">Merci Daniel, tes c\u00e9r\u00e9monies Chamaniques, ont \u00e9t\u00e9 un \u00e9l\u00e9ment d\u00e9clencheur pour moi. J\u2019ai red\u00e9couvert une passion pour la spiritualit\u00e9. Aujourd\u2019hui, les promenades dans la nature me comblent plus que de c\u00f4toyer du monde en permanence, plus besoin de combler un vide personnel par des f\u00eates. Comme un grand nombre de personnes, j\u2019accordais beaucoup d\u2019importance aux apparences&nbsp;et \u00e0 l\u2019opinion des autres, ceci s\u2019est estomp\u00e9. Je suis devenue beaucoup plus calme, plus r\u00e9fl\u00e9chie, attentive et aussi plus altruiste. Davantage connect\u00e9e \u00e0 la nature, me fait me sentir bien dans ma vie. Ma famille et mon entourage me le disent, (tu es chang\u00e9e, tu es plus souriante, joviale, plus \u00e9veill\u00e9e et sereine). Je souhaite \u00e0 tout le monde de vivre cette exp\u00e9rience spirituelle au moins une fois dans sa vie.<br>Daniel encore MERCI pour ton savoir-faire, ton \u00e9coute et ton amabilit\u00e9.<br>Annick                                                                                                                            <\/p>\n\n\n\n<p>Bonsoir Monsieur,<br>Je vous remercie du fond du c\u0153ur d&rsquo;avoir coup\u00e9 le feu sur la cuisse de notre fille ce matin.<br>Tr\u00e8s vite, ses douleurs ont diminu\u00e9 pour presque dispara\u00eetre et la peau rougie a laiss\u00e9 la place \u00e9 une peau saine. il reste juste deux petites cloques que nous avons soign\u00e9 avec de l&rsquo;alo\u00e9 vera et maintenant une cr\u00e8me cicatrisante et d\u00e9sinfectante.<br>Tout le meilleur \u00e0 vous et belle et lumineuse ann\u00e9e!<br>Christelle maman de &#8230;&#8230;&#8230;..                                                                                   <\/p>\n\n\n\n<p class=\"has-background\" style=\"background-color:#f0efef\">D\u00e8s mon arriv\u00e9e au camping, je me suis sentie curieuse et heureuse d\u2019\u00eatre l\u00e0, pr\u00e9sente, je me suis sentie rapidement entour\u00e9e de personnes respectueuses et forts sympathiques.<br>L\u2019endroit \u00e9tait id\u00e9al pour communier avec la nature et propice au voyage int\u00e9rieur m\u00eame par des temp\u00e9ratures automnales un peu fra\u00eeches par moment.<br>J\u2019ai d\u00e9couvert des gestes ancestraux tels que les rituels au c\u0153ur du Sacr\u00e9. La connexion avec les \u00e9nergies des six directions, la pr\u00e9sence de nos \u00ab&nbsp;anciens&nbsp;\u00bb, la puissance de la m\u00e9decine de la terre par les soins des pierres et des plumes, le rituel du feu pour y d\u00e9poser ses \u00e9motions, la puissance de celui-ci pour la purification des objets, la force des plantes et le rituel du tabac plut\u00f4t efficace.\u2026 les rythmes de frappes avec les tambours, le rituel des offrandes, la c\u00e9r\u00e9monie de la Chanunpa.&nbsp;<br>Je ne sais pas si le compte y est, mais que d\u2019exp\u00e9riences inoubliables.<br>Ces quelques jours ont \u00e9t\u00e9 pour moi d\u2019une grande richesse autant au niveau \u00e9motionnel, physique et spirituel. J\u2019ai d\u00e9couvert \u00ab&nbsp;le grand nettoyage&nbsp;\u00bb par ces diff\u00e9rents rituels.<br>De plus, le partage des \u00e9motions tristes, mais aussi joyeuses, m\u2019ont beaucoup enrichie. J\u2019ai \u00e9t\u00e9 surprise par la force de la \u00ab&nbsp;communion&nbsp;\u00bb lors d\u2019\u00e9changes en bin\u00f4me. Les \u00e9changes avec le groupe ont \u00e9t\u00e9 forts et intenses, ils ont amen\u00e9 beaucoup de rires et de joyeux partages.<br>Je garde en moi un souvenir l\u00e9ger et intense de ces journ\u00e9es, je ne serai plus la m\u00eame personne, cette retraite m\u2019a mis en face de mes peurs, de mes doutes et m\u2019a donn\u00e9 les cl\u00e9s pour d\u00e9couvrir toute ma puissance et ma force int\u00e9rieure.<br>Merci Daniel et Annick ainsi que toutes les personnes pr\u00e9sentes, j\u2019ai pass\u00e9 un moment formidable avec vous tous. <br>Christiane                                                                                                                                                                                                                   <\/p>\n\n\n\n<blockquote class=\"wp-block-quote\"><p> Daniel par ce petit message nous voulions te remercier de nous avoir transmis ce fabuleux savoir, gr\u00e2ce \u00e0 ces enseignements chaque nouvelle journ\u00e9es s&rsquo;ouvre \u00e0 un merveilleux partage avec les esprits de la nature.<br>Nous pouvons entrer en communion avec nos animaux totems ainsi que le Grand Esprit.<br>Nous pouvons recevoir des soins de nos amies les pierres ainsi que du peuple des oiseaux tout cela donne une fabuleuse \u00e9nergie pour avancer dans la vie.<br>UN GRAND MERCI DANIEL&nbsp;.<br>Sandra et Patrice <\/p><\/blockquote>\n\n\n\n<blockquote class=\"wp-block-quote has-background\" style=\"background-color:#f0efef\"><p> Bonjour Daniel,<br>Bonne nouvelle, je suis de nouveau op\u00e9rationnelle.<br>Merci pour ton aide. Je pense que gr\u00e2ce \u00e0 \u00e7a,&nbsp;le m\u00e9decin m&rsquo;a accord\u00e9 des s\u00e9ances de physio pour mon bras et il coince presque plus. J&rsquo;ai aussi r\u00e9cup\u00e9r\u00e9 les 100% de la supination de la main.<br>Rosemarie. <\/p><\/blockquote>\n\n\n\n<blockquote class=\"wp-block-quote\"><p> Cher Daniel,<br>Merci beaucoup que tu as trouv\u00e9 le temps si rapidement pour m&rsquo;aider. C&rsquo;est g\u00e9nial. Les coups dans le dos ont cess\u00e9 hier d\u00e9j\u00e0 et ce matin je ne sens pratiquement plus rien. Esp\u00e9rons que nous avons r\u00e9ussi de nous d\u00e9barrasser de cette \u00ab\u00a0purge\u00a0\u00bb une fois pour toute. C&rsquo;\u00e9tait de ma faute aussi. J&rsquo;ai oubli\u00e9 de mettre ma bulle bleue quand je suis sortie. Je dois vraiment \u00eatre plus stricte.&nbsp;&nbsp;<br>Encore une fois mille merci. C&rsquo;est g\u00e9nial d&rsquo;avoir des gens comme toi.<br>Amiti\u00e9s.<br>Denise <\/p><\/blockquote>\n\n\n\n<blockquote class=\"wp-block-quote has-background\" style=\"background-color:#f0efef\"><p> Bonjour Daniel je tien a vous remerciez vous et vos aides spirituelles pour le travail d&rsquo;hier et de cette nuit, je me suis r\u00e9veiller ce matin sans aucune douleur nul part, MERCI 1000 fois pour votre aide.<br>Enzo <\/p><\/blockquote>\n\n\n\n<blockquote class=\"wp-block-quote\"><p>Daniel,<br>Merci beaucoup pour ton aide, je vais beaucoup mieux \ud83d\ude42<br>Je respire mieux, mes pens\u00e9es sont plus positives, je ressens plus de l\u00e9g\u00e8ret\u00e9.<br>Je me r\u00e9jouis de retourner pour continuer les soins pour des nouvelles am\u00e9liorations.<br>Merci beaucoup encore.<br>Amicalement, <br>St\u00e9phanie. <\/p><\/blockquote>\n\n\n\n<p class=\"has-background\" style=\"background-color:#f0efef\"><em>Bonjour Daniel,<\/em><br><em>Merci beaucoup pour ton accompagnement. avant pendant et apr\u00e8s mon op\u00e9ration. j&rsquo;ai vraiment ressenti un grand calme, au centre de moi. MERCI.<\/em><br><em>Je me remets gentiment du post op\u00e9ratoire. J&rsquo;ai encore du chemin devant moi, j&rsquo;ai confiance. On garde contacte. Merci de ta g\u00e9n\u00e9rosit\u00e9 de ta personne, de ton temps, de ton savoir.<\/em><br><em>V\u00e9ronique de l\u2019\u00eele Maurice.<\/em><\/p>\n\n\n\n<p><em>Bonjour Monsieur,<\/em><br><em>Le monde est extraordinaire votre gu\u00e9risseur invisible extraordinaire, je pense que vous me connaissez.<\/em><br><em>Le monde est petit.<\/em><br><em>Merci pour votre gu\u00e9risseur invisible.<\/em><br><em>H\u00e9l\u00e8ne<\/em><\/p>\n\n\n\n<p class=\"has-background\" style=\"background-color:#f0efef\"> Bonjour,<br>Ravie que tu puisses reprendre tes activit\u00e9s \ud83d\ude09<br>Suite \u00e0 nos s\u00e9ances j&rsquo;ai vraiment ressenti un changement intense et je veux pers\u00e9v\u00e9rer dans ce grand nettoyage profond int\u00e9rieur.<br>Serait -il possible de refaire 3 s\u00e9ances pour:<br>\u2013 travailler et me d\u00e9faire d&rsquo;un lien toxique, ou de mon auto sabotage relationnel amoureux\u2026.<br>\u2013 continuer \u00e0 d\u00e9velopper ma confiance en moi et mon \u00e9nergie pour me r\u00e9aliser dans mes projets amoureux \/ professionnels &amp; artistiques<br>\u2013 me d\u00e9faire de mon addiction au cannabis, qui s&rsquo;amenuit d&rsquo;ann\u00e9e en ann\u00e9e mais quand m\u00eame\u2026 <br>Marie<\/p>\n\n\n\n<p class=\"has-pale-cyan-blue-background-color has-background\"><mark style=\"background-color:rgba(0, 0, 0, 0)\" class=\"has-inline-color has-vivid-red-color\"><strong>\ud83d\udd39\ud83d\udc49<\/strong><\/mark><mark style=\"background-color:rgba(0, 0, 0, 0)\" class=\"has-inline-color has-black-color\"><a rel=\"noreferrer noopener\" href=\"https:\/\/www.cylex-swiss.ch\/villars-tiercelin\/reiki-aneuro-sant%c3%a9-12475750.html?utm_campaign=review+widget&amp;utm_source=www.cylex-swiss.ch&amp;utm_medium=widget&amp;utm_content=more+review+link#reviews\" target=\"_blank\"><strong>Plus d&rsquo;avis ici<\/strong><\/a> <\/mark>sur le site Cylex<\/p>\n\n\n\n<div class=\"wp-block-media-text alignwide is-stacked-on-mobile is-vertically-aligned-center is-image-fill\" style=\"grid-template-columns:31% auto\"><figure class=\"wp-block-media-text__media\" style=\"background-image:url(https:\/\/guerisseurdelinvisible.ch\/wp-content\/uploads\/2025\/07\/back-3.jpg);background-position:50% 50%\"><img loading=\"lazy\" width=\"969\" height=\"815\" src=\"https:\/\/guerisseurdelinvisible.ch\/wp-content\/uploads\/2025\/07\/back-3.jpg\" alt=\"\" class=\"wp-image-3310 size-full\" srcset=\"https:\/\/guerisseurdelinvisible.ch\/wp-content\/uploads\/2025\/07\/back-3.jpg 969w, https:\/\/guerisseurdelinvisible.ch\/wp-content\/uploads\/2025\/07\/back-3-300x252.jpg 300w, https:\/\/guerisseurdelinvisible.ch\/wp-content\/uploads\/2025\/07\/back-3-768x646.jpg 768w\" sizes=\"(max-width: 706px) 89vw, (max-width: 767px) 82vw, 740px\" \/><\/figure><div class=\"wp-block-media-text__content\">\n<p style=\"font-size:16px\"><mark style=\"background-color:rgba(0, 0, 0, 0)\" class=\"has-inline-color has-black-color\"><strong>Retour \u00e0 la page ;<\/strong>  <\/mark><mark style=\"background-color:rgba(0, 0, 0, 0)\" class=\"has-inline-color has-vivid-red-color\"><br>&#8211; <strong>Accueil  \ud83d\udd39\ud83d\udc49<\/strong><a href=\"https:\/\/guerisseurdelinvisible.ch\/?page_id=2023\"><strong>ICI<\/strong><\/a>   &#8212;   <strong>Contact \ud83d\udd39\ud83d\udc49<a href=\"https:\/\/guerisseurdelinvisible.ch\/?page_id=38\">ICI<\/a> <\/strong><\/mark><br>&#8211; <mark style=\"background-color:rgba(0, 0, 0, 0)\" class=\"has-inline-color has-luminous-vivid-orange-color\"><strong>Reiki   <\/strong><\/mark>(\u00e9nergie de la force universelle de vie) \ud83d\udd39\ud83d\udc49<a href=\"https:\/\/guerisseurdelinvisible.ch\/?page_id=206\"><strong>ICI<\/strong><\/a><br>&#8211; <mark style=\"background-color:rgba(0, 0, 0, 0)\" class=\"has-inline-color has-vivid-purple-color\"><strong>Passeur d&rsquo;\u00e2mes <\/strong><\/mark>(les aider \u00e0 cheminer lumi\u00e8re) \ud83d\udd39\ud83d\udc49<a href=\"https:\/\/guerisseurdelinvisible.ch\/?page_id=194\"><strong>ICI<\/strong><\/a><br>&#8211; <strong><mark style=\"background-color:rgba(0, 0, 0, 0)\" class=\"has-inline-color has-vivid-green-cyan-color\">Processus verbale<\/mark><\/strong> de Lib\u00e9ration des contrats, pactes, etc.<strong> <\/strong>\ud83d\udd39\ud83d\udc49<a href=\"https:\/\/guerisseurdelinvisible.ch\/?page_id=198\"><strong>ICI<\/strong><\/a><br>&#8211; <strong><mark style=\"background-color:rgba(0, 0, 0, 0)\" class=\"has-inline-color has-vivid-cyan-blue-color\">D\u00e9simplantation <\/mark><\/strong>des dispositifs de limitation spirituelle  \ud83d\udd39\ud83d\udc49<a href=\"https:\/\/guerisseurdelinvisible.ch\/?page_id=202\"><strong>ICI<\/strong><\/a><br>&#8211; <strong>TARIFS <\/strong>\ud83d\udd39\ud83d\udc49<a href=\"https:\/\/guerisseurdelinvisible.ch\/?page_id=78\"><strong><mark style=\"background-color:rgba(0, 0, 0, 0)\" class=\"has-inline-color has-vivid-cyan-blue-color\">ICI<\/mark><\/strong><\/a><br>&#8211; <strong>CABINET A ECHALLENS<\/strong> \ud83d\udd39\ud83d\udc49<a href=\"https:\/\/guerisseurdelinvisible.ch\/?page_id=4099\"><strong>ICI<\/strong><\/a><\/p>\n<\/div><\/div>\n\n\n\n<div class=\"wp-block-media-text alignwide has-media-on-the-right is-stacked-on-mobile\" style=\"grid-template-columns:auto 44%\"><figure class=\"wp-block-media-text__media\"><img loading=\"lazy\" width=\"893\" height=\"599\" src=\"https:\/\/guerisseurdelinvisible.ch\/wp-content\/uploads\/2025\/07\/massage-10.jpg\" alt=\"\" class=\"wp-image-3311 size-full\" srcset=\"https:\/\/guerisseurdelinvisible.ch\/wp-content\/uploads\/2025\/07\/massage-10.jpg 893w, https:\/\/guerisseurdelinvisible.ch\/wp-content\/uploads\/2025\/07\/massage-10-300x201.jpg 300w, https:\/\/guerisseurdelinvisible.ch\/wp-content\/uploads\/2025\/07\/massage-10-768x515.jpg 768w\" sizes=\"(max-width: 706px) 89vw, (max-width: 767px) 82vw, 740px\" \/><\/figure><div class=\"wp-block-media-text__content\">\n<p style=\"font-size:17px\">&#8211; <strong><mark style=\"background-color:rgba(0, 0, 0, 0)\" class=\"has-inline-color has-vivid-purple-color\">Massage manuel classique<\/mark><\/strong>  \ud83d\udd39<a href=\"https:\/\/guerisseurdelinvisible.ch\/?page_id=220\"><strong>ICI<\/strong><\/a><br> &#8211; <strong><mark style=\"background-color:rgba(0, 0, 0, 0)\" class=\"has-inline-color has-cyan-bluish-gray-color\">Massage aux pierres chaudes<\/mark><\/strong> \ud83d\udd39<a href=\"https:\/\/guerisseurdelinvisible.ch\/?page_id=223\"><strong>ICI<\/strong><\/a><\/p>\n<\/div><\/div>\n\n\n\n<p class=\"has-black-color has-cyan-bluish-gray-background-color has-text-color has-background\"><strong>Prendre un R.D.V   au   079 481 80 00   ou    par E-mail   <mark style=\"background-color:rgba(0, 0, 0, 0)\" class=\"has-inline-color has-vivid-red-color\"><strong>\ud83d\udd39\ud83d\udc49<\/strong><\/mark><\/strong><a href=\"https:\/\/guerisseurdelinvisible.ch\/?page_id=38\"><strong>ICI<\/strong><\/a><\/p>\n\n\n\n<div class=\"wp-block-media-text alignwide has-media-on-the-right is-stacked-on-mobile\" style=\"grid-template-columns:auto 34%\"><figure class=\"wp-block-media-text__media\"><img loading=\"lazy\" width=\"813\" height=\"542\" src=\"https:\/\/guerisseurdelinvisible.ch\/wp-content\/uploads\/2025\/07\/medecin.jpg\" alt=\"\" class=\"wp-image-3303 size-full\" srcset=\"https:\/\/guerisseurdelinvisible.ch\/wp-content\/uploads\/2025\/07\/medecin.jpg 813w, https:\/\/guerisseurdelinvisible.ch\/wp-content\/uploads\/2025\/07\/medecin-300x200.jpg 300w, https:\/\/guerisseurdelinvisible.ch\/wp-content\/uploads\/2025\/07\/medecin-768x512.jpg 768w\" sizes=\"(max-width: 706px) 89vw, (max-width: 767px) 82vw, 740px\" \/><\/figure><div class=\"wp-block-media-text__content\">\n<p style=\"font-size:15px\"><strong>La r\u00e9ception d\u2019une s\u00e9ance de bio\u00e9nergie ne se substitue pas aux conseils ou aux traitements dispens\u00e9s par des professionnels de la sant\u00e9.<\/strong><\/p>\n<\/div><\/div>\n","protected":false},"excerpt":{"rendered":"<p>Cher Daniel,Je te remercie Daniel ainsi que ta compagne Annick pour avoir organis\u00e9 ce s\u00e9minaire d&rsquo;initiation au chamanisme, dans un lieu incontournable et magique. Bonjour,Je voulais encore te dire toute ma gratitude et te remercier \u00e0 nouveau pour tes soins merdi dernier.J&rsquo;ai retrouv\u00e9 une vie, un lien beaucop plus joyeux avec mes petits enfants et &hellip; <\/p>\n<p class=\"link-more\"><a href=\"https:\/\/guerisseurdelinvisible.ch\/?page_id=69\" class=\"more-link\">Continuer la lecture<span class=\"screen-reader-text\"> de &laquo;&nbsp;T\u00e9moignages&nbsp;&raquo;<\/span><\/a><\/p>\n","protected":false},"author":1,"featured_media":451,"parent":0,"menu_order":0,"comment_status":"closed","ping_status":"closed","template":"","meta":[],"_links":{"self":[{"href":"https:\/\/guerisseurdelinvisible.ch\/index.php?rest_route=\/wp\/v2\/pages\/69"}],"collection":[{"href":"https:\/\/guerisseurdelinvisible.ch\/index.php?rest_route=\/wp\/v2\/pages"}],"about":[{"href":"https:\/\/guerisseurdelinvisible.ch\/index.php?rest_route=\/wp\/v2\/types\/page"}],"author":[{"embeddable":true,"href":"https:\/\/guerisseurdelinvisible.ch\/index.php?rest_route=\/wp\/v2\/users\/1"}],"replies":[{"embeddable":true,"href":"https:\/\/guerisseurdelinvisible.ch\/index.php?rest_route=%2Fwp%2Fv2%2Fcomments&post=69"}],"version-history":[{"count":44,"href":"https:\/\/guerisseurdelinvisible.ch\/index.php?rest_route=\/wp\/v2\/pages\/69\/revisions"}],"predecessor-version":[{"id":4399,"href":"https:\/\/guerisseurdelinvisible.ch\/index.php?rest_route=\/wp\/v2\/pages\/69\/revisions\/4399"}],"wp:featuredmedia":[{"embeddable":true,"href":"https:\/\/guerisseurdelinvisible.ch\/index.php?rest_route=\/wp\/v2\/media\/451"}],"wp:attachment":[{"href":"https:\/\/guerisseurdelinvisible.ch\/index.php?rest_route=%2Fwp%2Fv2%2Fmedia&parent=69"}],"curies":[{"name":"wp","href":"https:\/\/api.w.org\/{rel}","templated":true}]}}