{"id":67,"date":"2019-05-15T22:47:19","date_gmt":"2019-05-15T22:47:19","guid":{"rendered":"http:\/\/guerisseurdelinvisible.ch.phoebe.preview-kreativmedia.ch\/?page_id=67"},"modified":"2026-08-13T10:27:14","modified_gmt":"2026-08-13T10:27:14","slug":"therapies-manuelles","status":"publish","type":"page","link":"https:\/\/guerisseurdelinvisible.ch\/?page_id=67","title":{"rendered":"Th\u00e9rapies manuelles"},"content":{"rendered":"\n<div class=\"wp-block-media-text alignwide is-stacked-on-mobile\" style=\"grid-template-columns:51% auto\"><figure class=\"wp-block-media-text__media\"><img loading=\"lazy\" width=\"612\" height=\"399\" src=\"https:\/\/guerisseurdelinvisible.ch\/wp-content\/uploads\/2023\/08\/istockphoto-1468499955-612x612-1.webp\" alt=\"\" class=\"wp-image-2351 size-full\" srcset=\"https:\/\/guerisseurdelinvisible.ch\/wp-content\/uploads\/2023\/08\/istockphoto-1468499955-612x612-1.webp 612w, https:\/\/guerisseurdelinvisible.ch\/wp-content\/uploads\/2023\/08\/istockphoto-1468499955-612x612-1-300x196.webp 300w\" sizes=\"(max-width: 612px) 100vw, 612px\" \/><\/figure><div class=\"wp-block-media-text__content\">\n<p><strong>La th\u00e9rapie manuelle, <\/strong><br><strong>tout comme le nom l&rsquo;indique, <\/strong><br><strong>le th\u00e9rapeute travaille avec ses mains.<\/strong><\/p>\n<\/div><\/div>\n\n\n\n<p class=\"has-background\" style=\"background-color:#d9dde4;font-size:17px\"><strong>La&nbsp;th\u00e9rapie manuelle<\/strong>&nbsp;est situ\u00e9e entre la physioth\u00e9rapie et l&rsquo;ost\u00e9opathie. <br>Elle consiste en une approche th\u00e9rapeutique individualis\u00e9e o\u00f9 les muscles,&nbsp;les articulations, les tissus mous et nerveux sont \u00e9valu\u00e9s de fa\u00e7on d\u00e9taill\u00e9e et minutieuse.<\/p>\n\n\n\n<div class=\"wp-block-media-text alignwide has-media-on-the-right is-stacked-on-mobile\" style=\"grid-template-columns:auto 44%\"><figure class=\"wp-block-media-text__media\"><img loading=\"lazy\" width=\"1024\" height=\"768\" src=\"https:\/\/guerisseurdelinvisible.ch\/wp-content\/uploads\/2024\/09\/IMG_8374-1024x768.jpg\" alt=\"\" class=\"wp-image-3016 size-full\" srcset=\"https:\/\/guerisseurdelinvisible.ch\/wp-content\/uploads\/2024\/09\/IMG_8374-1024x768.jpg 1024w, https:\/\/guerisseurdelinvisible.ch\/wp-content\/uploads\/2024\/09\/IMG_8374-300x225.jpg 300w, https:\/\/guerisseurdelinvisible.ch\/wp-content\/uploads\/2024\/09\/IMG_8374-768x576.jpg 768w, https:\/\/guerisseurdelinvisible.ch\/wp-content\/uploads\/2024\/09\/IMG_8374-1536x1152.jpg 1536w, https:\/\/guerisseurdelinvisible.ch\/wp-content\/uploads\/2024\/09\/IMG_8374-2048x1536.jpg 2048w\" sizes=\"(max-width: 706px) 89vw, (max-width: 767px) 82vw, 740px\" \/><\/figure><div class=\"wp-block-media-text__content\">\n<p><\/p>\n\n\n\n<p><br><br><strong>J&rsquo;ai choisi de suivre le meilleur chemin pour <\/strong><\/p>\n<\/div><\/div>\n\n\n\n<ul style=\"font-size:17px\"><li><strong>Mettre mes comp\u00e9tences au service de votre sant\u00e9.<\/strong><\/li><li><strong>Collaborer \u00e0 votre gu\u00e9rison.<\/strong><\/li><li><strong>Vous accompagner dans votre processus de lib\u00e9ration.<\/strong><\/li><li><strong>Vous aider \u00e0 comprendre les causes de vos mal-\u00eatres et \u00e0 vous en lib\u00e9rer.<\/strong><\/li><li><strong>Vous ouvrir des portes vers d\u2019autres possibles.<\/strong><\/li><li><strong>Vous fournir des \u00e9claircissements sur vos probl\u00e9matiques afin que vous puissiez les r\u00e9soudre de fa\u00e7on d\u00e9finitive.<\/strong><\/li><li><strong>Vous orienter vers la meilleure fa\u00e7on la plus appropri\u00e9e de prendre soin de votre sant\u00e9, tant sur le plan moral, mental, \u00e9motionnel que spirituel.<\/strong><\/li><li><strong>Elucider les situations, qui occasionnent pour vous de la souffrance.<\/strong><\/li><li><strong>Contribuer \u00e0 la r\u00e9harmonisation de tout ce qui fait de vous un \u00catre unique.<\/strong><\/li><li><strong>Vous aider \u00e0 comprendre pourquoi il n&rsquo;est plus utile d&rsquo;\u00e9prouver de la douleur ou de la peur<\/strong>.<\/li><\/ul>\n\n\n\n<div class=\"wp-block-media-text alignwide has-media-on-the-right is-stacked-on-mobile is-vertically-aligned-center\" style=\"grid-template-columns:auto 31%\"><figure class=\"wp-block-media-text__media\"><img loading=\"lazy\" width=\"969\" height=\"815\" src=\"https:\/\/guerisseurdelinvisible.ch\/wp-content\/uploads\/2025\/07\/back-3.jpg\" alt=\"\" class=\"wp-image-3310 size-full\" srcset=\"https:\/\/guerisseurdelinvisible.ch\/wp-content\/uploads\/2025\/07\/back-3.jpg 969w, https:\/\/guerisseurdelinvisible.ch\/wp-content\/uploads\/2025\/07\/back-3-300x252.jpg 300w, https:\/\/guerisseurdelinvisible.ch\/wp-content\/uploads\/2025\/07\/back-3-768x646.jpg 768w\" sizes=\"(max-width: 706px) 89vw, (max-width: 767px) 82vw, 740px\" \/><\/figure><div class=\"wp-block-media-text__content\">\n<p style=\"font-size:16px\"><mark style=\"background-color:rgba(0, 0, 0, 0)\" class=\"has-inline-color has-black-color\"><strong>Retour \u00e0 la page ;<\/strong>  <\/mark><mark style=\"background-color:rgba(0, 0, 0, 0)\" class=\"has-inline-color has-vivid-red-color\"><br>&#8211; <strong>Accueil  \ud83d\udd39\ud83d\udc49<\/strong><a href=\"https:\/\/guerisseurdelinvisible.ch\/?page_id=2023\"><strong>ICI<\/strong><\/a>   &#8212;   <strong>Contact \ud83d\udd39\ud83d\udc49<a href=\"https:\/\/guerisseurdelinvisible.ch\/?page_id=38\">ICI<\/a> <\/strong><\/mark><br>&#8211; <mark style=\"background-color:rgba(0, 0, 0, 0)\" class=\"has-inline-color has-luminous-vivid-orange-color\"><strong>Reiki   <\/strong><\/mark>(\u00e9nergie de la force universelle de vie) \ud83d\udd39\ud83d\udc49<a href=\"https:\/\/guerisseurdelinvisible.ch\/?page_id=206\"><strong>ICI<\/strong><\/a><br>&#8211; <mark style=\"background-color:rgba(0, 0, 0, 0)\" class=\"has-inline-color has-vivid-purple-color\"><strong>Passeur d&rsquo;\u00e2mes <\/strong><\/mark>(les aider \u00e0 cheminer lumi\u00e8re) \ud83d\udd39\ud83d\udc49<a href=\"https:\/\/guerisseurdelinvisible.ch\/?page_id=194\"><strong>ICI<\/strong><\/a><br>&#8211; <strong><mark style=\"background-color:rgba(0, 0, 0, 0)\" class=\"has-inline-color has-vivid-green-cyan-color\">Processus verbale<\/mark><\/strong> de Lib\u00e9ration des contrats, pactes, etc.<strong> <\/strong>\ud83d\udd39\ud83d\udc49<a href=\"https:\/\/guerisseurdelinvisible.ch\/?page_id=198\"><strong>ICI<\/strong><\/a><br>&#8211; <strong><mark style=\"background-color:rgba(0, 0, 0, 0)\" class=\"has-inline-color has-vivid-cyan-blue-color\">D\u00e9simplantation <\/mark><\/strong>des dispositifs de limitation spirituelle  \ud83d\udd39\ud83d\udc49<a href=\"https:\/\/guerisseurdelinvisible.ch\/?page_id=202\"><strong>ICI<\/strong><\/a><br>&#8211; <strong>Tarifs <\/strong>\ud83d\udd39\ud83d\udc49<a href=\"https:\/\/guerisseurdelinvisible.ch\/?page_id=78\"><strong><mark style=\"background-color:rgba(0, 0, 0, 0)\" class=\"has-inline-color has-vivid-cyan-blue-color\">ICI<\/mark><\/strong><\/a><br>&#8211; <strong>CABINET A ECHALLENS<\/strong> \ud83d\udd39\ud83d\udc49<a href=\"https:\/\/guerisseurdelinvisible.ch\/?page_id=4099\"><strong>ICI<\/strong><\/a><\/p>\n<\/div><\/div>\n\n\n\n<div class=\"wp-block-media-text alignwide is-stacked-on-mobile is-vertically-aligned-top\" style=\"grid-template-columns:30% auto\"><figure class=\"wp-block-media-text__media\"><img loading=\"lazy\" width=\"893\" height=\"599\" src=\"https:\/\/guerisseurdelinvisible.ch\/wp-content\/uploads\/2025\/07\/massage-10.jpg\" alt=\"\" class=\"wp-image-3311 size-full\" srcset=\"https:\/\/guerisseurdelinvisible.ch\/wp-content\/uploads\/2025\/07\/massage-10.jpg 893w, https:\/\/guerisseurdelinvisible.ch\/wp-content\/uploads\/2025\/07\/massage-10-300x201.jpg 300w, https:\/\/guerisseurdelinvisible.ch\/wp-content\/uploads\/2025\/07\/massage-10-768x515.jpg 768w\" sizes=\"(max-width: 706px) 89vw, (max-width: 767px) 82vw, 740px\" \/><\/figure><div class=\"wp-block-media-text__content\">\n<p class=\"has-text-align-left\" style=\"font-size:17px\">&#8211; <strong><mark style=\"background-color:rgba(0, 0, 0, 0)\" class=\"has-inline-color has-vivid-purple-color\">Massage manuel classique<\/mark><\/strong>  <mark style=\"background-color:rgba(0, 0, 0, 0)\" class=\"has-inline-color has-vivid-red-color\"><strong>\ud83d\udd39<\/strong><\/mark><a href=\"https:\/\/guerisseurdelinvisible.ch\/?page_id=220\"><strong>\ud83d\udc49ICI<\/strong><\/a><br> &#8211; <strong><mark style=\"background-color:rgba(0, 0, 0, 0)\" class=\"has-inline-color has-cyan-bluish-gray-color\">Massage aux pierres chaudes<\/mark><\/strong> <mark style=\"background-color:rgba(0, 0, 0, 0)\" class=\"has-inline-color has-vivid-red-color\"><strong>\ud83d\udd39<\/strong><\/mark><a href=\"https:\/\/guerisseurdelinvisible.ch\/?page_id=223\"><strong>\ud83d\udc49ICI<\/strong><\/a><\/p>\n<\/div><\/div>\n\n\n\n<p class=\"has-white-color has-vivid-purple-background-color has-text-color has-background\"><strong>Prendre un R.D.V   au   079 481 80 00   ou    par E-mail   \ud83d\udd39<\/strong><a href=\"https:\/\/guerisseurdelinvisible.ch\/?page_id=38\"><strong>ICI<\/strong><\/a><\/p>\n\n\n\n<div class=\"wp-block-media-text alignwide has-media-on-the-right is-stacked-on-mobile\" style=\"grid-template-columns:auto 34%\"><figure class=\"wp-block-media-text__media\"><img loading=\"lazy\" width=\"813\" height=\"542\" src=\"https:\/\/guerisseurdelinvisible.ch\/wp-content\/uploads\/2025\/07\/medecin.jpg\" alt=\"\" class=\"wp-image-3303 size-full\" srcset=\"https:\/\/guerisseurdelinvisible.ch\/wp-content\/uploads\/2025\/07\/medecin.jpg 813w, https:\/\/guerisseurdelinvisible.ch\/wp-content\/uploads\/2025\/07\/medecin-300x200.jpg 300w, https:\/\/guerisseurdelinvisible.ch\/wp-content\/uploads\/2025\/07\/medecin-768x512.jpg 768w\" sizes=\"(max-width: 706px) 89vw, (max-width: 767px) 82vw, 740px\" \/><\/figure><div class=\"wp-block-media-text__content\">\n<p style=\"font-size:15px\"><strong>La r\u00e9ception d\u2019une s\u00e9ance de bio\u00e9nergie ne se substitue pas aux conseils ou aux traitements dispens\u00e9s par des professionnels de la sant\u00e9.<\/strong><\/p>\n<\/div><\/div>\n","protected":false},"excerpt":{"rendered":"<p>La th\u00e9rapie manuelle, tout comme le nom l&rsquo;indique, le th\u00e9rapeute travaille avec ses mains. La&nbsp;th\u00e9rapie manuelle&nbsp;est situ\u00e9e entre la physioth\u00e9rapie et l&rsquo;ost\u00e9opathie. Elle consiste en une approche th\u00e9rapeutique individualis\u00e9e o\u00f9 les muscles,&nbsp;les articulations, les tissus mous et nerveux sont \u00e9valu\u00e9s de fa\u00e7on d\u00e9taill\u00e9e et minutieuse. J&rsquo;ai choisi de suivre le meilleur chemin pour Mettre mes &hellip; <\/p>\n<p class=\"link-more\"><a href=\"https:\/\/guerisseurdelinvisible.ch\/?page_id=67\" class=\"more-link\">Continuer la lecture<span class=\"screen-reader-text\"> de &laquo;&nbsp;Th\u00e9rapies manuelles&nbsp;&raquo;<\/span><\/a><\/p>\n","protected":false},"author":1,"featured_media":470,"parent":0,"menu_order":0,"comment_status":"closed","ping_status":"closed","template":"","meta":[],"_links":{"self":[{"href":"https:\/\/guerisseurdelinvisible.ch\/index.php?rest_route=\/wp\/v2\/pages\/67"}],"collection":[{"href":"https:\/\/guerisseurdelinvisible.ch\/index.php?rest_route=\/wp\/v2\/pages"}],"about":[{"href":"https:\/\/guerisseurdelinvisible.ch\/index.php?rest_route=\/wp\/v2\/types\/page"}],"author":[{"embeddable":true,"href":"https:\/\/guerisseurdelinvisible.ch\/index.php?rest_route=\/wp\/v2\/users\/1"}],"replies":[{"embeddable":true,"href":"https:\/\/guerisseurdelinvisible.ch\/index.php?rest_route=%2Fwp%2Fv2%2Fcomments&post=67"}],"version-history":[{"count":39,"href":"https:\/\/guerisseurdelinvisible.ch\/index.php?rest_route=\/wp\/v2\/pages\/67\/revisions"}],"predecessor-version":[{"id":4888,"href":"https:\/\/guerisseurdelinvisible.ch\/index.php?rest_route=\/wp\/v2\/pages\/67\/revisions\/4888"}],"wp:featuredmedia":[{"embeddable":true,"href":"https:\/\/guerisseurdelinvisible.ch\/index.php?rest_route=\/wp\/v2\/media\/470"}],"wp:attachment":[{"href":"https:\/\/guerisseurdelinvisible.ch\/index.php?rest_route=%2Fwp%2Fv2%2Fmedia&parent=67"}],"curies":[{"name":"wp","href":"https:\/\/api.w.org\/{rel}","templated":true}]}}