{"id":65,"date":"2019-05-15T22:46:59","date_gmt":"2019-05-15T22:46:59","guid":{"rendered":"http:\/\/guerisseurdelinvisible.ch.phoebe.preview-kreativmedia.ch\/?page_id=65"},"modified":"2026-03-08T13:27:23","modified_gmt":"2026-03-08T13:27:23","slug":"therapies-energetiques","status":"publish","type":"page","link":"https:\/\/guerisseurdelinvisible.ch\/?page_id=65","title":{"rendered":"Approche \u00e9nerg\u00e9tiques"},"content":{"rendered":"\n<div class=\"wp-block-media-text alignwide has-media-on-the-right is-stacked-on-mobile is-image-fill\" style=\"grid-template-columns:auto 22%\"><figure class=\"wp-block-media-text__media\" style=\"background-image:url(https:\/\/guerisseurdelinvisible.ch\/wp-content\/uploads\/2023\/08\/tree-736885_1280-1024x638.jpg);background-position:50% 50%\"><img loading=\"lazy\" width=\"1024\" height=\"638\" src=\"https:\/\/guerisseurdelinvisible.ch\/wp-content\/uploads\/2023\/08\/tree-736885_1280-1024x638.jpg\" alt=\"\" class=\"wp-image-2348 size-full\" srcset=\"https:\/\/guerisseurdelinvisible.ch\/wp-content\/uploads\/2023\/08\/tree-736885_1280-1024x638.jpg 1024w, https:\/\/guerisseurdelinvisible.ch\/wp-content\/uploads\/2023\/08\/tree-736885_1280-300x187.jpg 300w, https:\/\/guerisseurdelinvisible.ch\/wp-content\/uploads\/2023\/08\/tree-736885_1280-768x478.jpg 768w, https:\/\/guerisseurdelinvisible.ch\/wp-content\/uploads\/2023\/08\/tree-736885_1280.jpg 1280w\" sizes=\"(max-width: 706px) 89vw, (max-width: 767px) 82vw, 740px\" \/><\/figure><div class=\"wp-block-media-text__content\">\n<p class=\"has-text-align-left has-black-color has-text-color\" style=\"font-size:15px\"><strong>Qu&rsquo;entend-on par \u00ab\u00a0Pratique \u00c9nerg\u00e9tique\u00a0\u00bb ?<\/strong><br>Les termes pratique \u00e9nerg\u00e9tique, th\u00e9rapie \u00e9nerg\u00e9tique, technique \u00e9nerg\u00e9tique ou encore th\u00e9rapie manuelle \u00e9nerg\u00e9tique d\u00e9signent l\u2019ensemble des approches de m\u00e9decine non conventionnelle qui reposent sur une vision \u00e9largie du mot \u00e9nergie.<\/p>\n<\/div><\/div>\n\n\n\n<p class=\"has-black-color has-text-color\" style=\"font-size:15px\">Cette \u00e9nergie peut \u00eatre comprise comme :<br>l\u2019<strong>\u00e9nergie de l\u2019Univers<\/strong>,<br>l\u2019<strong>\u00e9nergie divine<\/strong>,<br>ou encore d\u2019autres formes d\u2019<strong>\u00e9nergies subtiles<\/strong> qui animent et nourrissent la vie.<\/p>\n\n\n\n<p class=\"has-black-color has-text-color\" style=\"font-size:15px\">Ces pratiques ont pour but de r\u00e9tablir l\u2019harmonie, de lib\u00e9rer les blocages et de stimuler la vitalit\u00e9 de l\u2019\u00eatre humain, dans toutes ses dimensions.<\/p>\n\n\n\n<hr class=\"wp-block-separator has-alpha-channel-opacity\"\/>\n\n\n\n<p class=\"has-black-color has-text-color\" style=\"font-size:15px\"><strong>Mon Engagement en tant que facilitateur de gu\u00e9rison<\/strong><br>\u00c0 travers mes pratiques et mon accompagnement, je mets mes comp\u00e9tences \u00e0 votre service pour :<\/p>\n\n\n\n<ul class=\"has-black-color has-text-color\" style=\"font-size:15px\"><li><strong>Soutenir votre sant\u00e9<\/strong> : am\u00e9liorer votre \u00e9tat g\u00e9n\u00e9ral et renforcer vos ressources naturelles.<\/li><li><strong>Collaborer \u00e0 votre gu\u00e9rison<\/strong> : avancer ensemble vers un mieux-\u00eatre durable.<\/li><li><strong>Guider votre lib\u00e9ration<\/strong> : vous aider \u00e0 d\u00e9passer vos blocages \u00e9nerg\u00e9tiques et \u00e9motionnels.<\/li><li><strong>Comprendre et dissoudre vos mal-\u00eatres<\/strong> : identifier les causes profondes et les transformer.<\/li><li><strong>R\u00e9veiller votre vitalit\u00e9<\/strong> : stimuler vos fonctions vitales pour retrouver \u00e9nergie et dynamisme.<\/li><li><strong>Ouvrir de nouvelles perspectives<\/strong> : \u00e9largir vos horizons pour favoriser votre \u00e9volution personnelle et spirituelle.<\/li><li><strong>Apporter des \u00e9claircissements<\/strong> : offrir une nouvelle compr\u00e9hension de vos probl\u00e9matiques afin de les r\u00e9soudre en profondeur.<\/li><li><strong>Orienter votre bien-\u00eatre<\/strong> : vous accompagner sur le plan moral, mental, \u00e9motionnel et spirituel.<\/li><li><strong>\u00c9lucider les sources de souffrance<\/strong> : mettre en lumi\u00e8re ce qui g\u00e9n\u00e8re douleur ou incompr\u00e9hension.<\/li><li><strong>R\u00e9harmoniser votre \u00eatre<\/strong> : contribuer \u00e0 l\u2019\u00e9quilibre global de toutes vos dimensions.<\/li><li><strong>D\u00e9passer la douleur et la peur<\/strong> : vous permettre de comprendre qu\u2019il est possible de s\u2019en lib\u00e9rer.<\/li><\/ul>\n\n\n\n<p class=\"has-black-color has-text-color has-background\" style=\"background-color:#eed183;font-size:15px\">Je suis l\u00e0 pour vous accompagner, pas \u00e0 pas, dans votre cheminement vers un <strong>mieux-\u00eatre global<\/strong>.<br>Avez-vous des questions sur l\u2019une de ces approches ? <br>ou sur la mani\u00e8re dont ils peuvent vous aider ?<br><strong>Un audit personnalis\u00e9 gratuit<\/strong> pour y r\u00e9pondre.<br><strong>Cliquez ici pour en profiter <\/strong> <mark style=\"background-color:rgba(0, 0, 0, 0)\" class=\"has-inline-color has-vivid-red-color\"><strong>\ud83d\udd39\ud83d\udc49<\/strong><\/mark><a href=\"https:\/\/guerisseurdelinvisible.ch\/?page_id=38\"><mark style=\"background-color:rgba(0, 0, 0, 0)\" class=\"has-inline-color has-vivid-red-color\"><strong>contact<\/strong><\/mark><\/a><br>Ou appeler Daniel directement \u2192 <strong><mark style=\"background-color:rgba(0, 0, 0, 0)\" class=\"has-inline-color has-vivid-red-color\">tel:+41 (0)79 481 80 00<\/mark><\/strong><\/p>\n\n\n\n<hr class=\"wp-block-separator has-alpha-channel-opacity\"\/>\n\n\n\n<div class=\"wp-block-media-text alignwide has-media-on-the-right is-stacked-on-mobile is-vertically-aligned-center\" style=\"grid-template-columns:auto 28%\"><figure class=\"wp-block-media-text__media\"><img loading=\"lazy\" width=\"969\" height=\"815\" src=\"https:\/\/guerisseurdelinvisible.ch\/wp-content\/uploads\/2025\/07\/back-3.jpg\" alt=\"\" class=\"wp-image-3310 size-full\" srcset=\"https:\/\/guerisseurdelinvisible.ch\/wp-content\/uploads\/2025\/07\/back-3.jpg 969w, https:\/\/guerisseurdelinvisible.ch\/wp-content\/uploads\/2025\/07\/back-3-300x252.jpg 300w, https:\/\/guerisseurdelinvisible.ch\/wp-content\/uploads\/2025\/07\/back-3-768x646.jpg 768w\" sizes=\"(max-width: 706px) 89vw, (max-width: 767px) 82vw, 740px\" \/><\/figure><div class=\"wp-block-media-text__content\">\n<p class=\"has-black-color has-text-color\" style=\"font-size:16px\"><mark style=\"background-color:rgba(0, 0, 0, 0)\" class=\"has-inline-color has-black-color\"><strong>Retour \u00e0 la page ;<\/strong>  <\/mark><mark style=\"background-color:rgba(0, 0, 0, 0)\" class=\"has-inline-color has-vivid-red-color\"><br>&#8211; <strong>Accueil  \ud83d\udd39\ud83d\udc49<\/strong><a href=\"https:\/\/guerisseurdelinvisible.ch\/?page_id=2023\"><strong>ICI<\/strong><\/a>   &#8212;   <strong>Contact \ud83d\udd39\ud83d\udc49<a href=\"https:\/\/guerisseurdelinvisible.ch\/?page_id=38\">ICI<\/a> <\/strong><\/mark><br>&#8211; <mark style=\"background-color:rgba(0, 0, 0, 0)\" class=\"has-inline-color has-luminous-vivid-orange-color\"><strong>Reiki   <\/strong><\/mark>(\u00e9nergie de la force universelle de vie) \ud83d\udd39\ud83d\udc49<a href=\"https:\/\/guerisseurdelinvisible.ch\/?page_id=206\"><strong>ICI<\/strong><\/a><br>&#8211; <mark style=\"background-color:rgba(0, 0, 0, 0)\" class=\"has-inline-color has-vivid-purple-color\"><strong>Passeur d&rsquo;\u00e2mes <\/strong><\/mark>(les aider \u00e0 cheminer lumi\u00e8re) \ud83d\udd39\ud83d\udc49<a href=\"https:\/\/guerisseurdelinvisible.ch\/?page_id=194\"><strong>ICI<\/strong><\/a><br>&#8211; <strong><mark style=\"background-color:rgba(0, 0, 0, 0)\" class=\"has-inline-color has-vivid-green-cyan-color\">Processus verbale<\/mark><\/strong> de Lib\u00e9ration des contrats, pactes, etc.<strong> <\/strong>\ud83d\udd39\ud83d\udc49<a href=\"https:\/\/guerisseurdelinvisible.ch\/?page_id=198\"><strong>ICI<\/strong><\/a><br>&#8211; <strong><mark style=\"background-color:rgba(0, 0, 0, 0)\" class=\"has-inline-color has-vivid-cyan-blue-color\">D\u00e9simplantation <\/mark><\/strong>des dispositifs de limitation spirituelle  \ud83d\udd39\ud83d\udc49<a href=\"https:\/\/guerisseurdelinvisible.ch\/?page_id=202\"><strong>ICI<\/strong><\/a><br>&#8211; <strong>TARIFS<\/strong>\ud83d\udd39\ud83d\udc49<strong><mark style=\"background-color:rgba(0, 0, 0, 0)\" class=\"has-inline-color has-vivid-cyan-blue-color\"><a href=\"https:\/\/guerisseurdelinvisible.ch\/?page_id=78\">ICI<\/a><\/mark><\/strong><br>&#8211; <strong>CABINET A ECHALLENS<\/strong> \ud83d\udd39\ud83d\udc49<a href=\"https:\/\/guerisseurdelinvisible.ch\/?page_id=4099\"><strong>ICI<\/strong><\/a><\/p>\n<\/div><\/div>\n\n\n\n<div class=\"wp-block-media-text alignwide is-stacked-on-mobile is-vertically-aligned-top\" style=\"grid-template-columns:30% auto\"><figure class=\"wp-block-media-text__media\"><img loading=\"lazy\" width=\"893\" height=\"599\" src=\"https:\/\/guerisseurdelinvisible.ch\/wp-content\/uploads\/2025\/07\/massage-10.jpg\" alt=\"\" class=\"wp-image-3311 size-full\" srcset=\"https:\/\/guerisseurdelinvisible.ch\/wp-content\/uploads\/2025\/07\/massage-10.jpg 893w, https:\/\/guerisseurdelinvisible.ch\/wp-content\/uploads\/2025\/07\/massage-10-300x201.jpg 300w, https:\/\/guerisseurdelinvisible.ch\/wp-content\/uploads\/2025\/07\/massage-10-768x515.jpg 768w\" sizes=\"(max-width: 706px) 89vw, (max-width: 767px) 82vw, 740px\" \/><\/figure><div class=\"wp-block-media-text__content\">\n<p class=\"has-text-align-left\" style=\"font-size:17px\">&#8211; <strong><mark style=\"background-color:rgba(0, 0, 0, 0)\" class=\"has-inline-color has-vivid-purple-color\">Massage manuel classique<\/mark><\/strong>  <mark style=\"background-color:rgba(0, 0, 0, 0)\" class=\"has-inline-color has-vivid-red-color\"><strong>\ud83d\udd39<\/strong><\/mark><a href=\"https:\/\/guerisseurdelinvisible.ch\/?page_id=220\"><strong>\ud83d\udc49ICI<\/strong><\/a><br> &#8211; <strong><mark style=\"background-color:rgba(0, 0, 0, 0)\" class=\"has-inline-color has-cyan-bluish-gray-color\">Massage aux pierres chaudes<\/mark><\/strong> <mark style=\"background-color:rgba(0, 0, 0, 0)\" class=\"has-inline-color has-vivid-red-color\"><strong>\ud83d\udd39<\/strong><\/mark><a href=\"https:\/\/guerisseurdelinvisible.ch\/?page_id=223\"><strong>\ud83d\udc49ICI<\/strong><\/a><\/p>\n<\/div><\/div>\n\n\n\n<p class=\"has-white-color has-vivid-purple-background-color has-text-color has-background\"><strong>Prendre un R.D.V   au   079 481 80 00   ou    par E-mail   \ud83d\udd39\ud83d\udc49<\/strong><a href=\"https:\/\/guerisseurdelinvisible.ch\/?page_id=38\"><strong>ICI<\/strong><\/a><\/p>\n\n\n\n<div class=\"wp-block-media-text alignwide has-media-on-the-right is-stacked-on-mobile\" style=\"grid-template-columns:auto 35%\"><figure class=\"wp-block-media-text__media\"><img loading=\"lazy\" width=\"813\" height=\"542\" src=\"https:\/\/guerisseurdelinvisible.ch\/wp-content\/uploads\/2025\/07\/medecin.jpg\" alt=\"\" class=\"wp-image-3303 size-full\" srcset=\"https:\/\/guerisseurdelinvisible.ch\/wp-content\/uploads\/2025\/07\/medecin.jpg 813w, https:\/\/guerisseurdelinvisible.ch\/wp-content\/uploads\/2025\/07\/medecin-300x200.jpg 300w, https:\/\/guerisseurdelinvisible.ch\/wp-content\/uploads\/2025\/07\/medecin-768x512.jpg 768w\" sizes=\"(max-width: 706px) 89vw, (max-width: 767px) 82vw, 740px\" \/><\/figure><div class=\"wp-block-media-text__content\">\n<p style=\"font-size:15px\"><strong>La r\u00e9ception d\u2019une s\u00e9ance \u00e9nerg\u00e8tiques ne se substitue pas aux conseils ou aux traitements dispens\u00e9s par des professionnels de la sant\u00e9.<\/strong><\/p>\n<\/div><\/div>\n","protected":false},"excerpt":{"rendered":"<p>Qu&rsquo;entend-on par \u00ab\u00a0Pratique \u00c9nerg\u00e9tique\u00a0\u00bb ?Les termes pratique \u00e9nerg\u00e9tique, th\u00e9rapie \u00e9nerg\u00e9tique, technique \u00e9nerg\u00e9tique ou encore th\u00e9rapie manuelle \u00e9nerg\u00e9tique d\u00e9signent l\u2019ensemble des approches de m\u00e9decine non conventionnelle qui reposent sur une vision \u00e9largie du mot \u00e9nergie. Cette \u00e9nergie peut \u00eatre comprise comme :l\u2019\u00e9nergie de l\u2019Univers,l\u2019\u00e9nergie divine,ou encore d\u2019autres formes d\u2019\u00e9nergies subtiles qui animent et nourrissent la vie. &hellip; <\/p>\n<p class=\"link-more\"><a href=\"https:\/\/guerisseurdelinvisible.ch\/?page_id=65\" class=\"more-link\">Continuer la lecture<span class=\"screen-reader-text\"> de &laquo;&nbsp;Approche \u00e9nerg\u00e9tiques&nbsp;&raquo;<\/span><\/a><\/p>\n","protected":false},"author":1,"featured_media":455,"parent":0,"menu_order":0,"comment_status":"closed","ping_status":"closed","template":"","meta":[],"_links":{"self":[{"href":"https:\/\/guerisseurdelinvisible.ch\/index.php?rest_route=\/wp\/v2\/pages\/65"}],"collection":[{"href":"https:\/\/guerisseurdelinvisible.ch\/index.php?rest_route=\/wp\/v2\/pages"}],"about":[{"href":"https:\/\/guerisseurdelinvisible.ch\/index.php?rest_route=\/wp\/v2\/types\/page"}],"author":[{"embeddable":true,"href":"https:\/\/guerisseurdelinvisible.ch\/index.php?rest_route=\/wp\/v2\/users\/1"}],"replies":[{"embeddable":true,"href":"https:\/\/guerisseurdelinvisible.ch\/index.php?rest_route=%2Fwp%2Fv2%2Fcomments&post=65"}],"version-history":[{"count":52,"href":"https:\/\/guerisseurdelinvisible.ch\/index.php?rest_route=\/wp\/v2\/pages\/65\/revisions"}],"predecessor-version":[{"id":4778,"href":"https:\/\/guerisseurdelinvisible.ch\/index.php?rest_route=\/wp\/v2\/pages\/65\/revisions\/4778"}],"wp:featuredmedia":[{"embeddable":true,"href":"https:\/\/guerisseurdelinvisible.ch\/index.php?rest_route=\/wp\/v2\/media\/455"}],"wp:attachment":[{"href":"https:\/\/guerisseurdelinvisible.ch\/index.php?rest_route=%2Fwp%2Fv2%2Fmedia&parent=65"}],"curies":[{"name":"wp","href":"https:\/\/api.w.org\/{rel}","templated":true}]}}