{"id":63,"date":"2019-05-15T22:46:26","date_gmt":"2019-05-15T22:46:26","guid":{"rendered":"http:\/\/guerisseurdelinvisible.ch.phoebe.preview-kreativmedia.ch\/?page_id=63"},"modified":"2025-11-06T10:02:24","modified_gmt":"2025-11-06T10:02:24","slug":"qui-suis-je","status":"publish","type":"page","link":"https:\/\/guerisseurdelinvisible.ch\/?page_id=63","title":{"rendered":"Qui est Daniel ?"},"content":{"rendered":"\n<div class=\"wp-block-media-text alignwide is-stacked-on-mobile\"><figure class=\"wp-block-media-text__media\"><img loading=\"lazy\" width=\"1024\" height=\"586\" src=\"https:\/\/guerisseurdelinvisible.ch\/wp-content\/uploads\/2023\/08\/buffalo-2923592_1280-1024x586.jpg\" alt=\"\" class=\"wp-image-2338 size-full\" srcset=\"https:\/\/guerisseurdelinvisible.ch\/wp-content\/uploads\/2023\/08\/buffalo-2923592_1280-1024x586.jpg 1024w, https:\/\/guerisseurdelinvisible.ch\/wp-content\/uploads\/2023\/08\/buffalo-2923592_1280-300x172.jpg 300w, https:\/\/guerisseurdelinvisible.ch\/wp-content\/uploads\/2023\/08\/buffalo-2923592_1280-768x440.jpg 768w, https:\/\/guerisseurdelinvisible.ch\/wp-content\/uploads\/2023\/08\/buffalo-2923592_1280.jpg 1280w\" sizes=\"(max-width: 706px) 89vw, (max-width: 767px) 82vw, 740px\" \/><\/figure><div class=\"wp-block-media-text__content\">\n<p>Un sp\u00e9cialiste de la sant\u00e9 \u00e9nerg\u00e9tique, un praticien en magn\u00e9tisme, un chaman, un g\u00e9obiologue, un praticien en divers massages, et bien plus encore.<\/p>\n<\/div><\/div>\n\n\n\n<hr class=\"wp-block-separator has-alpha-channel-opacity\"\/>\n\n\n\n<p>D\u00e8s sa naissance, Daniel a \u00e9t\u00e9 pourvu de <strong>capacit\u00e9s extrasensorielles<\/strong>, peu habituelles ou plut\u00f4t m\u00e9connues. Cette particularit\u00e9 l&rsquo;a souvent fait \u00e9tiqueter comme \u00e9tant \u00ab\u00a0en marge\u00a0\u00bb. Habitu\u00e9 \u00e0 communiquer avec des \u00eatres invisibles pour la plupart des gens, il a \u00e9t\u00e9 per\u00e7u comme \u00e9trange et souvent pri\u00e9 de \u00ab\u00a0faire l&rsquo;effort\u00a0\u00bb de devenir comme tout le monde. Cette normalit\u00e9, tant d\u00e9sir\u00e9e par ses parents, l&rsquo;a contraint \u00e0 <strong>r\u00e9duire ses perceptions<\/strong> et \u00e0 se fermer \u00e0 ce qui constitue l&rsquo;essence m\u00eame de son \u00eatre.<\/p>\n\n\n\n<hr class=\"wp-block-separator has-alpha-channel-opacity\"\/>\n\n\n\n<div class=\"wp-block-media-text alignwide is-stacked-on-mobile is-vertically-aligned-bottom is-image-fill\" style=\"grid-template-columns:44% auto\"><figure class=\"wp-block-media-text__media\" style=\"background-image:url(https:\/\/guerisseurdelinvisible.ch\/wp-content\/uploads\/2025\/10\/moi-echallens-1-974x1024.jpg);background-position:50% 50%\"><img loading=\"lazy\" width=\"974\" height=\"1024\" src=\"https:\/\/guerisseurdelinvisible.ch\/wp-content\/uploads\/2025\/10\/moi-echallens-1-974x1024.jpg\" alt=\"\" class=\"wp-image-4248 size-full\" srcset=\"https:\/\/guerisseurdelinvisible.ch\/wp-content\/uploads\/2025\/10\/moi-echallens-1-974x1024.jpg 974w, https:\/\/guerisseurdelinvisible.ch\/wp-content\/uploads\/2025\/10\/moi-echallens-1-285x300.jpg 285w, https:\/\/guerisseurdelinvisible.ch\/wp-content\/uploads\/2025\/10\/moi-echallens-1-768x807.jpg 768w, https:\/\/guerisseurdelinvisible.ch\/wp-content\/uploads\/2025\/10\/moi-echallens-1-1461x1536.jpg 1461w, https:\/\/guerisseurdelinvisible.ch\/wp-content\/uploads\/2025\/10\/moi-echallens-1-1949x2048.jpg 1949w\" sizes=\"(max-width: 706px) 89vw, (max-width: 767px) 82vw, 740px\" \/><\/figure><div class=\"wp-block-media-text__content\">\n<p> <\/p>\n\n\n\n<hr class=\"wp-block-separator has-alpha-channel-opacity\"\/>\n\n\n\n<p>Apr\u00e8s de nombreuses ann\u00e9es d&rsquo;activit\u00e9s diverses et vari\u00e9es, qui l&rsquo;ont men\u00e9 \u00e0 une connaissance approfondie de la nature humaine, il est devenu \u00e9vident qu&rsquo;il ne pouvait plus <strong>rester en marge de lui-m\u00eame<\/strong>.<\/p>\n\n\n\n<hr class=\"wp-block-separator has-alpha-channel-opacity\"\/>\n\n\n\n<p><br><br><\/p>\n<\/div><\/div>\n\n\n\n<hr class=\"wp-block-separator has-alpha-channel-opacity\"\/>\n\n\n\n<p>Ainsi, Daniel a repris la route qui le m\u00e8ne, un jour \u00e0 la fois, \u00e0 devenir ce qu&rsquo;il est de toute \u00e9ternit\u00e9 : un <strong>accompagnateur, initiateur et enseignant<\/strong> dans divers arts des soins dits \u00ab\u00a0parall\u00e8les\u00a0\u00bb.<\/p>\n\n\n\n<p>Son apprentissage de l&rsquo;humanit\u00e9 a fait de lui, aujourd&rsquo;hui, celui qui peut <strong>tout entendre, tout comprendre et tout accueillir<\/strong>. Il est passionn\u00e9 par le fait d&rsquo;\u00e9clairer les situations qui semblent sans issue, s&rsquo;\u00e9merveillant lui-m\u00eame des <strong>solutions in\u00e9dites<\/strong> qu&rsquo;il trouve et met en place pour chaque personne. Pour chacune des histoires personnelles qu&rsquo;on lui confie, il propose un <strong>accompagnement sur-mesure, pr\u00e9cis et efficace<\/strong>. Relever les d\u00e9fis, voil\u00e0 ce qui le fait vivre et vibrer.<\/p>\n\n\n\n<p class=\"has-vivid-green-cyan-background-color has-background\"><strong>Prenez le temps dans savoir plus<\/strong><\/p>\n\n\n\n<div class=\"wp-container-1 wp-block-group\"><div class=\"wp-block-group__inner-container\">\n<h2 class=\"has-black-color has-text-color has-medium-font-size\"><strong>Mon Parcours et Expertise en Reiki Usui<\/strong><\/h2>\n\n\n\n<p style=\"font-size:18px\">Mon cheminement spirituel a d\u00e9but\u00e9 en <strong>2001<\/strong>, marquant une rencontre d\u00e9cisive avec un couple de praticiens Reiki. Leur philosophie de vie et leurs principes m&rsquo;ont profond\u00e9ment convaincu de la <strong>validit\u00e9 et des bienfaits<\/strong> de cette pratique ancestrale.<br>C&rsquo;est \u00e0 ma demande qu&rsquo;ils m&rsquo;ont pr\u00e9sent\u00e9 \u00e0 <strong>Denise<\/strong>, leur propre Ma\u00eetre Reiki, qui a eu la gentillesse de m&rsquo;initier et de me former aux <strong>trois premiers niveaux<\/strong> du Reiki Usui.<br>En <strong>2003<\/strong>, j&rsquo;ai eu l&rsquo;honneur de recevoir le <strong>quatri\u00e8me niveau, celui de Ma\u00eetre Enseignant<\/strong>, transmis par <strong>Olivier H<\/strong>.<br>Fort de ces ann\u00e9es de pratique et d&rsquo;exp\u00e9riences enrichissantes, je transmets aujourd&rsquo;hui le Reiki Usui avec <strong>passion, rigueur et d\u00e9vouement<\/strong>, guidant mes \u00e9l\u00e8ves sur cette voie de gu\u00e9rison et de d\u00e9veloppement personnel.<\/p>\n<\/div><\/div>\n\n\n\n<div class=\"wp-container-2 wp-block-group\"><div class=\"wp-block-group__inner-container\">\n<hr class=\"wp-block-separator has-alpha-channel-opacity\"\/>\n\n\n\n<h2 class=\"has-black-color has-text-color has-medium-font-size\"><strong>Mon Parcours et Expertise en Clair-Ressenti<\/strong><\/h2>\n\n\n\n<p>Mon initiation au Reiki par un couple de praticiens s&rsquo;est \u00e9tendue \u00e0 la <strong>radiesth\u00e9sie<\/strong>, me familiarisant avec la pratique du pendule.<\/p>\n\n\n\n<p>Lors d&rsquo;un salon (Mednat), j&rsquo;ai eu la chance de rencontrer <strong>St\u00e9phane<\/strong>, un radiesth\u00e9siste exp\u00e9riment\u00e9 et professionnel. S&rsquo;en est suivie une formation passionnante, explorant toutes les formes de pendules, avec une attention particuli\u00e8re pour le <strong>pendule de Thot en c\u00e9ramique Servranx<\/strong>. Cet instrument, une v\u00e9ritable merveille, n&rsquo;est pas \u00e0 mettre entre toutes les mains, car il peut \u00e0 la fois \u00e9mettre et recevoir, exigeant ainsi une utilisation empreinte de pens\u00e9es positives. J&rsquo;ai beaucoup pratiqu\u00e9 avec ce pendule jusqu&rsquo;au jour o\u00f9, par maladresse, il est tomb\u00e9 et s&rsquo;est bris\u00e9. Comme pour les min\u00e9raux cass\u00e9s ou perdus, ce retour \u00e0 la terre fut pour moi le signe qu&rsquo;il \u00e9tait temps de passer \u00e0 autre chose.<br><strong>La R\u00e9v\u00e9lation du Clair-Ressenti<\/strong><br>Mes recherches sur internet m&rsquo;ont men\u00e9 \u00e0 une information intrigante concernant le <strong>clair-ressenti<\/strong> de l&rsquo;\u00e9cole Grim N\u00fcr en France. Je m&rsquo;y suis inscrit et j&rsquo;ai d\u00e9couvert <strong>Thierry et Tissia<\/strong>, un couple d&rsquo;enseignants professionnels et chaleureux.<br>Le <strong>clair-ressenti<\/strong> est une <strong>perception extrasensorielle<\/strong> que nous poss\u00e9dons tous. C&rsquo;est une technique d&rsquo;investigation naturelle, bien plus stable que le pendule. Nous disposons naturellement de plusieurs plans d&rsquo;\u00e9nergies \u2013 vertical, horizontal, lat\u00e9ral \u2013 et l&rsquo;utilisation de ces trois plans nous permet de tout mesurer.<br>Cette m\u00e9thode est si fondamentale dans son utilisation que je la pratique dans <strong>toutes mes consultations<\/strong> ainsi que dans ma vie priv\u00e9e. Depuis maintenant <strong>neuf ans<\/strong>, je l&rsquo;enseigne avec enthousiasme, tant elle est facile d&rsquo;acc\u00e8s et utile pour les d\u00e9butants comme pour les personnes exp\u00e9riment\u00e9es.<\/p>\n\n\n\n<hr class=\"wp-block-separator has-alpha-channel-opacity\"\/>\n<\/div><\/div>\n\n\n\n<p class=\"has-medium-font-size\"><strong>Processus Verbal de R\u00e9siliation des Contrats, Pactes et V\u0153ux N\u00e9gatifs<\/strong><\/p>\n\n\n\n<p>Depuis le d\u00e9but de mon parcours professionnel, mes consultations, cours et enseignements m&rsquo;ont constamment permis de constater l&rsquo;<strong>impact des m\u00e9moires des vies ant\u00e9rieures sur notre pr\u00e9sent<\/strong>.<br>Plus sp\u00e9cifiquement, j&rsquo;ai identifi\u00e9 l&rsquo;influence persistante de :<\/p>\n\n\n\n<ul><li><strong>Contrats<\/strong> (mariage, travail) et <strong>pactes d&rsquo;all\u00e9geance<\/strong>.<\/li><li><strong>Engagements, serments et promesses<\/strong> faits \u00e0 soi-m\u00eame ou \u00e0 autrui.<\/li><li><strong>C\u00e9r\u00e9monies et accords<\/strong> conclus avec des entit\u00e9s, qu&rsquo;elles soient positives ou n\u00e9gatives.<\/li><li><strong>V\u0153ux<\/strong> tels que ceux de pauvret\u00e9 ou de fid\u00e9lit\u00e9.<\/li><li><strong>Connexions avec les \u00e9gr\u00e9gores<\/strong> (courants de pens\u00e9e collective puissants) et, en particulier, les <strong>r\u00e9incarnations contraintes<\/strong>.<br><\/li><li>Ces observations m&rsquo;ont pouss\u00e9 \u00e0 rechercher des moyens efficaces pour <strong>annuler, supprimer ou corriger<\/strong> ces sch\u00e9mas.<br><\/li><li>Il est affirm\u00e9 que toutes les pens\u00e9es, paroles (le verbe), actions et comportements se transforment en \u00e9nergie. En me basant sur ce principe, j&rsquo;ai \u00e9labor\u00e9 un <strong>protocole de formulations<\/strong> \u00e0 prononcer de mani\u00e8re claire et intelligible. <br>Ce processus vise \u00e0 vous lib\u00e9rer des entraves \u00e9nerg\u00e9tiques accumul\u00e9es.<\/li><\/ul>\n\n\n\n<hr class=\"wp-block-separator has-alpha-channel-opacity\"\/>\n\n\n\n<h3 class=\"has-luminous-vivid-orange-color has-text-color has-medium-font-size\"><strong>Mon Parcours en Tant que Passeur d&rsquo;\u00c2mes<\/strong><\/h3>\n\n\n\n<p>De <strong>2004 \u00e0 2006<\/strong>, lors de s\u00e9minaires en fran\u00e7ais \u00e0 l&rsquo;<strong>Arthur Findlay College en Angleterre<\/strong> (la premi\u00e8re institution mondiale pour l&rsquo;avancement du spiritisme et des sciences psychiques), j&rsquo;ai suivi des cours de m\u00e9diumnit\u00e9, de transe gu\u00e9rison, parl\u00e9e et \u00e9crite. C&rsquo;est l\u00e0 que j&rsquo;ai appris \u00e0 <strong>communiquer avec les d\u00e9funts<\/strong>, c&rsquo;est-\u00e0-dire les \u00e2mes humaines d\u00e9sincarn\u00e9es rest\u00e9es sur le plan terrestre.<br>Ind\u00e9pendamment des messages qu&rsquo;elles souhaitaient transmettre, leur demande principale \u00e9tait de les aider \u00e0 <strong>poursuivre leur chemin, \u00e0 passer le voile et \u00e0 retrouver leurs groupes d&rsquo;\u00e2mes<\/strong>.<br>Apr\u00e8s avoir navigu\u00e9 avec quelques difficult\u00e9s pour trouver les m\u00e9thodes et les chemins justes, et pour ouvrir les bonnes portes, il m&rsquo;est apparu \u00e9vident de <strong>cr\u00e9er des stages de passeur d&rsquo;\u00e2mes<\/strong>. Mon objectif est d&rsquo;\u00e9viter que les personnes aptes \u00e0 ce r\u00f4le (dites \u00ab\u00a0passeurs d&rsquo;\u00e2mes\u00a0\u00bb) ne rencontrent les m\u00eames obstacles et ne commettent des erreurs qui, parfois, peuvent \u00eatre catastrophiques pour ces \u00e2mes d\u00e9sincarn\u00e9es.<\/p>\n\n\n\n<hr class=\"wp-block-separator has-alpha-channel-opacity\"\/>\n\n\n\n<div class=\"wp-container-3 wp-block-group\"><div class=\"wp-block-group__inner-container\">\n<h2 class=\"has-black-color has-text-color has-medium-font-size\"><strong>Mon Expertise : La D\u00e9simplantation \u00c9nerg\u00e9tique<\/strong><\/h2>\n\n\n\n<p>J&rsquo;ai d\u00e9velopp\u00e9 la capacit\u00e9 de reconna\u00eetre et de ressentir les implants gr\u00e2ce \u00e0 ma <strong>clairvoyance et mon clairsentir<\/strong>.<br>Les implants sont des <strong>limitations \u00e9nerg\u00e9tiques<\/strong> inscrites dans nos diff\u00e9rents corps, entravant directement notre \u00e9volution. Leurs origines sont multiples et vari\u00e9es, bien trop nombreuses pour \u00eatre d\u00e9taill\u00e9es ici. En \u00e9laborant mon protocole de ruptures de contrats, j&rsquo;ai sp\u00e9cifiquement int\u00e9gr\u00e9 une section d\u00e9di\u00e9e \u00e0 la <strong>d\u00e9simplantation<\/strong>.<br>Cependant, il est crucial de comprendre que pour les <strong>objets implant\u00e9s<\/strong> (tels que des couteaux, haches, boulets ou colliers re\u00e7us dans cette vie ou des vies ant\u00e9rieures), la simple intention ne suffit pas. La seule voie pour les \u00e9liminer efficacement et d\u00e9finitivement passe par l&rsquo;intervention des <strong>mains \u00e9th\u00e9riques du gu\u00e9risseur<\/strong>.<\/p>\n\n\n\n<hr class=\"wp-block-separator has-alpha-channel-opacity\"\/>\n\n\n\n<div class=\"wp-block-media-text alignwide has-media-on-the-right is-stacked-on-mobile is-vertically-aligned-center\" style=\"grid-template-columns:auto 31%\"><figure class=\"wp-block-media-text__media\"><img loading=\"lazy\" width=\"969\" height=\"815\" src=\"https:\/\/guerisseurdelinvisible.ch\/wp-content\/uploads\/2025\/07\/back-3.jpg\" alt=\"\" class=\"wp-image-3310 size-full\" srcset=\"https:\/\/guerisseurdelinvisible.ch\/wp-content\/uploads\/2025\/07\/back-3.jpg 969w, https:\/\/guerisseurdelinvisible.ch\/wp-content\/uploads\/2025\/07\/back-3-300x252.jpg 300w, https:\/\/guerisseurdelinvisible.ch\/wp-content\/uploads\/2025\/07\/back-3-768x646.jpg 768w\" sizes=\"(max-width: 706px) 89vw, (max-width: 767px) 82vw, 740px\" \/><\/figure><div class=\"wp-block-media-text__content\">\n<p style=\"font-size:16px\"><mark style=\"background-color:rgba(0, 0, 0, 0)\" class=\"has-inline-color has-black-color\"><strong>Retour \u00e0 la page ;<\/strong>  <\/mark><mark style=\"background-color:rgba(0, 0, 0, 0)\" class=\"has-inline-color has-vivid-red-color\"><br>&#8211; <strong>Accueil  \ud83d\udd39\ud83d\udc49<\/strong><a href=\"https:\/\/guerisseurdelinvisible.ch\/?page_id=2023\"><strong>ICI<\/strong><\/a>   &#8212;   <strong>Contact \ud83d\udd39\ud83d\udc49<a href=\"https:\/\/guerisseurdelinvisible.ch\/?page_id=38\">ICI<\/a> <\/strong><\/mark><br>&#8211; <mark style=\"background-color:rgba(0, 0, 0, 0)\" class=\"has-inline-color has-luminous-vivid-orange-color\"><strong>Reiki   <\/strong><\/mark>(\u00e9nergie de la force universelle de vie) \ud83d\udd39\ud83d\udc49<a href=\"https:\/\/guerisseurdelinvisible.ch\/?page_id=206\"><strong>ICI<\/strong><\/a><br>&#8211; <mark style=\"background-color:rgba(0, 0, 0, 0)\" class=\"has-inline-color has-vivid-purple-color\"><strong>Passeur d&rsquo;\u00e2mes <\/strong><\/mark>(les aider \u00e0 cheminer lumi\u00e8re) \ud83d\udd39\ud83d\udc49<a href=\"https:\/\/guerisseurdelinvisible.ch\/?page_id=194\"><strong>ICI<\/strong><\/a><br>&#8211; <strong><mark style=\"background-color:rgba(0, 0, 0, 0)\" class=\"has-inline-color has-vivid-green-cyan-color\">Processus verbale<\/mark><\/strong> de Lib\u00e9ration des contrats, pactes, etc.<strong> <\/strong>\ud83d\udd39\ud83d\udc49<a href=\"https:\/\/guerisseurdelinvisible.ch\/?page_id=198\"><strong>ICI<\/strong><\/a><br>&#8211; <strong><mark style=\"background-color:rgba(0, 0, 0, 0)\" class=\"has-inline-color has-vivid-cyan-blue-color\">D\u00e9simplantation <\/mark><\/strong>des dispositifs de limitation spirituelle  \ud83d\udd39\ud83d\udc49<a href=\"https:\/\/guerisseurdelinvisible.ch\/?page_id=202\"><strong>ICI<\/strong><\/a><br>&#8211; <strong><mark style=\"background-color:rgba(0, 0, 0, 0)\" class=\"has-inline-color has-vivid-purple-color\">TARIFS \ud83d\udd39\ud83d\udc49<\/mark><\/strong><a href=\"https:\/\/guerisseurdelinvisible.ch\/?page_id=78\"><strong><mark style=\"background-color:rgba(0, 0, 0, 0)\" class=\"has-inline-color has-vivid-cyan-blue-color\">ICI<\/mark><\/strong><\/a><br>&#8211; <strong>CABINET A ECHALLENS<\/strong> \ud83d\udd39\ud83d\udc49<a href=\"https:\/\/guerisseurdelinvisible.ch\/?page_id=4099\"><strong>ICI<\/strong><\/a><\/p>\n<\/div><\/div>\n\n\n\n<div class=\"wp-block-media-text alignwide is-stacked-on-mobile is-vertically-aligned-top\" style=\"grid-template-columns:30% auto\"><figure class=\"wp-block-media-text__media\"><img loading=\"lazy\" width=\"893\" height=\"599\" src=\"https:\/\/guerisseurdelinvisible.ch\/wp-content\/uploads\/2025\/07\/massage-10.jpg\" alt=\"\" class=\"wp-image-3311 size-full\" srcset=\"https:\/\/guerisseurdelinvisible.ch\/wp-content\/uploads\/2025\/07\/massage-10.jpg 893w, https:\/\/guerisseurdelinvisible.ch\/wp-content\/uploads\/2025\/07\/massage-10-300x201.jpg 300w, https:\/\/guerisseurdelinvisible.ch\/wp-content\/uploads\/2025\/07\/massage-10-768x515.jpg 768w\" sizes=\"(max-width: 706px) 89vw, (max-width: 767px) 82vw, 740px\" \/><\/figure><div class=\"wp-block-media-text__content\">\n<p class=\"has-text-align-left\" style=\"font-size:17px\">&#8211; <strong><mark style=\"background-color:rgba(0, 0, 0, 0)\" class=\"has-inline-color has-vivid-purple-color\">Massage manuel classique<\/mark><\/strong>  <mark style=\"background-color:rgba(0, 0, 0, 0)\" class=\"has-inline-color has-vivid-red-color\"><strong>\ud83d\udd39<\/strong><\/mark><a href=\"https:\/\/guerisseurdelinvisible.ch\/?page_id=220\"><strong>\ud83d\udc49ICI<\/strong><\/a><br> &#8211; <strong><mark style=\"background-color:rgba(0, 0, 0, 0)\" class=\"has-inline-color has-cyan-bluish-gray-color\">Massage aux pierres chaudes<\/mark><\/strong> <mark style=\"background-color:rgba(0, 0, 0, 0)\" class=\"has-inline-color has-vivid-red-color\"><strong>\ud83d\udd39<\/strong><\/mark><a href=\"https:\/\/guerisseurdelinvisible.ch\/?page_id=223\"><strong>\ud83d\udc49ICI<\/strong><\/a><\/p>\n<\/div><\/div>\n\n\n\n<p class=\"has-white-color has-vivid-purple-background-color has-text-color has-background\"><strong>Prendre un R.D.V   au   079 481 80 00   ou    par E-mail   \ud83d\udd39\ud83d\udc49<\/strong><a href=\"https:\/\/guerisseurdelinvisible.ch\/?page_id=38\"><strong>ICI<\/strong><\/a><\/p>\n<\/div><\/div>\n","protected":false},"excerpt":{"rendered":"<p>Un sp\u00e9cialiste de la sant\u00e9 \u00e9nerg\u00e9tique, un praticien en magn\u00e9tisme, un chaman, un g\u00e9obiologue, un praticien en divers massages, et bien plus encore. D\u00e8s sa naissance, Daniel a \u00e9t\u00e9 pourvu de capacit\u00e9s extrasensorielles, peu habituelles ou plut\u00f4t m\u00e9connues. Cette particularit\u00e9 l&rsquo;a souvent fait \u00e9tiqueter comme \u00e9tant \u00ab\u00a0en marge\u00a0\u00bb. Habitu\u00e9 \u00e0 communiquer avec des \u00eatres invisibles &hellip; <\/p>\n<p class=\"link-more\"><a href=\"https:\/\/guerisseurdelinvisible.ch\/?page_id=63\" class=\"more-link\">Continuer la lecture<span class=\"screen-reader-text\"> de &laquo;&nbsp;Qui est Daniel ?&nbsp;&raquo;<\/span><\/a><\/p>\n","protected":false},"author":1,"featured_media":446,"parent":0,"menu_order":0,"comment_status":"closed","ping_status":"closed","template":"","meta":[],"_links":{"self":[{"href":"https:\/\/guerisseurdelinvisible.ch\/index.php?rest_route=\/wp\/v2\/pages\/63"}],"collection":[{"href":"https:\/\/guerisseurdelinvisible.ch\/index.php?rest_route=\/wp\/v2\/pages"}],"about":[{"href":"https:\/\/guerisseurdelinvisible.ch\/index.php?rest_route=\/wp\/v2\/types\/page"}],"author":[{"embeddable":true,"href":"https:\/\/guerisseurdelinvisible.ch\/index.php?rest_route=\/wp\/v2\/users\/1"}],"replies":[{"embeddable":true,"href":"https:\/\/guerisseurdelinvisible.ch\/index.php?rest_route=%2Fwp%2Fv2%2Fcomments&post=63"}],"version-history":[{"count":38,"href":"https:\/\/guerisseurdelinvisible.ch\/index.php?rest_route=\/wp\/v2\/pages\/63\/revisions"}],"predecessor-version":[{"id":4459,"href":"https:\/\/guerisseurdelinvisible.ch\/index.php?rest_route=\/wp\/v2\/pages\/63\/revisions\/4459"}],"wp:featuredmedia":[{"embeddable":true,"href":"https:\/\/guerisseurdelinvisible.ch\/index.php?rest_route=\/wp\/v2\/media\/446"}],"wp:attachment":[{"href":"https:\/\/guerisseurdelinvisible.ch\/index.php?rest_route=%2Fwp%2Fv2%2Fmedia&parent=63"}],"curies":[{"name":"wp","href":"https:\/\/api.w.org\/{rel}","templated":true}]}}