{"id":428,"date":"2019-05-27T01:41:01","date_gmt":"2019-05-27T01:41:01","guid":{"rendered":"http:\/\/guerisseurdelinvisible.ch.phoebe.preview-kreativmedia.ch\/?page_id=428"},"modified":"2025-07-20T15:39:14","modified_gmt":"2025-07-20T15:39:14","slug":"inscription","status":"publish","type":"page","link":"https:\/\/guerisseurdelinvisible.ch\/?page_id=428","title":{"rendered":"Contact pour R.D.V. ou Cours\/*Ateliers"},"content":{"rendered":"\n<div class=\"wp-block-media-text alignwide is-stacked-on-mobile\"><figure class=\"wp-block-media-text__media\"><img loading=\"lazy\" width=\"1024\" height=\"726\" src=\"https:\/\/guerisseurdelinvisible.ch\/wp-content\/uploads\/2023\/08\/phone-612061_1280-1024x726.jpg\" alt=\"\" class=\"wp-image-2293 size-full\" srcset=\"https:\/\/guerisseurdelinvisible.ch\/wp-content\/uploads\/2023\/08\/phone-612061_1280-1024x726.jpg 1024w, https:\/\/guerisseurdelinvisible.ch\/wp-content\/uploads\/2023\/08\/phone-612061_1280-300x213.jpg 300w, https:\/\/guerisseurdelinvisible.ch\/wp-content\/uploads\/2023\/08\/phone-612061_1280-768x544.jpg 768w, https:\/\/guerisseurdelinvisible.ch\/wp-content\/uploads\/2023\/08\/phone-612061_1280.jpg 1280w\" sizes=\"(max-width: 706px) 89vw, (max-width: 767px) 82vw, 740px\" \/><\/figure><div class=\"wp-block-media-text__content\">\n<p>Merci de bien vouloir s\u00e9lectionner le\/les soins\/cours \u00e0 laquel vous portez votre int\u00e9ret. <\/p>\n<\/div><\/div>\n\n\n\n<div role=\"form\" class=\"wpcf7\" id=\"wpcf7-f1809-o1\" lang=\"fr-FR\" dir=\"ltr\">\n<div class=\"screen-reader-response\"><p role=\"status\" aria-live=\"polite\" aria-atomic=\"true\"><\/p> <ul><\/ul><\/div>\n<form action=\"\/index.php?rest_route=%2Fwp%2Fv2%2Fpages%2F428#wpcf7-f1809-o1\" method=\"post\" class=\"wpcf7-form init\" novalidate=\"novalidate\" data-status=\"init\">\n<div style=\"display: none;\">\n<input type=\"hidden\" name=\"_wpcf7\" value=\"1809\" \/>\n<input type=\"hidden\" name=\"_wpcf7_version\" value=\"5.6.3\" \/>\n<input type=\"hidden\" name=\"_wpcf7_locale\" value=\"fr_FR\" \/>\n<input type=\"hidden\" name=\"_wpcf7_unit_tag\" value=\"wpcf7-f1809-o1\" \/>\n<input type=\"hidden\" name=\"_wpcf7_container_post\" value=\"0\" \/>\n<input type=\"hidden\" name=\"_wpcf7_posted_data_hash\" value=\"\" \/>\n<input type=\"hidden\" name=\"_wpcf7_recaptcha_response\" value=\"\" \/>\n<\/div>\n<p><span class=\"wpcf7-form-control-wrap\" data-name=\"Reiki1\"><span class=\"wpcf7-form-control wpcf7-checkbox wpcf7-exclusive-checkbox\"><span class=\"wpcf7-list-item first last\"><input type=\"checkbox\" name=\"Reiki1\" value=\"Reiki Niveau I\" \/><span class=\"wpcf7-list-item-label\">Reiki Niveau I<\/span><\/span><\/span><\/span><br \/>\n<span class=\"wpcf7-form-control-wrap\" data-name=\"ReikiNiveau2\"><span class=\"wpcf7-form-control wpcf7-checkbox wpcf7-exclusive-checkbox\"><span class=\"wpcf7-list-item first last\"><input type=\"checkbox\" name=\"ReikiNiveau2\" value=\"Passeur d&#039;\u00e2mes\" \/><span class=\"wpcf7-list-item-label\">Passeur d&#039;\u00e2mes<\/span><\/span><\/span><\/span><br \/>\n<span class=\"wpcf7-form-control-wrap\" data-name=\"Rupture\"><span class=\"wpcf7-form-control wpcf7-checkbox wpcf7-exclusive-checkbox\"><span class=\"wpcf7-list-item first last\"><input type=\"checkbox\" name=\"Rupture\" value=\"Rupture des contrats d&#039;\u00e2mes\" \/><span class=\"wpcf7-list-item-label\">Rupture des contrats d&#039;\u00e2mes<\/span><\/span><\/span><\/span><br \/>\n<span class=\"wpcf7-form-control-wrap\" data-name=\"chaman\"><span class=\"wpcf7-form-control wpcf7-checkbox wpcf7-exclusive-checkbox\"><span class=\"wpcf7-list-item first last\"><input type=\"checkbox\" name=\"chaman\" value=\"Stages d&#039;initiations chamaniques\" \/><span class=\"wpcf7-list-item-label\">Stages d&#039;initiations chamaniques<\/span><\/span><\/span><\/span><br \/>\n<span class=\"wpcf7-form-control-wrap\" data-name=\"Clair\"><span class=\"wpcf7-form-control wpcf7-checkbox wpcf7-exclusive-checkbox\"><span class=\"wpcf7-list-item first last\"><input type=\"checkbox\" name=\"Clair\" value=\"Clair Ressenti\" \/><span class=\"wpcf7-list-item-label\">Clair Ressenti<\/span><\/span><\/span><\/span><\/p>\n<p><label> Nom *<br \/>\n    <span class=\"wpcf7-form-control-wrap\" data-name=\"your-name\"><input type=\"text\" name=\"your-name\" value=\"\" size=\"40\" class=\"wpcf7-form-control wpcf7-text wpcf7-validates-as-required\" aria-required=\"true\" aria-invalid=\"false\" \/><\/span> <\/label><\/p>\n<p><label> Pr\u00e9nom *<br \/>\n    <span class=\"wpcf7-form-control-wrap\" data-name=\"Prenom\"><input type=\"text\" name=\"Prenom\" value=\"\" size=\"40\" class=\"wpcf7-form-control wpcf7-text wpcf7-validates-as-required\" aria-required=\"true\" aria-invalid=\"false\" \/><\/span> <\/label><\/p>\n<p><label> Votre adresse de messagerie*<br \/>\n    <span class=\"wpcf7-form-control-wrap\" data-name=\"your-email\"><input type=\"email\" name=\"your-email\" value=\"\" size=\"40\" class=\"wpcf7-form-control wpcf7-text wpcf7-email wpcf7-validates-as-required wpcf7-validates-as-email\" aria-required=\"true\" aria-invalid=\"false\" \/><\/span> <\/label><\/p>\n<p><label> T\u00e9l\u00e9phone*<br \/>\n    <span class=\"wpcf7-form-control-wrap\" data-name=\"Telephone\"><input type=\"tel\" name=\"Telephone\" value=\"\" size=\"40\" class=\"wpcf7-form-control wpcf7-text wpcf7-tel wpcf7-validates-as-required wpcf7-validates-as-tel\" aria-required=\"true\" aria-invalid=\"false\" \/><\/span> <\/label><\/p>\n<p><label> Sujet<br \/>\n    <span class=\"wpcf7-form-control-wrap\" data-name=\"Sujet\"><input type=\"text\" name=\"Sujet\" value=\"\" size=\"40\" class=\"wpcf7-form-control wpcf7-text\" aria-invalid=\"false\" \/><\/span> <\/label><\/p>\n<p><label> Votre message<br \/>\n    <span class=\"wpcf7-form-control-wrap\" data-name=\"Message\"><textarea name=\"Message\" cols=\"40\" rows=\"10\" class=\"wpcf7-form-control wpcf7-textarea\" aria-invalid=\"false\"><\/textarea><\/span><\/label><\/p>\n<p>D\u00e9sirez-vous \u00eatre inform\u00e9 des prochains cours ? <\/p>\n<p><span class=\"wpcf7-form-control-wrap\" data-name=\"Cours\"><span class=\"wpcf7-form-control wpcf7-radio\"><span class=\"wpcf7-list-item first\"><input type=\"radio\" name=\"Cours\" value=\"Oui\" checked=\"checked\" \/><span class=\"wpcf7-list-item-label\">Oui<\/span><\/span><span class=\"wpcf7-list-item last\"><input type=\"radio\" name=\"Cours\" value=\"Non\" \/><span class=\"wpcf7-list-item-label\">Non<\/span><\/span><\/span><\/span><\/p>\n<span class=\"wpcf7-form-control-wrap recaptcha\" data-name=\"recaptcha\"><span data-sitekey=\"6Ld7YeQhAAAAAAsD-ytzIKoHGqW4e_iH_o3aHDwC\" class=\"wpcf7-form-control g-recaptcha wpcf7-recaptcha\"><\/span>\r\n<noscript>\r\n\t<div class=\"grecaptcha-noscript\">\r\n\t\t<iframe src=\"https:\/\/www.google.com\/recaptcha\/api\/fallback?k=6Ld7YeQhAAAAAAsD-ytzIKoHGqW4e_iH_o3aHDwC\" frameborder=\"0\" scrolling=\"no\" width=\"310\" height=\"430\">\r\n\t\t<\/iframe>\r\n\t\t<textarea name=\"g-recaptcha-response\" rows=\"3\" cols=\"40\" placeholder=\"reCaptcha Response Here\">\r\n\t\t<\/textarea>\r\n\t<\/div>\r\n<\/noscript>\r\n<\/span>\n<p><input type=\"submit\" value=\"Envoyer\" class=\"wpcf7-form-control has-spinner wpcf7-submit\" \/><\/p>\n<p>* Champs obligatoires<\/p>\n<div class=\"wpcf7-response-output\" aria-hidden=\"true\"><\/div><\/form><\/div>\n\n\n\n<p class=\"has-vivid-red-color has-text-color\">Merci, vous recevrez un mail de confirmation. Si vous n&rsquo;obtenez pas de confirmation d&rsquo;inscription dans les 3 jours ouvrables, merci de me contacter. <\/p>\n\n\n\n<figure class=\"wp-block-image size-full\"><img loading=\"lazy\" width=\"922\" height=\"712\" src=\"https:\/\/guerisseurdelinvisible.ch\/wp-content\/uploads\/2024\/07\/contact-site.jpg\" alt=\"\" class=\"wp-image-2535\" srcset=\"https:\/\/guerisseurdelinvisible.ch\/wp-content\/uploads\/2024\/07\/contact-site.jpg 922w, https:\/\/guerisseurdelinvisible.ch\/wp-content\/uploads\/2024\/07\/contact-site-300x232.jpg 300w, https:\/\/guerisseurdelinvisible.ch\/wp-content\/uploads\/2024\/07\/contact-site-768x593.jpg 768w\" sizes=\"(max-width: 706px) 89vw, (max-width: 767px) 82vw, 740px\" \/><\/figure>\n\n\n\n<p class=\"has-black-color has-luminous-vivid-orange-background-color has-text-color has-background has-medium-font-size\"><strong>T\u00e9moignages sur mon lieu de travail,<\/strong><\/p>\n\n\n\n<p class=\"has-pale-cyan-blue-background-color has-background\">Lorsque j\u2019ai regard\u00e9 le lieu du cabinet de Daniel je me suis dit aie&nbsp;! c\u2019est perdu dans la campagne !<br>Cependant il n\u2019en n\u2019est rien, 30 minutes, depuis Morges, autoroute jusqu\u2019\u00e0 Venne, route de Berne, chalet a Gobet, et une route en for\u00eat super cool, (10 minutes depuis la sortie de l\u2019autoroute), cela dit je n\u2019ai pas mis plus de temps que d\u2019aller \u00e0 Yverdon, et en plus il y a une place de parc devant la maison.<br>Merci Daniel pour ta gentillesse et ton \u00e9coute.<br>Francine.<\/p>\n\n\n\n<p>Comme Francine je me suis dit gal\u00e8re pour aller \u00e0 Villars-Tiercelin, depuis Vevey,<br>((L\u00e0 je me suis permis de faire du copier-coller), 30 minutes, depuis Vevey, autoroute jusqu\u2019\u00e0 Venne, route de Berne, chalet a Gobet, et une route en for\u00eat super cool, (10 minutes depuis la sortie de l\u2019autoroute), cela dit je n\u2019ai pas mis plus de temps que d\u2019aller \u00e0 Yverdon, et en plus il y a une place de parc devant la maison.)<br>Les ruptures de contrats d\u2019\u00e2mes et esprits mon aider \u00e0 \u00e9liminer de lourds fardeaux du pass\u00e9.<br>Encore merci Daniel<br>Cordialement Erica.<\/p>\n\n\n\n<p class=\"has-light-green-cyan-background-color has-background\">Wow, je crois que l\u2019on pense presque tous la m\u00eame chose sur le trajet, moi je viens de Payerne, 35 minutes, route de Berne jusqu\u2019\u00e0 Bressonnaz, et aussi une route de campagne, l\u00e9g\u00e8rement sinueuse mais cool.<br>La qualit\u00e9 d&rsquo;\u00e9coute de Daniel, ceci accol\u00e9e \u00e0 sa grande sensibilit\u00e9 m\u2019a aid\u00e9 \u00e0 me voir et m\u2019accepter telle que je suis, et me relier \u00e0 mon Moi supr\u00eame.<br>Amicalement Corinne.<\/p>\n\n\n\n<p>En lisent ces commentaires je me dis, ils\/elles ont bien de la chance, moi je viens d\u2019Orbe, mon trajet = Trains jusqu\u2019\u00e0 Chavornay, bus jusqu\u2019\u00e0 Echallens, re bus jusqu\u2019\u00e0 Villars-Tiercelin, environ une heure, cependant, les soins en massage de Daniel en vaux le plaisir et la joie de se sentir d\u00e9barrass\u00e9 de toutes les tensions d\u2019un travail harassant.<br>Monique.<\/p>\n\n\n\n<p class=\"has-light-green-cyan-background-color has-background\">Arff. Moi je viens de Martigny, aussi en transports en commun, cependant du fait que mes horaires ne correspondent pas \u00e0 celui des bus, Daniel a la grande amabilit\u00e9 de venir me chercher \u00e0 la station de m\u00e9tro d\u2019Epalinges croisette.<br>Daniel, par ces quelques mots, je veux vous remercier pour le travail que vous effectuez, j\u2019ai \u00e9t\u00e9 r\u00e9ceptif rapidement, \u00e0 vos divers protocoles. Vous \u00eates au top de votre pratique, (20 ans \u00e7a se sent). Merci gr\u00e2ce \u00e0 vous j\u2019ai grandement et rapidement \u00e9volu\u00e9 apr\u00e8s 3 s\u00e9ances. Merci encore pour votre aide ainsi que votre \u00e9coute.<br>Jesika.<\/p>\n\n\n\n<div class=\"wp-block-media-text alignwide is-stacked-on-mobile is-vertically-aligned-center is-image-fill\" style=\"grid-template-columns:31% auto\"><figure class=\"wp-block-media-text__media\" style=\"background-image:url(https:\/\/guerisseurdelinvisible.ch\/wp-content\/uploads\/2025\/07\/back-3.jpg);background-position:50% 50%\"><img loading=\"lazy\" width=\"969\" height=\"815\" src=\"https:\/\/guerisseurdelinvisible.ch\/wp-content\/uploads\/2025\/07\/back-3.jpg\" alt=\"\" class=\"wp-image-3310 size-full\" srcset=\"https:\/\/guerisseurdelinvisible.ch\/wp-content\/uploads\/2025\/07\/back-3.jpg 969w, https:\/\/guerisseurdelinvisible.ch\/wp-content\/uploads\/2025\/07\/back-3-300x252.jpg 300w, https:\/\/guerisseurdelinvisible.ch\/wp-content\/uploads\/2025\/07\/back-3-768x646.jpg 768w\" sizes=\"(max-width: 706px) 89vw, (max-width: 767px) 82vw, 740px\" \/><\/figure><div class=\"wp-block-media-text__content\">\n<p style=\"font-size:16px\"><mark style=\"background-color:rgba(0, 0, 0, 0)\" class=\"has-inline-color has-black-color\"><strong>Retour \u00e0 la page ;<\/strong>  <\/mark><mark style=\"background-color:rgba(0, 0, 0, 0)\" class=\"has-inline-color has-vivid-red-color\"><br>&#8211; <strong>Accueil  \ud83d\udd39<\/strong><a href=\"https:\/\/guerisseurdelinvisible.ch\/?page_id=2023\"><strong>ICI<\/strong><\/a>   &#8212;   <strong>Contact \ud83d\udd39<a href=\"https:\/\/guerisseurdelinvisible.ch\/?page_id=428\">ICI<\/a> <\/strong><\/mark><br>&#8211; <mark style=\"background-color:rgba(0, 0, 0, 0)\" class=\"has-inline-color has-luminous-vivid-orange-color\"><strong>Reiki   <\/strong><\/mark>(\u00e9nergie de la force universelle de vie) \ud83d\udd39<a href=\"https:\/\/guerisseurdelinvisible.ch\/?page_id=206\"><strong>ICI<\/strong><\/a><br>&#8211; <mark style=\"background-color:rgba(0, 0, 0, 0)\" class=\"has-inline-color has-vivid-purple-color\"><strong>Passeur d&rsquo;\u00e2mes <\/strong><\/mark>(les aider \u00e0 cheminer lumi\u00e8re)\ud83d\udd39<a href=\"https:\/\/guerisseurdelinvisible.ch\/?page_id=194\"><strong>ICI<\/strong><\/a><br> &#8211; <strong><mark style=\"background-color:rgba(0, 0, 0, 0)\" class=\"has-inline-color has-vivid-green-cyan-color\">Processus verbale<\/mark><\/strong> de Lib\u00e9ration des contrats,     pactes, et v\u0153ux, n\u00e9gatifs<strong> <\/strong>  \ud83d\udd39<a href=\"https:\/\/guerisseurdelinvisible.ch\/?page_id=198\"><strong>ICI<\/strong><\/a><br>  &#8211; <strong><mark style=\"background-color:rgba(0, 0, 0, 0)\" class=\"has-inline-color has-vivid-cyan-blue-color\">D\u00e9simplantation <\/mark><\/strong>des dispositifs de limitation spirituelle  \ud83d\udd39<a href=\"https:\/\/guerisseurdelinvisible.ch\/?page_id=202\"><strong>ICI<\/strong><\/a><\/p>\n<\/div><\/div>\n\n\n\n<div class=\"wp-block-media-text alignwide has-media-on-the-right is-stacked-on-mobile\" style=\"grid-template-columns:auto 44%\"><figure class=\"wp-block-media-text__media\"><img loading=\"lazy\" width=\"893\" height=\"599\" src=\"https:\/\/guerisseurdelinvisible.ch\/wp-content\/uploads\/2025\/07\/massage-10.jpg\" alt=\"\" class=\"wp-image-3311 size-full\" srcset=\"https:\/\/guerisseurdelinvisible.ch\/wp-content\/uploads\/2025\/07\/massage-10.jpg 893w, https:\/\/guerisseurdelinvisible.ch\/wp-content\/uploads\/2025\/07\/massage-10-300x201.jpg 300w, https:\/\/guerisseurdelinvisible.ch\/wp-content\/uploads\/2025\/07\/massage-10-768x515.jpg 768w\" sizes=\"(max-width: 706px) 89vw, (max-width: 767px) 82vw, 740px\" \/><\/figure><div class=\"wp-block-media-text__content\">\n<p style=\"font-size:17px\">&#8211; <strong><mark style=\"background-color:rgba(0, 0, 0, 0)\" class=\"has-inline-color has-vivid-purple-color\">Massage manuel classique<\/mark><\/strong>  \ud83d\udd39<a href=\"https:\/\/guerisseurdelinvisible.ch\/?page_id=220\"><strong>ICI<\/strong><\/a><br> &#8211; <strong><mark style=\"background-color:rgba(0, 0, 0, 0)\" class=\"has-inline-color has-cyan-bluish-gray-color\">Massage aux pierres chaudes<\/mark><\/strong> \ud83d\udd39<a href=\"https:\/\/guerisseurdelinvisible.ch\/?page_id=223\"><strong>ICI<\/strong><\/a><\/p>\n<\/div><\/div>\n\n\n\n<p class=\"has-white-color has-vivid-purple-background-color has-text-color has-background\"><strong>Prendre un R.D.V   au   079 481 80 00   ou    par E-mail   \ud83d\udd39<\/strong><a href=\"https:\/\/guerisseurdelinvisible.ch\/?page_id=428\"><strong>ICI<\/strong><\/a><\/p>\n\n\n\n<div class=\"wp-block-media-text alignwide has-media-on-the-right is-stacked-on-mobile\" style=\"grid-template-columns:auto 34%\"><figure class=\"wp-block-media-text__media\"><img loading=\"lazy\" width=\"813\" height=\"542\" src=\"https:\/\/guerisseurdelinvisible.ch\/wp-content\/uploads\/2025\/07\/medecin.jpg\" alt=\"\" class=\"wp-image-3303 size-full\" srcset=\"https:\/\/guerisseurdelinvisible.ch\/wp-content\/uploads\/2025\/07\/medecin.jpg 813w, https:\/\/guerisseurdelinvisible.ch\/wp-content\/uploads\/2025\/07\/medecin-300x200.jpg 300w, https:\/\/guerisseurdelinvisible.ch\/wp-content\/uploads\/2025\/07\/medecin-768x512.jpg 768w\" sizes=\"(max-width: 706px) 89vw, (max-width: 767px) 82vw, 740px\" \/><\/figure><div class=\"wp-block-media-text__content\">\n<p style=\"font-size:15px\"><strong>La r\u00e9ception d\u2019une s\u00e9ance de bio\u00e9nergie ne se substitue pas aux conseils ou aux traitements dispens\u00e9s par des professionnels de la sant\u00e9.<\/strong><\/p>\n<\/div><\/div>\n","protected":false},"excerpt":{"rendered":"<p>Merci de bien vouloir s\u00e9lectionner le\/les soins\/cours \u00e0 laquel vous portez votre int\u00e9ret. Merci, vous recevrez un mail de confirmation. Si vous n&rsquo;obtenez pas de confirmation d&rsquo;inscription dans les 3 jours ouvrables, merci de me contacter. T\u00e9moignages sur mon lieu de travail, Lorsque j\u2019ai regard\u00e9 le lieu du cabinet de Daniel je me suis dit &hellip; <\/p>\n<p class=\"link-more\"><a href=\"https:\/\/guerisseurdelinvisible.ch\/?page_id=428\" class=\"more-link\">Continuer la lecture<span class=\"screen-reader-text\"> de &laquo;&nbsp;Contact pour R.D.V. ou Cours\/*Ateliers&nbsp;&raquo;<\/span><\/a><\/p>\n","protected":false},"author":1,"featured_media":441,"parent":0,"menu_order":0,"comment_status":"closed","ping_status":"closed","template":"","meta":[],"_links":{"self":[{"href":"https:\/\/guerisseurdelinvisible.ch\/index.php?rest_route=\/wp\/v2\/pages\/428"}],"collection":[{"href":"https:\/\/guerisseurdelinvisible.ch\/index.php?rest_route=\/wp\/v2\/pages"}],"about":[{"href":"https:\/\/guerisseurdelinvisible.ch\/index.php?rest_route=\/wp\/v2\/types\/page"}],"author":[{"embeddable":true,"href":"https:\/\/guerisseurdelinvisible.ch\/index.php?rest_route=\/wp\/v2\/users\/1"}],"replies":[{"embeddable":true,"href":"https:\/\/guerisseurdelinvisible.ch\/index.php?rest_route=%2Fwp%2Fv2%2Fcomments&post=428"}],"version-history":[{"count":31,"href":"https:\/\/guerisseurdelinvisible.ch\/index.php?rest_route=\/wp\/v2\/pages\/428\/revisions"}],"predecessor-version":[{"id":3594,"href":"https:\/\/guerisseurdelinvisible.ch\/index.php?rest_route=\/wp\/v2\/pages\/428\/revisions\/3594"}],"wp:featuredmedia":[{"embeddable":true,"href":"https:\/\/guerisseurdelinvisible.ch\/index.php?rest_route=\/wp\/v2\/media\/441"}],"wp:attachment":[{"href":"https:\/\/guerisseurdelinvisible.ch\/index.php?rest_route=%2Fwp%2Fv2%2Fmedia&parent=428"}],"curies":[{"name":"wp","href":"https:\/\/api.w.org\/{rel}","templated":true}]}}