{"id":274,"date":"2019-05-16T15:25:36","date_gmt":"2019-05-16T15:25:36","guid":{"rendered":"http:\/\/guerisseurdelinvisible.ch.phoebe.preview-kreativmedia.ch\/?page_id=274"},"modified":"2025-10-22T14:55:28","modified_gmt":"2025-10-22T14:55:28","slug":"equilibrage-energetique","status":"publish","type":"page","link":"https:\/\/guerisseurdelinvisible.ch\/?page_id=274","title":{"rendered":"Cours \u00c9quilibrage \u00e9nerg\u00e9tique"},"content":{"rendered":"\n<div class=\"wp-block-media-text alignwide is-stacked-on-mobile\"><figure class=\"wp-block-media-text__media\"><img loading=\"lazy\" width=\"612\" height=\"408\" src=\"https:\/\/guerisseurdelinvisible.ch\/wp-content\/uploads\/2023\/08\/istockphoto-1087718440-612x612-1.webp\" alt=\"\" class=\"wp-image-2364 size-full\" srcset=\"https:\/\/guerisseurdelinvisible.ch\/wp-content\/uploads\/2023\/08\/istockphoto-1087718440-612x612-1.webp 612w, https:\/\/guerisseurdelinvisible.ch\/wp-content\/uploads\/2023\/08\/istockphoto-1087718440-612x612-1-300x200.webp 300w\" sizes=\"(max-width: 612px) 100vw, 612px\" \/><\/figure><div class=\"wp-block-media-text__content\">\n<p>\u00c9quilibrage \u00e9nerg\u00e9tique niveau 1&nbsp;<\/p>\n<\/div><\/div>\n\n\n\n<p class=\"has-vivid-red-color has-text-color\"><strong>Pr\u00e9requis : avoir suivi l&rsquo;initiation au clair ressenti<\/strong><\/p>\n\n\n\n<p>Nous avons tous la possibilit\u00e9 de purifier notre aura des perturbations que nous rencontrons. Avec cette m\u00e9thode, vous saurez quoi chercher et comment l&rsquo;\u00e9liminer pour un mieux-\u00eatre. Vous pourrez \u00e0 la fin de ce stage pratiquer un \u00e9quilibrage \u00e9nerg\u00e9tique sur vous-m\u00eame, vos proches et amis.<br><br>Programme d\u00e9taill\u00e9:<\/p>\n\n\n\n<ul><li>Purification des lieux de travail ;<\/li><li>Protection du th\u00e9rapeute ;<\/li><li>Protocole de mesure du rayonnement du corps \u00e9th\u00e9rique ;<\/li><li>Mesure et correction des plans \u00e9th\u00e9riques et des chakras ;<\/li><li>Mesure du champ d\u2019\u00e9nergie vitale d\u2019une autre personne ;<\/li><li>D\u00e9termination et \u00e9limination des perturbations : fuites, kystes, parasites, charges \u00e9motionnelles, objets \u00e9th\u00e9riques n\u00e9gatifs, reconnaissance des diverses entit\u00e9s ;<\/li><li>Communication avec les anges gardiens et compr\u00e9hension de leurs facult\u00e9s et de leurs potentiels ;<\/li><li>D\u00e9tection de probl\u00e8mes issus de magie. Purification des objets personnels (bijoux, montres, pierres, &#8230;).<\/li><\/ul>\n\n\n\n<p class=\"has-very-dark-gray-color has-pale-cyan-blue-background-color has-text-color has-background\">Pour vous inscrire au cours merci de compl\u00e9ter&nbsp;<a href=\"https:\/\/guerisseurdelinvisible.ch.\/?page_id=428\">le formulaire d\u2019inscription<\/a>&nbsp;ou pour plus d&rsquo;informations me contacter au 079 481 80 00, \u00e9galement disponible par WhatsApp<\/p>\n\n\n\n<div class=\"wp-block-media-text alignwide is-stacked-on-mobile is-vertically-aligned-center is-image-fill\" style=\"grid-template-columns:31% auto\"><figure class=\"wp-block-media-text__media\" style=\"background-image:url(https:\/\/guerisseurdelinvisible.ch\/wp-content\/uploads\/2025\/07\/back-3.jpg);background-position:50% 50%\"><img loading=\"lazy\" width=\"969\" height=\"815\" src=\"https:\/\/guerisseurdelinvisible.ch\/wp-content\/uploads\/2025\/07\/back-3.jpg\" alt=\"\" class=\"wp-image-3310 size-full\" srcset=\"https:\/\/guerisseurdelinvisible.ch\/wp-content\/uploads\/2025\/07\/back-3.jpg 969w, https:\/\/guerisseurdelinvisible.ch\/wp-content\/uploads\/2025\/07\/back-3-300x252.jpg 300w, https:\/\/guerisseurdelinvisible.ch\/wp-content\/uploads\/2025\/07\/back-3-768x646.jpg 768w\" sizes=\"(max-width: 706px) 89vw, (max-width: 767px) 82vw, 740px\" \/><\/figure><div class=\"wp-block-media-text__content\">\n<p style=\"font-size:16px\"><mark style=\"background-color:rgba(0, 0, 0, 0)\" class=\"has-inline-color has-black-color\"><strong>Retour \u00e0 la page ;<\/strong>  <\/mark><mark style=\"background-color:rgba(0, 0, 0, 0)\" class=\"has-inline-color has-vivid-red-color\"><br>&#8211; <strong>Accueil  \ud83d\udd39<\/strong><a href=\"https:\/\/guerisseurdelinvisible.ch\/?page_id=2023\"><strong>ICI<\/strong><\/a>   &#8212;   <strong>Contact \ud83d\udd39<a href=\"https:\/\/guerisseurdelinvisible.ch\/?page_id=38\">ICI<\/a> <\/strong><\/mark><br>&#8211; <mark style=\"background-color:rgba(0, 0, 0, 0)\" class=\"has-inline-color has-luminous-vivid-orange-color\"><strong>Reiki   <\/strong><\/mark>(\u00e9nergie de la force universelle de vie) \ud83d\udd39<a href=\"https:\/\/guerisseurdelinvisible.ch\/?page_id=206\"><strong>ICI<\/strong><\/a><br>&#8211; <mark style=\"background-color:rgba(0, 0, 0, 0)\" class=\"has-inline-color has-vivid-purple-color\"><strong>Passeur d&rsquo;\u00e2mes <\/strong><\/mark>(les aider \u00e0 cheminer lumi\u00e8re)\ud83d\udd39<a href=\"https:\/\/guerisseurdelinvisible.ch\/?page_id=194\"><strong>ICI<\/strong><\/a><br> &#8211; <strong><mark style=\"background-color:rgba(0, 0, 0, 0)\" class=\"has-inline-color has-vivid-green-cyan-color\">Processus verbale<\/mark><\/strong> de Lib\u00e9ration des contrats,     pactes, et v\u0153ux, n\u00e9gatifs<strong> <\/strong>  \ud83d\udd39<a href=\"https:\/\/guerisseurdelinvisible.ch\/?page_id=198\"><strong>ICI<\/strong><\/a><br>  &#8211; <strong><mark style=\"background-color:rgba(0, 0, 0, 0)\" class=\"has-inline-color has-vivid-cyan-blue-color\">D\u00e9simplantation <\/mark><\/strong>des dispositifs de limitation spirituelle  \ud83d\udd39<a href=\"https:\/\/guerisseurdelinvisible.ch\/?page_id=202\"><strong>ICI<\/strong><\/a><\/p>\n<\/div><\/div>\n\n\n\n<div class=\"wp-block-media-text alignwide has-media-on-the-right is-stacked-on-mobile\" style=\"grid-template-columns:auto 44%\"><figure class=\"wp-block-media-text__media\"><img loading=\"lazy\" width=\"893\" height=\"599\" src=\"https:\/\/guerisseurdelinvisible.ch\/wp-content\/uploads\/2025\/07\/massage-10.jpg\" alt=\"\" class=\"wp-image-3311 size-full\" srcset=\"https:\/\/guerisseurdelinvisible.ch\/wp-content\/uploads\/2025\/07\/massage-10.jpg 893w, https:\/\/guerisseurdelinvisible.ch\/wp-content\/uploads\/2025\/07\/massage-10-300x201.jpg 300w, https:\/\/guerisseurdelinvisible.ch\/wp-content\/uploads\/2025\/07\/massage-10-768x515.jpg 768w\" sizes=\"(max-width: 706px) 89vw, (max-width: 767px) 82vw, 740px\" \/><\/figure><div class=\"wp-block-media-text__content\">\n<p style=\"font-size:17px\">&#8211; <strong><mark style=\"background-color:rgba(0, 0, 0, 0)\" class=\"has-inline-color has-vivid-purple-color\">Massage manuel classique<\/mark><\/strong>  \ud83d\udd39<a href=\"https:\/\/guerisseurdelinvisible.ch\/?page_id=220\"><strong>ICI<\/strong><\/a><br> &#8211; <strong><mark style=\"background-color:rgba(0, 0, 0, 0)\" class=\"has-inline-color has-cyan-bluish-gray-color\">Massage aux pierres chaudes<\/mark><\/strong> \ud83d\udd39<a href=\"https:\/\/guerisseurdelinvisible.ch\/?page_id=223\"><strong>ICI<\/strong><\/a><\/p>\n<\/div><\/div>\n\n\n\n<p class=\"has-white-color has-vivid-purple-background-color has-text-color has-background\"><strong>Prendre un R.D.V   au   079 481 80 00   ou    par E-mail   \ud83d\udd39<\/strong><a href=\"https:\/\/guerisseurdelinvisible.ch\/?page_id=428\"><strong>ICI<\/strong><\/a><\/p>\n\n\n\n<div class=\"wp-block-media-text alignwide has-media-on-the-right is-stacked-on-mobile\" style=\"grid-template-columns:auto 34%\"><figure class=\"wp-block-media-text__media\"><img loading=\"lazy\" width=\"813\" height=\"542\" src=\"https:\/\/guerisseurdelinvisible.ch\/wp-content\/uploads\/2025\/07\/medecin.jpg\" alt=\"\" class=\"wp-image-3303 size-full\" srcset=\"https:\/\/guerisseurdelinvisible.ch\/wp-content\/uploads\/2025\/07\/medecin.jpg 813w, https:\/\/guerisseurdelinvisible.ch\/wp-content\/uploads\/2025\/07\/medecin-300x200.jpg 300w, https:\/\/guerisseurdelinvisible.ch\/wp-content\/uploads\/2025\/07\/medecin-768x512.jpg 768w\" sizes=\"(max-width: 706px) 89vw, (max-width: 767px) 82vw, 740px\" \/><\/figure><div class=\"wp-block-media-text__content\">\n<p style=\"font-size:15px\"><strong>La r\u00e9ception d\u2019une s\u00e9ance de bio\u00e9nergie ne se substitue pas aux conseils ou aux traitements dispens\u00e9s par des professionnels de la sant\u00e9.<\/strong><\/p>\n<\/div><\/div>\n","protected":false},"excerpt":{"rendered":"<p>\u00c9quilibrage \u00e9nerg\u00e9tique niveau 1&nbsp; Pr\u00e9requis : avoir suivi l&rsquo;initiation au clair ressenti Nous avons tous la possibilit\u00e9 de purifier notre aura des perturbations que nous rencontrons. Avec cette m\u00e9thode, vous saurez quoi chercher et comment l&rsquo;\u00e9liminer pour un mieux-\u00eatre. Vous pourrez \u00e0 la fin de ce stage pratiquer un \u00e9quilibrage \u00e9nerg\u00e9tique sur vous-m\u00eame, vos proches &hellip; <\/p>\n<p class=\"link-more\"><a href=\"https:\/\/guerisseurdelinvisible.ch\/?page_id=274\" class=\"more-link\">Continuer la lecture<span class=\"screen-reader-text\"> de &laquo;&nbsp;Cours \u00c9quilibrage \u00e9nerg\u00e9tique&nbsp;&raquo;<\/span><\/a><\/p>\n","protected":false},"author":1,"featured_media":497,"parent":0,"menu_order":0,"comment_status":"closed","ping_status":"closed","template":"","meta":[],"_links":{"self":[{"href":"https:\/\/guerisseurdelinvisible.ch\/index.php?rest_route=\/wp\/v2\/pages\/274"}],"collection":[{"href":"https:\/\/guerisseurdelinvisible.ch\/index.php?rest_route=\/wp\/v2\/pages"}],"about":[{"href":"https:\/\/guerisseurdelinvisible.ch\/index.php?rest_route=\/wp\/v2\/types\/page"}],"author":[{"embeddable":true,"href":"https:\/\/guerisseurdelinvisible.ch\/index.php?rest_route=\/wp\/v2\/users\/1"}],"replies":[{"embeddable":true,"href":"https:\/\/guerisseurdelinvisible.ch\/index.php?rest_route=%2Fwp%2Fv2%2Fcomments&post=274"}],"version-history":[{"count":25,"href":"https:\/\/guerisseurdelinvisible.ch\/index.php?rest_route=\/wp\/v2\/pages\/274\/revisions"}],"predecessor-version":[{"id":4228,"href":"https:\/\/guerisseurdelinvisible.ch\/index.php?rest_route=\/wp\/v2\/pages\/274\/revisions\/4228"}],"wp:featuredmedia":[{"embeddable":true,"href":"https:\/\/guerisseurdelinvisible.ch\/index.php?rest_route=\/wp\/v2\/media\/497"}],"wp:attachment":[{"href":"https:\/\/guerisseurdelinvisible.ch\/index.php?rest_route=%2Fwp%2Fv2%2Fmedia&parent=274"}],"curies":[{"name":"wp","href":"https:\/\/api.w.org\/{rel}","templated":true}]}}