{"id":264,"date":"2019-05-16T15:18:22","date_gmt":"2019-05-16T15:18:22","guid":{"rendered":"http:\/\/guerisseurdelinvisible.ch.phoebe.preview-kreativmedia.ch\/?page_id=264"},"modified":"2026-03-08T15:42:21","modified_gmt":"2026-03-08T15:42:21","slug":"etres-de-la-nature","status":"publish","type":"page","link":"https:\/\/guerisseurdelinvisible.ch\/?page_id=264","title":{"rendered":"Cabinet \u00e0 Villars-Tiercelin"},"content":{"rendered":"\n<h1 style=\"font-size:15px\"><strong>Consultations avec Daniel Dormond<br>R\u00e9f\u00e9rent de Libert\u00e9 et d\u2018\u00c9panouissement<br>Plus de 20 ans de pratique au service de votre bien-\u00eatre<\/strong><\/h1>\n\n\n\n<p class=\"has-white-color has-text-color has-background\" style=\"background-color:#7e3f12;font-size:15px\"><strong><strong>Afin de vous offrir plus de praticit\u00e9 et un acc\u00e8s facilit\u00e9 \u00e0 mes soins,<\/strong><br>je vous accueille, dans&nbsp;<strong>un deuxi\u00e8me espace enti\u00e8rement consacr\u00e9 \u00e0 la sant\u00e9 et au bien-\u00eatre :<\/strong><\/strong><\/p>\n\n\n\n<p class=\"has-black-color has-text-color\" style=\"font-size:15px\">Pourquoi consulter?<br>Un accompagnement sur mesure pour:<\/p>\n\n\n\n<ul class=\"has-black-color has-text-color\" style=\"font-size:15px\"><li>Lib\u00e9rer vos blocages \u00e9motionnels et \u00e9nerg\u00e9tiques<\/li><li>Retrouver \u00e9quilibre, vitalit\u00e9 et s\u00e9r\u00e9nit\u00e9<\/li><li>Apaiser stress, tensions et douleurs<\/li><li>Favoriser votre \u00e9panouissement personnel et spirituel<\/li><\/ul>\n\n\n\n<p>\ud83d\udc49<strong><a href=\"https:\/\/guerisseurdelinvisible.ch\/?page_id=206\"><mark style=\"background-color:rgba(0, 0, 0, 0)\" class=\"has-inline-color has-luminous-vivid-orange-color\">Reiki <\/mark><\/a>&#8211; \ud83d\udc49<a href=\"https:\/\/guerisseurdelinvisible.ch\/?page_id=194\"><mark style=\"background-color:rgba(0, 0, 0, 0)\" class=\"has-inline-color has-vivid-purple-color\">Passeur d&rsquo;\u00e2mes<\/mark><\/a> &#8211; \ud83d\udc49<a href=\"https:\/\/guerisseurdelinvisible.ch\/?page_id=198\"><mark style=\"background-color:rgba(0, 0, 0, 0)\" class=\"has-inline-color has-vivid-green-cyan-color\">Processus verbale<\/mark><\/a> &#8211; \ud83d\udc49<mark style=\"background-color:rgba(0, 0, 0, 0)\" class=\"has-inline-color has-vivid-cyan-blue-color\"><a href=\"https:\/\/guerisseurdelinvisible.ch\/?page_id=202\">D\u00e9simplantation<\/a><\/mark><mark style=\"background-color:rgba(0, 0, 0, 0)\" class=\"has-inline-color has-vivid-green-cyan-color\"><a href=\"https:\/\/guerisseurdelinvisible.ch\/?page_id=202\"> <\/a><\/mark>&#8211; \ud83d\udc49<a href=\"https:\/\/guerisseurdelinvisible.ch\/?page_id=220\"><mark style=\"background-color:rgba(0, 0, 0, 0)\" class=\"has-inline-color has-vivid-cyan-blue-color\">Massage manuel<\/mark><\/a><\/strong> &#8211; <strong>\ud83d\udc49<a href=\"https:\/\/guerisseurdelinvisible.ch\/?page_id=4389\"><mark style=\"background-color:rgba(0, 0, 0, 0)\" class=\"has-inline-color has-luminous-vivid-amber-color\">S\u00e9ances en promo<\/mark><\/a><\/strong><\/p>\n\n\n\n<hr class=\"wp-block-separator has-alpha-channel-opacity\"\/>\n\n\n\n<div class=\"wp-container-3 wp-block-columns\">\n<div class=\"wp-container-1 wp-block-column\">\n<p style=\"font-size:15px\"><strong>Adresse du cabinet<\/strong><br>Rue de la Sapell 8<br>1058 Villars-Tiercelin <br><strong>T\u00e9l\u00e9phone<\/strong><br>079 481 80 00<br><strong>Email<\/strong><br>guerisseurdelinvisible@guerisseur<\/p>\n\n\n\n<figure class=\"wp-block-image size-large\"><img loading=\"lazy\" width=\"1024\" height=\"768\" src=\"https:\/\/guerisseurdelinvisible.ch\/wp-content\/uploads\/2026\/03\/parc-1024x768.jpeg\" alt=\"\" class=\"wp-image-4815\" srcset=\"https:\/\/guerisseurdelinvisible.ch\/wp-content\/uploads\/2026\/03\/parc-1024x768.jpeg 1024w, https:\/\/guerisseurdelinvisible.ch\/wp-content\/uploads\/2026\/03\/parc-300x225.jpeg 300w, https:\/\/guerisseurdelinvisible.ch\/wp-content\/uploads\/2026\/03\/parc-768x576.jpeg 768w, https:\/\/guerisseurdelinvisible.ch\/wp-content\/uploads\/2026\/03\/parc-1536x1152.jpeg 1536w, https:\/\/guerisseurdelinvisible.ch\/wp-content\/uploads\/2026\/03\/parc-2048x1536.jpeg 2048w\" sizes=\"(max-width: 706px) 89vw, (max-width: 767px) 82vw, 740px\" \/><\/figure>\n<\/div>\n\n\n\n<div class=\"wp-container-2 wp-block-column\">\n<p class=\"has-pale-cyan-blue-background-color has-background\" style=\"font-size:16px\">Des acc\u00e8s simples, pratique<br><strong>Parking<\/strong><br>La place de parc \u00e0 gauche comme la voiture rouge, le long de la barriere et devant le portail est mise \u00e0 votre disposition <br><strong>A pied<\/strong><br>A 3\/8minutes d&rsquo;un arr\u00eat de <\/p>\n\n\n\n<ul style=\"font-size:16px\"><li><strong><a href=\"https:\/\/www.google.com\/search?q=Ligne+435&amp;rlz=1C1JZAP_frCH1022CH1022&amp;oq=no+des+bus+villars+tiercelin&amp;gs_lcrp=EgZjaHJvbWUyBggAEEUYOTIJCAEQIRgKGKABMgkIAhAhGAoYoAEyCQgDECEYChigATIHCAQQIRifBTIHCAUQIRifBTIHCAYQIRifBTIHCAcQIRifBTIHCAgQIRifBTIHCAkQIRifBdIBCTEwNTU5ajBqN6gCALACAA&amp;sourceid=chrome&amp;ie=UTF-8&amp;sei=MYytacrROZD87_UPt4_X8Qg&amp;mstk=AUtExfC4U_bQvAhx0cziKlIV9IG-K1p_Ed-Ek83ySbaPlZ9CJcvAJouofchVXc_zeyRa-uzOLpNY07GYBqW2KG0G29HgDuJdtW3FDKTiEgOffh0a6zNeThN7qyNb_pEpeLn59R2f9yXqPCkOsiZvT7H1NU-DuPfTGbd3YBCJ9vPyty08XZ8&amp;csui=3&amp;ved=2ahUKEwio6aaExpCTAxXN_rsIHQc-Ab0QgK4QegQIAxAB\">Ligne 435<\/a>&nbsp;(CarPostal) :<\/strong>&nbsp;Relie Villars-Tiercelin \u00e0 Epalinges, Croisettes (m\u00e9tro m2) et Thierrens.<\/li><li><strong><a href=\"https:\/\/www.google.com\/search?q=Ligne+440&amp;rlz=1C1JZAP_frCH1022CH1022&amp;oq=no+des+bus+villars+tiercelin&amp;gs_lcrp=EgZjaHJvbWUyBggAEEUYOTIJCAEQIRgKGKABMgkIAhAhGAoYoAEyCQgDECEYChigATIHCAQQIRifBTIHCAUQIRifBTIHCAYQIRifBTIHCAcQIRifBTIHCAgQIRifBTIHCAkQIRifBdIBCTEwNTU5ajBqN6gCALACAA&amp;sourceid=chrome&amp;ie=UTF-8&amp;sei=MYytacrROZD87_UPt4_X8Qg&amp;mstk=AUtExfC4U_bQvAhx0cziKlIV9IG-K1p_Ed-Ek83ySbaPlZ9CJcvAJouofchVXc_zeyRa-uzOLpNY07GYBqW2KG0G29HgDuJdtW3FDKTiEgOffh0a6zNeThN7qyNb_pEpeLn59R2f9yXqPCkOsiZvT7H1NU-DuPfTGbd3YBCJ9vPyty08XZ8&amp;csui=3&amp;ved=2ahUKEwio6aaExpCTAxXN_rsIHQc-Ab0QgK4QegQIAxAD\">Ligne 440<\/a>&nbsp;(CarPostal) :<\/strong>&nbsp;Relie Echallens \u00e0 Moudon en passant par Villars-Tiercelin, Peney-le-Jorat et Villars-Mendraz.<\/li><\/ul>\n\n\n\n<figure class=\"wp-block-image size-large is-resized\"><img loading=\"lazy\" src=\"https:\/\/guerisseurdelinvisible.ch\/wp-content\/uploads\/2026\/03\/EXT-ENTREE-1-768x1024.jpg\" alt=\"\" class=\"wp-image-4818\" width=\"253\" height=\"336\" srcset=\"https:\/\/guerisseurdelinvisible.ch\/wp-content\/uploads\/2026\/03\/EXT-ENTREE-1-768x1024.jpg 768w, https:\/\/guerisseurdelinvisible.ch\/wp-content\/uploads\/2026\/03\/EXT-ENTREE-1-225x300.jpg 225w, https:\/\/guerisseurdelinvisible.ch\/wp-content\/uploads\/2026\/03\/EXT-ENTREE-1-1152x1536.jpg 1152w, https:\/\/guerisseurdelinvisible.ch\/wp-content\/uploads\/2026\/03\/EXT-ENTREE-1-1536x2048.jpg 1536w, https:\/\/guerisseurdelinvisible.ch\/wp-content\/uploads\/2026\/03\/EXT-ENTREE-1-scaled.jpg 1920w\" sizes=\"(max-width: 253px) 100vw, 253px\" \/><figcaption>Entr\u00e9e dans la coure (<strong>sonnette ANEURO SANTE)<\/strong><\/figcaption><\/figure>\n<\/div>\n<\/div>\n\n\n\n<hr class=\"wp-block-separator has-alpha-channel-opacity\"\/>\n\n\n\n<div class=\"wp-block-media-text alignwide is-stacked-on-mobile is-vertically-aligned-center is-image-fill\" style=\"grid-template-columns:20% auto\"><figure class=\"wp-block-media-text__media\" style=\"background-image:url(https:\/\/guerisseurdelinvisible.ch\/wp-content\/uploads\/2025\/07\/back-3.jpg);background-position:50% 50%\"><img loading=\"lazy\" width=\"969\" height=\"815\" src=\"https:\/\/guerisseurdelinvisible.ch\/wp-content\/uploads\/2025\/07\/back-3.jpg\" alt=\"\" class=\"wp-image-3310 size-full\" srcset=\"https:\/\/guerisseurdelinvisible.ch\/wp-content\/uploads\/2025\/07\/back-3.jpg 969w, https:\/\/guerisseurdelinvisible.ch\/wp-content\/uploads\/2025\/07\/back-3-300x252.jpg 300w, https:\/\/guerisseurdelinvisible.ch\/wp-content\/uploads\/2025\/07\/back-3-768x646.jpg 768w\" sizes=\"(max-width: 706px) 89vw, (max-width: 767px) 82vw, 740px\" \/><\/figure><div class=\"wp-block-media-text__content\">\n<p style=\"font-size:16px\"><mark style=\"background-color:rgba(0, 0, 0, 0)\" class=\"has-inline-color has-black-color\"><strong>Retour \u00e0 la page ;<\/strong>  <\/mark><mark style=\"background-color:rgba(0, 0, 0, 0)\" class=\"has-inline-color has-vivid-red-color\"><br>&#8211; <strong>Accueil  \ud83d\udd39\ud83d\udc49<\/strong><a href=\"https:\/\/guerisseurdelinvisible.ch\/?page_id=2023\"><strong>ICI<\/strong><\/a>   &#8212;   <strong>Contact \ud83d\udd39\ud83d\udc49<a href=\"https:\/\/guerisseurdelinvisible.ch\/?page_id=38\">ICI<\/a> <\/strong><\/mark><br>&#8211; <mark style=\"background-color:rgba(0, 0, 0, 0)\" class=\"has-inline-color has-luminous-vivid-orange-color\"><strong>Reiki   <\/strong><\/mark>(\u00e9nergie de la force universelle de vie) \ud83d\udd39\ud83d\udc49<a href=\"https:\/\/guerisseurdelinvisible.ch\/?page_id=206\"><strong>ICI<\/strong><\/a><br>&#8211; <mark style=\"background-color:rgba(0, 0, 0, 0)\" class=\"has-inline-color has-vivid-purple-color\"><strong>Passeur d&rsquo;\u00e2mes <\/strong><\/mark>(les aider \u00e0 cheminer lumi\u00e8re) \ud83d\udd39\ud83d\udc49<a href=\"https:\/\/guerisseurdelinvisible.ch\/?page_id=194\"><strong>ICI<\/strong><\/a><br>&#8211; <strong><mark style=\"background-color:rgba(0, 0, 0, 0)\" class=\"has-inline-color has-vivid-green-cyan-color\">Processus verbale<\/mark><\/strong> de Lib\u00e9ration des contrats, pactes, etc.<strong> <\/strong>\ud83d\udd39\ud83d\udc49<a href=\"https:\/\/guerisseurdelinvisible.ch\/?page_id=198\"><strong>ICI<\/strong><\/a><br>&#8211; <strong><mark style=\"background-color:rgba(0, 0, 0, 0)\" class=\"has-inline-color has-vivid-cyan-blue-color\">D\u00e9simplantation <\/mark><\/strong>des dispositifs de limitation spirituelle  \ud83d\udd39\ud83d\udc49<a href=\"https:\/\/guerisseurdelinvisible.ch\/?page_id=202\"><strong>ICI<\/strong><\/a><br>&#8211; <strong><mark style=\"background-color:rgba(0, 0, 0, 0)\" class=\"has-inline-color has-vivid-purple-color\">TARIFS \ud83d\udd39\ud83d\udc49<\/mark><\/strong><a href=\"https:\/\/guerisseurdelinvisible.ch\/?page_id=78\"><strong><mark style=\"background-color:rgba(0, 0, 0, 0)\" class=\"has-inline-color has-vivid-cyan-blue-color\">ICI<\/mark><\/strong><\/a><br>&#8211; <strong>CABINET A ECHALLENS<\/strong> \ud83d\udd39\ud83d\udc49<a href=\"https:\/\/guerisseurdelinvisible.ch\/?page_id=4099\"><strong>ICI<\/strong><\/a><\/p>\n<\/div><\/div>\n\n\n\n<div class=\"wp-block-media-text alignwide has-media-on-the-right is-stacked-on-mobile\" style=\"grid-template-columns:auto 29%\"><figure class=\"wp-block-media-text__media\"><img loading=\"lazy\" width=\"893\" height=\"599\" src=\"https:\/\/guerisseurdelinvisible.ch\/wp-content\/uploads\/2025\/07\/massage-10.jpg\" alt=\"\" class=\"wp-image-3311 size-full\" srcset=\"https:\/\/guerisseurdelinvisible.ch\/wp-content\/uploads\/2025\/07\/massage-10.jpg 893w, https:\/\/guerisseurdelinvisible.ch\/wp-content\/uploads\/2025\/07\/massage-10-300x201.jpg 300w, https:\/\/guerisseurdelinvisible.ch\/wp-content\/uploads\/2025\/07\/massage-10-768x515.jpg 768w\" sizes=\"(max-width: 706px) 89vw, (max-width: 767px) 82vw, 740px\" \/><\/figure><div class=\"wp-block-media-text__content\">\n<p style=\"font-size:17px\">&#8211; <strong><mark style=\"background-color:rgba(0, 0, 0, 0)\" class=\"has-inline-color has-vivid-purple-color\">Massage manuel classique<\/mark><\/strong>  \ud83d\udc49<a href=\"https:\/\/guerisseurdelinvisible.ch\/?page_id=220\"><strong>ICI<\/strong><\/a><br>&#8211; <strong><mark style=\"background-color:rgba(0, 0, 0, 0)\" class=\"has-inline-color has-cyan-bluish-gray-color\">Massage aux pierres chaudes<\/mark><\/strong> \ud83d\udc49<a href=\"https:\/\/guerisseurdelinvisible.ch\/?page_id=223\"><strong>ICI<\/strong><\/a><br>&#8211; Massage assis sur chaise \ud83d\udc49<strong><a href=\"https:\/\/guerisseurdelinvisible.ch\/?page_id=232\">ICI<\/a><\/strong><\/p>\n<\/div><\/div>\n","protected":false},"excerpt":{"rendered":"<p>Consultations avec Daniel DormondR\u00e9f\u00e9rent de Libert\u00e9 et d\u2018\u00c9panouissementPlus de 20 ans de pratique au service de votre bien-\u00eatre Afin de vous offrir plus de praticit\u00e9 et un acc\u00e8s facilit\u00e9 \u00e0 mes soins,je vous accueille, dans&nbsp;un deuxi\u00e8me espace enti\u00e8rement consacr\u00e9 \u00e0 la sant\u00e9 et au bien-\u00eatre : Pourquoi consulter?Un accompagnement sur mesure pour: Lib\u00e9rer vos blocages &hellip; <\/p>\n<p class=\"link-more\"><a href=\"https:\/\/guerisseurdelinvisible.ch\/?page_id=264\" class=\"more-link\">Continuer la lecture<span class=\"screen-reader-text\"> de &laquo;&nbsp;Cabinet \u00e0 Villars-Tiercelin&nbsp;&raquo;<\/span><\/a><\/p>\n","protected":false},"author":1,"featured_media":505,"parent":0,"menu_order":0,"comment_status":"closed","ping_status":"closed","template":"","meta":[],"_links":{"self":[{"href":"https:\/\/guerisseurdelinvisible.ch\/index.php?rest_route=\/wp\/v2\/pages\/264"}],"collection":[{"href":"https:\/\/guerisseurdelinvisible.ch\/index.php?rest_route=\/wp\/v2\/pages"}],"about":[{"href":"https:\/\/guerisseurdelinvisible.ch\/index.php?rest_route=\/wp\/v2\/types\/page"}],"author":[{"embeddable":true,"href":"https:\/\/guerisseurdelinvisible.ch\/index.php?rest_route=\/wp\/v2\/users\/1"}],"replies":[{"embeddable":true,"href":"https:\/\/guerisseurdelinvisible.ch\/index.php?rest_route=%2Fwp%2Fv2%2Fcomments&post=264"}],"version-history":[{"count":19,"href":"https:\/\/guerisseurdelinvisible.ch\/index.php?rest_route=\/wp\/v2\/pages\/264\/revisions"}],"predecessor-version":[{"id":4822,"href":"https:\/\/guerisseurdelinvisible.ch\/index.php?rest_route=\/wp\/v2\/pages\/264\/revisions\/4822"}],"wp:featuredmedia":[{"embeddable":true,"href":"https:\/\/guerisseurdelinvisible.ch\/index.php?rest_route=\/wp\/v2\/media\/505"}],"wp:attachment":[{"href":"https:\/\/guerisseurdelinvisible.ch\/index.php?rest_route=%2Fwp%2Fv2%2Fmedia&parent=264"}],"curies":[{"name":"wp","href":"https:\/\/api.w.org\/{rel}","templated":true}]}}