{"id":242,"date":"2019-05-16T14:21:09","date_gmt":"2019-05-16T14:21:09","guid":{"rendered":"http:\/\/guerisseurdelinvisible.ch.phoebe.preview-kreativmedia.ch\/?page_id=242"},"modified":"2025-11-02T14:46:34","modified_gmt":"2025-11-02T14:46:34","slug":"cours","status":"publish","type":"page","link":"https:\/\/guerisseurdelinvisible.ch\/?page_id=242","title":{"rendered":"Cours"},"content":{"rendered":"\n<div class=\"wp-block-media-text alignwide is-stacked-on-mobile\"><figure class=\"wp-block-media-text__media\"><img loading=\"lazy\" width=\"612\" height=\"395\" src=\"https:\/\/guerisseurdelinvisible.ch\/wp-content\/uploads\/2023\/08\/istockphoto-1410999768-612x612-1.jpg\" alt=\"\" class=\"wp-image-2298 size-full\" srcset=\"https:\/\/guerisseurdelinvisible.ch\/wp-content\/uploads\/2023\/08\/istockphoto-1410999768-612x612-1.jpg 612w, https:\/\/guerisseurdelinvisible.ch\/wp-content\/uploads\/2023\/08\/istockphoto-1410999768-612x612-1-300x194.jpg 300w\" sizes=\"(max-width: 612px) 100vw, 612px\" \/><\/figure><div class=\"wp-block-media-text__content\">\n<p class=\"has-medium-font-size\">Voici les rendez-vous que je vous propose pour continuer d&rsquo;avancer sur votre chemin d&rsquo;\u00e9veil et de conscience. Chaque session est limit\u00e9e \u00e0 six participants pour garantir une exp\u00e9rience optimale.<\/p>\n<\/div><\/div>\n\n\n\n<p class=\"has-background\" style=\"background-color:#dfedf6\">Pour plus d&rsquo;informations, un <strong>clic <\/strong>sur le cour et vous trouverez toutes les informations d\u00e9taill\u00e9es sur le d\u00e9roulement de l&rsquo;\u00e9v\u00e9nement. <\/p>\n\n\n\n<figure class=\"wp-block-table is-style-stripes\"><table class=\"has-background\" style=\"background-color:#e7f5fe\"><tbody><tr><td><strong>Date<\/strong><\/td><td><strong>Cours<\/strong>\/<strong>*Ateliers<\/strong><\/td><td><strong>Pr\u00e9requis<\/strong><\/td><\/tr><tr><td>En devenir<\/td><td> <strong>*<\/strong><a href=\"https:\/\/guerisseurdelinvisible.ch\/?page_id=269\"> <strong>Processuse verbale de <strong>Lib\u00e9ration des contrats, des pactes, des v\u0153ux, n\u00e9gatifs<\/strong><\/strong> <\/a><br>Possibilit\u00e9 de faire cet atelier <br>en priv\u00e9 trois s\u00e9ances ou  deux jours collectifs.<\/td><td> Aucun      <\/td><\/tr><tr><td>En devenir<\/td><td>  <a href=\"https:\/\/guerisseurdelinvisible.ch\/?page_id=256\">Clair ressenti<\/a>   <\/td><td>*Rupture des contrats d&rsquo;\u00e2mes <\/td><\/tr><tr><td>En devenir<\/td><td>  <a href=\"https:\/\/guerisseurdelinvisible.ch.\/?page_id=277\">Reiki niv. <\/a> 1<\/td><td>Aucun        <\/td><\/tr><tr><td>En devenir <\/td><td> <a href=\"https:\/\/guerisseurdelinvisible.ch\/?page_id=282\">Passeur d&rsquo;\u00e2mes<\/a> <\/td><td> *Rupture des contrats d&rsquo;\u00e2mes, <br>  Clair ressenti <\/td><\/tr><tr><td> <\/td><td>   <\/td><td>        <\/td><\/tr><tr><td><\/td><td>   <\/td><td><\/td><\/tr><\/tbody><\/table><\/figure>\n\n\n\n<p class=\"has-medium-font-size\">\ud83d\udcc5<strong> Horaires et Lieux des Cours<\/strong><\/p>\n\n\n\n<ul><li><strong>Week-ends<\/strong> : de <strong>9h00 \u00e0 17h00<\/strong> \u00e0 <em>Villars-Tiercelin<\/em><\/li><li><strong>Lundis soirs<\/strong> : de <strong>19h00 \u00e0 22h00<\/strong> \u00e0 Echallens<\/li><li><strong>Chamanisme (en r\u00e9sidence)<\/strong> : immersion de <strong>4 jours<\/strong>, du <strong>jeudi 9h00<\/strong> au <strong>dimanche 17h00<\/strong><\/li><\/ul>\n\n\n\n<hr class=\"wp-block-separator has-alpha-channel-opacity\"\/>\n\n\n\n<p class=\"has-medium-font-size\"><strong>\ud83d\udcde Contact &amp; Inscriptions<\/strong><\/p>\n\n\n\n<ul><li>Par <strong>mail<\/strong> : un simple clic \ud83d\udd39<a href=\"https:\/\/guerisseurdelinvisible.ch\/?page_id=38\"><mark style=\"background-color:rgba(0, 0, 0, 0)\" class=\"has-inline-color has-vivid-red-color\">ICI<\/mark><\/a><\/li><li>Par <strong>t\u00e9l\u00e9phone ou WhatsApp<\/strong> : <strong>079 481 80 00<\/strong><\/li><\/ul>\n\n\n\n<p>N\u2019h\u00e9site pas \u00e0 me contacter pour toute question ou inscription, je serai heureux de vous renseigner.<\/p>\n\n\n\n<hr class=\"wp-block-separator has-alpha-channel-opacity\"\/>\n\n\n\n<div class=\"wp-block-media-text alignwide has-media-on-the-right is-stacked-on-mobile is-vertically-aligned-center\" style=\"grid-template-columns:auto 31%\"><figure class=\"wp-block-media-text__media\"><img loading=\"lazy\" width=\"969\" height=\"815\" src=\"https:\/\/guerisseurdelinvisible.ch\/wp-content\/uploads\/2025\/07\/back-3.jpg\" alt=\"\" class=\"wp-image-3310 size-full\" srcset=\"https:\/\/guerisseurdelinvisible.ch\/wp-content\/uploads\/2025\/07\/back-3.jpg 969w, https:\/\/guerisseurdelinvisible.ch\/wp-content\/uploads\/2025\/07\/back-3-300x252.jpg 300w, https:\/\/guerisseurdelinvisible.ch\/wp-content\/uploads\/2025\/07\/back-3-768x646.jpg 768w\" sizes=\"(max-width: 706px) 89vw, (max-width: 767px) 82vw, 740px\" \/><\/figure><div class=\"wp-block-media-text__content\">\n<p style=\"font-size:16px\"><mark style=\"background-color:rgba(0, 0, 0, 0)\" class=\"has-inline-color has-black-color\"><strong>Retour \u00e0 la page ;<\/strong>  <\/mark><mark style=\"background-color:rgba(0, 0, 0, 0)\" class=\"has-inline-color has-vivid-red-color\"><br>&#8211; <strong>Accueil  \ud83d\udd39\ud83d\udc49<\/strong><a href=\"https:\/\/guerisseurdelinvisible.ch\/?page_id=2023\"><strong>ICI<\/strong><\/a>   &#8212;   <strong>Contact \ud83d\udd39\ud83d\udc49<a href=\"https:\/\/guerisseurdelinvisible.ch\/?page_id=38\">ICI<\/a> <\/strong><\/mark><br>&#8211; <mark style=\"background-color:rgba(0, 0, 0, 0)\" class=\"has-inline-color has-luminous-vivid-orange-color\"><strong>Reiki   <\/strong><\/mark>(\u00e9nergie de la force universelle de vie) \ud83d\udd39\ud83d\udc49<a href=\"https:\/\/guerisseurdelinvisible.ch\/?page_id=206\"><strong>ICI<\/strong><\/a><br>&#8211; <mark style=\"background-color:rgba(0, 0, 0, 0)\" class=\"has-inline-color has-vivid-purple-color\"><strong>Passeur d&rsquo;\u00e2mes <\/strong><\/mark>(les aider \u00e0 cheminer lumi\u00e8re) \ud83d\udd39\ud83d\udc49<a href=\"https:\/\/guerisseurdelinvisible.ch\/?page_id=194\"><strong>ICI<\/strong><\/a><br>&#8211; <strong><mark style=\"background-color:rgba(0, 0, 0, 0)\" class=\"has-inline-color has-vivid-green-cyan-color\">Processus verbale<\/mark><\/strong> de Lib\u00e9ration des contrats, pactes, etc.<strong> <\/strong>\ud83d\udd39\ud83d\udc49<a href=\"https:\/\/guerisseurdelinvisible.ch\/?page_id=198\"><strong>ICI<\/strong><\/a><br>&#8211; <strong><mark style=\"background-color:rgba(0, 0, 0, 0)\" class=\"has-inline-color has-vivid-cyan-blue-color\">D\u00e9simplantation <\/mark><\/strong>des dispositifs de limitation spirituelle  \ud83d\udd39\ud83d\udc49<a href=\"https:\/\/guerisseurdelinvisible.ch\/?page_id=202\"><strong>ICI<\/strong><\/a><br>&#8211; <strong>Tarifs <\/strong>\ud83d\udcb0\ud83d\udc49<a href=\"https:\/\/guerisseurdelinvisible.ch\/?page_id=78\"><strong><mark style=\"background-color:rgba(0, 0, 0, 0)\" class=\"has-inline-color has-vivid-cyan-blue-color\">ICI<\/mark><\/strong><\/a><\/p>\n<\/div><\/div>\n\n\n\n<div class=\"wp-block-media-text alignwide is-stacked-on-mobile is-vertically-aligned-top\" style=\"grid-template-columns:30% auto\"><figure class=\"wp-block-media-text__media\"><img loading=\"lazy\" width=\"893\" height=\"599\" src=\"https:\/\/guerisseurdelinvisible.ch\/wp-content\/uploads\/2025\/07\/massage-10.jpg\" alt=\"\" class=\"wp-image-3311 size-full\" srcset=\"https:\/\/guerisseurdelinvisible.ch\/wp-content\/uploads\/2025\/07\/massage-10.jpg 893w, https:\/\/guerisseurdelinvisible.ch\/wp-content\/uploads\/2025\/07\/massage-10-300x201.jpg 300w, https:\/\/guerisseurdelinvisible.ch\/wp-content\/uploads\/2025\/07\/massage-10-768x515.jpg 768w\" sizes=\"(max-width: 706px) 89vw, (max-width: 767px) 82vw, 740px\" \/><\/figure><div class=\"wp-block-media-text__content\">\n<p class=\"has-text-align-left\" style=\"font-size:17px\">&#8211; <strong><mark style=\"background-color:rgba(0, 0, 0, 0)\" class=\"has-inline-color has-vivid-purple-color\">Massage manuel classique<\/mark><\/strong>  <mark style=\"background-color:rgba(0, 0, 0, 0)\" class=\"has-inline-color has-vivid-red-color\"><strong>\ud83d\udd39<\/strong><\/mark><a href=\"https:\/\/guerisseurdelinvisible.ch\/?page_id=220\"><strong>\ud83d\udc49ICI<\/strong><\/a><br> &#8211; <strong><mark style=\"background-color:rgba(0, 0, 0, 0)\" class=\"has-inline-color has-cyan-bluish-gray-color\">Massage aux pierres chaudes<\/mark><\/strong> <mark style=\"background-color:rgba(0, 0, 0, 0)\" class=\"has-inline-color has-vivid-red-color\"><strong>\ud83d\udd39<\/strong><\/mark><a href=\"https:\/\/guerisseurdelinvisible.ch\/?page_id=223\"><strong>\ud83d\udc49ICI<\/strong><\/a><\/p>\n<\/div><\/div>\n\n\n\n<p class=\"has-white-color has-vivid-purple-background-color has-text-color has-background\"><strong>Prendre un R.D.V   au   079 481 80 00   ou    par E-mail   \ud83d\udd39\ud83d\udc49<\/strong><a href=\"https:\/\/guerisseurdelinvisible.ch\/?page_id=428\"><strong>ICI<\/strong><\/a><\/p>\n\n\n\n<div class=\"wp-block-media-text alignwide has-media-on-the-right is-stacked-on-mobile\" style=\"grid-template-columns:auto 34%\"><figure class=\"wp-block-media-text__media\"><img loading=\"lazy\" width=\"813\" height=\"542\" src=\"https:\/\/guerisseurdelinvisible.ch\/wp-content\/uploads\/2025\/07\/medecin.jpg\" alt=\"\" class=\"wp-image-3303 size-full\" srcset=\"https:\/\/guerisseurdelinvisible.ch\/wp-content\/uploads\/2025\/07\/medecin.jpg 813w, https:\/\/guerisseurdelinvisible.ch\/wp-content\/uploads\/2025\/07\/medecin-300x200.jpg 300w, https:\/\/guerisseurdelinvisible.ch\/wp-content\/uploads\/2025\/07\/medecin-768x512.jpg 768w\" sizes=\"(max-width: 706px) 89vw, (max-width: 767px) 82vw, 740px\" \/><\/figure><div class=\"wp-block-media-text__content\">\n<p style=\"font-size:15px\"><strong>La r\u00e9ception d\u2019une s\u00e9ance de bio\u00e9nergie ne se substitue pas aux conseils ou aux traitements dispens\u00e9s par des professionnels de la sant\u00e9.<\/strong><\/p>\n<\/div><\/div>\n","protected":false},"excerpt":{"rendered":"<p>Voici les rendez-vous que je vous propose pour continuer d&rsquo;avancer sur votre chemin d&rsquo;\u00e9veil et de conscience. Chaque session est limit\u00e9e \u00e0 six participants pour garantir une exp\u00e9rience optimale. Pour plus d&rsquo;informations, un clic sur le cour et vous trouverez toutes les informations d\u00e9taill\u00e9es sur le d\u00e9roulement de l&rsquo;\u00e9v\u00e9nement. Date Cours\/*Ateliers Pr\u00e9requis En devenir * &hellip; <\/p>\n<p class=\"link-more\"><a href=\"https:\/\/guerisseurdelinvisible.ch\/?page_id=242\" class=\"more-link\">Continuer la lecture<span class=\"screen-reader-text\"> de &laquo;&nbsp;Cours&nbsp;&raquo;<\/span><\/a><\/p>\n","protected":false},"author":1,"featured_media":485,"parent":0,"menu_order":0,"comment_status":"closed","ping_status":"closed","template":"","meta":[],"_links":{"self":[{"href":"https:\/\/guerisseurdelinvisible.ch\/index.php?rest_route=\/wp\/v2\/pages\/242"}],"collection":[{"href":"https:\/\/guerisseurdelinvisible.ch\/index.php?rest_route=\/wp\/v2\/pages"}],"about":[{"href":"https:\/\/guerisseurdelinvisible.ch\/index.php?rest_route=\/wp\/v2\/types\/page"}],"author":[{"embeddable":true,"href":"https:\/\/guerisseurdelinvisible.ch\/index.php?rest_route=\/wp\/v2\/users\/1"}],"replies":[{"embeddable":true,"href":"https:\/\/guerisseurdelinvisible.ch\/index.php?rest_route=%2Fwp%2Fv2%2Fcomments&post=242"}],"version-history":[{"count":175,"href":"https:\/\/guerisseurdelinvisible.ch\/index.php?rest_route=\/wp\/v2\/pages\/242\/revisions"}],"predecessor-version":[{"id":4290,"href":"https:\/\/guerisseurdelinvisible.ch\/index.php?rest_route=\/wp\/v2\/pages\/242\/revisions\/4290"}],"wp:featuredmedia":[{"embeddable":true,"href":"https:\/\/guerisseurdelinvisible.ch\/index.php?rest_route=\/wp\/v2\/media\/485"}],"wp:attachment":[{"href":"https:\/\/guerisseurdelinvisible.ch\/index.php?rest_route=%2Fwp%2Fv2%2Fmedia&parent=242"}],"curies":[{"name":"wp","href":"https:\/\/api.w.org\/{rel}","templated":true}]}}