{"id":178,"date":"2019-05-16T12:35:56","date_gmt":"2019-05-16T12:35:56","guid":{"rendered":"http:\/\/guerisseurdelinvisible.ch.phoebe.preview-kreativmedia.ch\/?page_id=178"},"modified":"2026-02-10T18:19:47","modified_gmt":"2026-02-10T18:19:47","slug":"chaman","status":"publish","type":"page","link":"https:\/\/guerisseurdelinvisible.ch\/?page_id=178","title":{"rendered":"Praticien Chaman"},"content":{"rendered":"\n<div class=\"wp-block-media-text alignwide is-stacked-on-mobile\"><figure class=\"wp-block-media-text__media\"><img loading=\"lazy\" width=\"612\" height=\"408\" src=\"https:\/\/guerisseurdelinvisible.ch\/wp-content\/uploads\/2023\/08\/istockphoto-1393592704-612x612-1.webp\" alt=\"\" class=\"wp-image-2290 size-full\" srcset=\"https:\/\/guerisseurdelinvisible.ch\/wp-content\/uploads\/2023\/08\/istockphoto-1393592704-612x612-1.webp 612w, https:\/\/guerisseurdelinvisible.ch\/wp-content\/uploads\/2023\/08\/istockphoto-1393592704-612x612-1-300x200.webp 300w\" sizes=\"(max-width: 612px) 100vw, 612px\" \/><\/figure><div class=\"wp-block-media-text__content\">\n<p class=\"has-medium-font-size\"><strong>Roseau Blanc<\/strong><\/p>\n\n\n\n<p>ce nom ma \u00e9t\u00e9 transmis, <br>par l&rsquo;un de mes enseignants, qui la re\u00e7us lors d&rsquo;un voyage dans le monde dans haut .<\/p>\n<\/div><\/div>\n\n\n\n<hr class=\"wp-block-separator has-alpha-channel-opacity\"\/>\n\n\n\n<p class=\"has-medium-font-size\"><strong>Le Chamanisme : Un Pont entre les Mondes<\/strong><br>Je sers de canal pour les \u00e9nergies gu\u00e9risseuses universelles, puisant leur essence aupr\u00e8s des divinit\u00e9s astrales, des animaux, des min\u00e9raux, des \u00e9l\u00e9mentaux, et bien d&rsquo;autres sources.<br>Le chamanisme est la plus ancienne m\u00e9thode connue pour utiliser les \u00e9tats de conscience modifi\u00e9s afin de trouver des solutions aux probl\u00e8mes et de prodiguer des soins. Les chamans furent les premiers gu\u00e9risseurs, agissant comme conseillers spirituels, sages et visionnaires. Des peintures rupestres d\u00e9couvertes par les ethnologues attestent de leur pr\u00e9sence il y a plus de trente mille ans.<br>Qu&rsquo;est-ce qu&rsquo;un Chaman ?<br>Le terme \u00ab\u00a0chaman\u00a0\u00bb est d&rsquo;origine sib\u00e9rienne et d\u00e9signe une personne qui agit en tant que gu\u00e9risseur et guide spirituel. Sa technique principale consiste \u00e0 se connecter avec les \u00e9nergies de l&rsquo;Univers par des m\u00e9thodes de m\u00e9ditation ou de transe. Cet \u00e9tat de conscience modifi\u00e9 permet de contacter l&rsquo;invisible, l&rsquo;essence spirituelle, et d&rsquo;en retirer un mieux-\u00eatre ainsi que des enseignements pratiques pour notre r\u00e9alit\u00e9 quotidienne.<\/p>\n\n\n\n<p>Le praticien chaman effectue son travail rituel pour aider la personne en qu\u00eate de soutien \u00e0 se connecter avec l&rsquo;\u00e9nergie spirituelle, afin de trouver des r\u00e9ponses aux questions qui la pr\u00e9occupent.<\/p>\n\n\n\n<hr class=\"wp-block-separator has-alpha-channel-opacity\"\/>\n\n\n\n<div class=\"wp-block-media-text alignwide is-stacked-on-mobile is-vertically-aligned-top is-image-fill\"><figure class=\"wp-block-media-text__media\" style=\"background-image:url(https:\/\/guerisseurdelinvisible.ch\/wp-content\/uploads\/2019\/08\/Chaman_Daniel_chaman_2-865x1024.png);background-position:50% 50%\"><img loading=\"lazy\" width=\"865\" height=\"1024\" src=\"https:\/\/guerisseurdelinvisible.ch\/wp-content\/uploads\/2019\/08\/Chaman_Daniel_chaman_2-865x1024.png\" alt=\"\" class=\"wp-image-702 size-full\" srcset=\"https:\/\/guerisseurdelinvisible.ch\/wp-content\/uploads\/2019\/08\/Chaman_Daniel_chaman_2-865x1024.png 865w, https:\/\/guerisseurdelinvisible.ch\/wp-content\/uploads\/2019\/08\/Chaman_Daniel_chaman_2-253x300.png 253w, https:\/\/guerisseurdelinvisible.ch\/wp-content\/uploads\/2019\/08\/Chaman_Daniel_chaman_2-768x909.png 768w, https:\/\/guerisseurdelinvisible.ch\/wp-content\/uploads\/2019\/08\/Chaman_Daniel_chaman_2.png 1311w\" sizes=\"(max-width: 706px) 89vw, (max-width: 767px) 82vw, 740px\" \/><\/figure><div class=\"wp-block-media-text__content\">\n<p class=\"has-medium-font-size\"><strong>L&rsquo;Impact des \u00c9nergies Subtiles<\/strong><br><strong>sur notre Bien-\u00eatre<\/strong><\/p>\n\n\n\n<p style=\"font-size:15px\">Le corps humain est parcouru par diverses \u00e9nergies subtiles qui, lorsqu&rsquo;elles sont d\u00e9s\u00e9quilibr\u00e9es, peuvent nous influencer, voire nous perturber profond\u00e9ment. Ces perturbations \u00e9nerg\u00e9tiques contribuent \u00e0 l&rsquo;apparition de nombreux troubles physiques et psychiques.<\/p>\n\n\n\n<p style=\"font-size:15px\">Le spectre des affections est large : de l&rsquo;insomnie et des migraines \u00e0 des pathologies plus lourdes comme le cancer ou invalidantes comme l&rsquo;asthme. Elles se manifestent \u00e9galement par la nervosit\u00e9, le stress, la d\u00e9pression, sans oublier les probl\u00e8mes relationnels qui en d\u00e9coulent logiquement.<\/p>\n\n\n\n<p style=\"font-size:15px\">Heureusement, il est tout \u00e0 fait possible de purifier et d&rsquo;harmoniser ces \u00e9nergies pour retrouver un \u00e9quilibre et un bien-\u00eatre durables.<\/p>\n<\/div><\/div>\n\n\n\n<hr class=\"wp-block-separator has-alpha-channel-opacity\"\/>\n\n\n\n<p class=\"has-medium-font-size\"><strong>Mon Cheminement Chamanique : <\/strong><br><strong>Une R\u00e9v\u00e9lation Inattendue<\/strong><br>Je ne suis pas issu des lign\u00e9es chamaniques traditionnelles du Mexique, du P\u00e9rou, ni des cultures am\u00e9rindiennes ou celtes. Je suis n\u00e9 en Suisse, de parents suisses, qui, dit-on, \u00e9taient eux-m\u00eames gu\u00e9risseurs dans leurs vies ant\u00e9rieures. D\u00e8s mon plus jeune \u00e2ge, j&rsquo;ai manifest\u00e9 des capacit\u00e9s inn\u00e9es : clairsentience, clairvoyance, et d&rsquo;autres dons, \u00e0 l&rsquo;image d&rsquo;enfants naturellement dou\u00e9s pour la musique, la peinture ou l&rsquo;\u00e9criture.<br>Au fil de mes rencontres avec des hommes-m\u00e9decines et des gu\u00e9risseurs, j&rsquo;ai progressivement recouvr\u00e9 les aptitudes et les connaissances de mes vies ant\u00e9rieures.<\/p>\n\n\n\n<p><strong>Une approche respectueuse et personnalis\u00e9e<\/strong><br>Chaque soin est propos\u00e9 dans le respect de vos croyances, de votre rythme et de votre libre arbitre. Il ne s\u2019agit pas de reproduire des rituels fig\u00e9s, mais d\u2019inviter le sacr\u00e9 l\u00e0 o\u00f9 il peut \u00e9clairer, apaiser et guider.<\/p>\n\n\n\n<p class=\"has-background\" style=\"background-color:#d98f5b\">Vous h\u00e9sitez parce que vous ne savez pas qui je suis ou<br>si mes soins correspondent \u00e0 vos besoins ?<br>Je vous propose <strong>un audit personnalis\u00e9 gratuit<\/strong> pour y r\u00e9pondre.<br><strong>Cliquez ici pour en profiter <\/strong> <mark style=\"background-color:rgba(0, 0, 0, 0)\" class=\"has-inline-color has-vivid-red-color\"><strong>\ud83d\udd39\ud83d\udc49<\/strong><\/mark><a href=\"https:\/\/guerisseurdelinvisible.ch\/?page_id=38\"><mark style=\"background-color:rgba(0, 0, 0, 0)\" class=\"has-inline-color has-vivid-red-color\"><strong>contact<\/strong><\/mark><\/a><br>Ou appeler Daniel directement \u2192 <strong><mark style=\"background-color:rgba(0, 0, 0, 0)\" class=\"has-inline-color has-vivid-red-color\">+41 (0)79 481 80 00<\/mark><\/strong><\/p>\n\n\n\n<p class=\"has-very-light-gray-background-color has-background\">Venir a la d\u00e9couverte des soins chamaniques, c\u2019est exp\u00e9rimenter, ressentir, une exp\u00e9rience a vivre exceptionnel, un RDV<mark style=\"background-color:rgba(0, 0, 0, 0)\" class=\"has-inline-color has-vivid-red-color\"><strong>\ud83d\udd39<\/strong><\/mark>\ud83d\udc49 <a href=\"https:\/\/guerisseurdelinvisible.ch\/?page_id=428\"><strong>ICI<\/strong><\/a><\/p>\n\n\n\n<div class=\"wp-block-media-text alignwide is-stacked-on-mobile\" style=\"grid-template-columns:25% auto\"><figure class=\"wp-block-media-text__media\"><img loading=\"lazy\" width=\"394\" height=\"337\" src=\"https:\/\/guerisseurdelinvisible.ch\/wp-content\/uploads\/2025\/08\/cv.jpg\" alt=\"\" class=\"wp-image-3969 size-full\" srcset=\"https:\/\/guerisseurdelinvisible.ch\/wp-content\/uploads\/2025\/08\/cv.jpg 394w, https:\/\/guerisseurdelinvisible.ch\/wp-content\/uploads\/2025\/08\/cv-300x257.jpg 300w\" sizes=\"(max-width: 394px) 100vw, 394px\" \/><\/figure><div class=\"wp-block-media-text__content\">\n<p><mark style=\"background-color:rgba(0, 0, 0, 0)\" class=\"has-inline-color has-vivid-red-color\"><strong>\ud83d\udd39\ud83d\udc49<\/strong><\/mark><strong><a href=\"https:\/\/guerisseurdelinvisible.ch\/wp-admin\/post.php?post=1600&amp;action=edit\"><mark style=\"background-color:rgba(0, 0, 0, 0)\" class=\"has-inline-color has-vivid-red-color\">Mes Exp\u00e9riences du Chamanisme<\/mark><\/a><\/strong><\/p>\n<\/div><\/div>\n\n\n\n<div class=\"wp-block-media-text alignwide has-media-on-the-right is-stacked-on-mobile is-vertically-aligned-center\" style=\"grid-template-columns:auto 31%\"><figure class=\"wp-block-media-text__media\"><img loading=\"lazy\" width=\"969\" height=\"815\" src=\"https:\/\/guerisseurdelinvisible.ch\/wp-content\/uploads\/2025\/07\/back-3.jpg\" alt=\"\" class=\"wp-image-3310 size-full\" srcset=\"https:\/\/guerisseurdelinvisible.ch\/wp-content\/uploads\/2025\/07\/back-3.jpg 969w, https:\/\/guerisseurdelinvisible.ch\/wp-content\/uploads\/2025\/07\/back-3-300x252.jpg 300w, https:\/\/guerisseurdelinvisible.ch\/wp-content\/uploads\/2025\/07\/back-3-768x646.jpg 768w\" sizes=\"(max-width: 706px) 89vw, (max-width: 767px) 82vw, 740px\" \/><\/figure><div class=\"wp-block-media-text__content\">\n<p style=\"font-size:16px\"><mark style=\"background-color:rgba(0, 0, 0, 0)\" class=\"has-inline-color has-black-color\"><strong>Retour \u00e0 la page ;<\/strong>  <\/mark><mark style=\"background-color:rgba(0, 0, 0, 0)\" class=\"has-inline-color has-vivid-red-color\"><br>&#8211; <strong>Accueil  \ud83d\udd39\ud83d\udc49<\/strong><a href=\"https:\/\/guerisseurdelinvisible.ch\/?page_id=2023\"><strong>ICI<\/strong><\/a>   &#8212;   <strong>Contact \ud83d\udd39\ud83d\udc49<a href=\"https:\/\/guerisseurdelinvisible.ch\/?page_id=38\">ICI<\/a> <\/strong><\/mark><br>&#8211; <mark style=\"background-color:rgba(0, 0, 0, 0)\" class=\"has-inline-color has-luminous-vivid-orange-color\"><strong>Reiki   <\/strong><\/mark>(\u00e9nergie de la force universelle de vie) \ud83d\udd39\ud83d\udc49<a href=\"https:\/\/guerisseurdelinvisible.ch\/?page_id=206\"><strong>ICI<\/strong><\/a><br>&#8211; <mark style=\"background-color:rgba(0, 0, 0, 0)\" class=\"has-inline-color has-vivid-purple-color\"><strong>Passeur d&rsquo;\u00e2mes <\/strong><\/mark>(les aider \u00e0 cheminer lumi\u00e8re) \ud83d\udd39\ud83d\udc49<a href=\"https:\/\/guerisseurdelinvisible.ch\/?page_id=194\"><strong>ICI<\/strong><\/a><br>&#8211; <strong><mark style=\"background-color:rgba(0, 0, 0, 0)\" class=\"has-inline-color has-vivid-green-cyan-color\">Processus verbale<\/mark><\/strong> de Lib\u00e9ration des contrats, pactes, etc.<strong> <\/strong>\ud83d\udd39\ud83d\udc49<a href=\"https:\/\/guerisseurdelinvisible.ch\/?page_id=198\"><strong>ICI<\/strong><\/a><br>&#8211; <strong><mark style=\"background-color:rgba(0, 0, 0, 0)\" class=\"has-inline-color has-vivid-cyan-blue-color\">D\u00e9simplantation <\/mark><\/strong>des dispositifs de limitation spirituelle  \ud83d\udd39\ud83d\udc49<a href=\"https:\/\/guerisseurdelinvisible.ch\/?page_id=78\"><strong>ICI<\/strong><\/a><br>&#8211; <strong><mark style=\"background-color:rgba(0, 0, 0, 0)\" class=\"has-inline-color has-vivid-purple-color\">TARIFS \ud83d\udd39\ud83d\udc49<\/mark><\/strong><a href=\"https:\/\/guerisseurdelinvisible.ch\/?page_id=78&amp;preview_id=78&amp;preview_nonce=fa2bdf5219&amp;preview=true&amp;_thumbnail_id=512\"><strong><mark style=\"background-color:rgba(0, 0, 0, 0)\" class=\"has-inline-color has-vivid-cyan-blue-color\">ICI<\/mark><\/strong><\/a><br>&#8211; <strong>CABINET A ECHALLENS<\/strong> \ud83d\udd39\ud83d\udc49<a href=\"https:\/\/guerisseurdelinvisible.ch\/?page_id=4099\"><strong>ICI<\/strong><\/a><\/p>\n<\/div><\/div>\n\n\n\n<div class=\"wp-block-media-text alignwide is-stacked-on-mobile is-vertically-aligned-top\" style=\"grid-template-columns:30% auto\"><figure class=\"wp-block-media-text__media\"><img loading=\"lazy\" width=\"893\" height=\"599\" src=\"https:\/\/guerisseurdelinvisible.ch\/wp-content\/uploads\/2025\/07\/massage-10.jpg\" alt=\"\" class=\"wp-image-3311 size-full\" srcset=\"https:\/\/guerisseurdelinvisible.ch\/wp-content\/uploads\/2025\/07\/massage-10.jpg 893w, https:\/\/guerisseurdelinvisible.ch\/wp-content\/uploads\/2025\/07\/massage-10-300x201.jpg 300w, https:\/\/guerisseurdelinvisible.ch\/wp-content\/uploads\/2025\/07\/massage-10-768x515.jpg 768w\" sizes=\"(max-width: 706px) 89vw, (max-width: 767px) 82vw, 740px\" \/><\/figure><div class=\"wp-block-media-text__content\">\n<p class=\"has-text-align-left\" style=\"font-size:17px\">&#8211; <strong><mark style=\"background-color:rgba(0, 0, 0, 0)\" class=\"has-inline-color has-vivid-purple-color\">Massage manuel classique<\/mark><\/strong>  <mark style=\"background-color:rgba(0, 0, 0, 0)\" class=\"has-inline-color has-vivid-red-color\"><strong>\ud83d\udd39<\/strong><\/mark><a href=\"https:\/\/guerisseurdelinvisible.ch\/?page_id=220\"><strong>\ud83d\udc49ICI<\/strong><\/a><br> &#8211; <strong><mark style=\"background-color:rgba(0, 0, 0, 0)\" class=\"has-inline-color has-cyan-bluish-gray-color\">Massage aux pierres chaudes<\/mark><\/strong> <mark style=\"background-color:rgba(0, 0, 0, 0)\" class=\"has-inline-color has-vivid-red-color\"><strong>\ud83d\udd39<\/strong><\/mark><a href=\"https:\/\/guerisseurdelinvisible.ch\/?page_id=223\"><strong>\ud83d\udc49ICI<\/strong><\/a><\/p>\n<\/div><\/div>\n\n\n\n<p class=\"has-white-color has-vivid-purple-background-color has-text-color has-background\"><strong>Prendre un R.D.V   au   079 481 80 00   ou    par E-mail   \ud83d\udd39\ud83d\udc49<\/strong><a href=\"https:\/\/guerisseurdelinvisible.ch\/?page_id=428\"><strong>ICI<\/strong><\/a><\/p>\n\n\n\n<div class=\"wp-block-media-text alignwide has-media-on-the-right is-stacked-on-mobile\" style=\"grid-template-columns:auto 34%\"><figure class=\"wp-block-media-text__media\"><img loading=\"lazy\" width=\"813\" height=\"542\" src=\"https:\/\/guerisseurdelinvisible.ch\/wp-content\/uploads\/2025\/07\/medecin.jpg\" alt=\"\" class=\"wp-image-3303 size-full\" srcset=\"https:\/\/guerisseurdelinvisible.ch\/wp-content\/uploads\/2025\/07\/medecin.jpg 813w, https:\/\/guerisseurdelinvisible.ch\/wp-content\/uploads\/2025\/07\/medecin-300x200.jpg 300w, https:\/\/guerisseurdelinvisible.ch\/wp-content\/uploads\/2025\/07\/medecin-768x512.jpg 768w\" sizes=\"(max-width: 706px) 89vw, (max-width: 767px) 82vw, 740px\" \/><\/figure><div class=\"wp-block-media-text__content\">\n<p style=\"font-size:15px\"><strong>La r\u00e9ception d\u2019une s\u00e9ance de bio\u00e9nergie ne se substitue pas aux conseils ou aux traitements dispens\u00e9s par des professionnels de la sant\u00e9.<\/strong><\/p>\n<\/div><\/div>\n","protected":false},"excerpt":{"rendered":"<p>Roseau Blanc ce nom ma \u00e9t\u00e9 transmis, par l&rsquo;un de mes enseignants, qui la re\u00e7us lors d&rsquo;un voyage dans le monde dans haut . Le Chamanisme : Un Pont entre les MondesJe sers de canal pour les \u00e9nergies gu\u00e9risseuses universelles, puisant leur essence aupr\u00e8s des divinit\u00e9s astrales, des animaux, des min\u00e9raux, des \u00e9l\u00e9mentaux, et bien &hellip; <\/p>\n<p class=\"link-more\"><a href=\"https:\/\/guerisseurdelinvisible.ch\/?page_id=178\" class=\"more-link\">Continuer la lecture<span class=\"screen-reader-text\"> de &laquo;&nbsp;Praticien Chaman&nbsp;&raquo;<\/span><\/a><\/p>\n","protected":false},"author":1,"featured_media":441,"parent":0,"menu_order":0,"comment_status":"closed","ping_status":"closed","template":"","meta":[],"_links":{"self":[{"href":"https:\/\/guerisseurdelinvisible.ch\/index.php?rest_route=\/wp\/v2\/pages\/178"}],"collection":[{"href":"https:\/\/guerisseurdelinvisible.ch\/index.php?rest_route=\/wp\/v2\/pages"}],"about":[{"href":"https:\/\/guerisseurdelinvisible.ch\/index.php?rest_route=\/wp\/v2\/types\/page"}],"author":[{"embeddable":true,"href":"https:\/\/guerisseurdelinvisible.ch\/index.php?rest_route=\/wp\/v2\/users\/1"}],"replies":[{"embeddable":true,"href":"https:\/\/guerisseurdelinvisible.ch\/index.php?rest_route=%2Fwp%2Fv2%2Fcomments&post=178"}],"version-history":[{"count":109,"href":"https:\/\/guerisseurdelinvisible.ch\/index.php?rest_route=\/wp\/v2\/pages\/178\/revisions"}],"predecessor-version":[{"id":4565,"href":"https:\/\/guerisseurdelinvisible.ch\/index.php?rest_route=\/wp\/v2\/pages\/178\/revisions\/4565"}],"wp:featuredmedia":[{"embeddable":true,"href":"https:\/\/guerisseurdelinvisible.ch\/index.php?rest_route=\/wp\/v2\/media\/441"}],"wp:attachment":[{"href":"https:\/\/guerisseurdelinvisible.ch\/index.php?rest_route=%2Fwp%2Fv2%2Fmedia&parent=178"}],"curies":[{"name":"wp","href":"https:\/\/api.w.org\/{rel}","templated":true}]}}