{"id":135,"date":"2019-05-16T00:19:55","date_gmt":"2019-05-16T00:19:55","guid":{"rendered":"http:\/\/guerisseurdelinvisible.ch.phoebe.preview-kreativmedia.ch\/?page_id=135"},"modified":"2026-02-10T18:15:02","modified_gmt":"2026-02-10T18:15:02","slug":"formations","status":"publish","type":"page","link":"https:\/\/guerisseurdelinvisible.ch\/?page_id=135","title":{"rendered":"Mon cursus"},"content":{"rendered":"<div class=\"wp-block-image\">\n<figure class=\"alignleft size-full is-resized\"><img loading=\"lazy\" src=\"https:\/\/guerisseurdelinvisible.ch\/wp-content\/uploads\/2025\/06\/foret.jpg\" alt=\"\" class=\"wp-image-3230\" width=\"224\" height=\"147\" srcset=\"https:\/\/guerisseurdelinvisible.ch\/wp-content\/uploads\/2025\/06\/foret.jpg 898w, https:\/\/guerisseurdelinvisible.ch\/wp-content\/uploads\/2025\/06\/foret-300x197.jpg 300w, https:\/\/guerisseurdelinvisible.ch\/wp-content\/uploads\/2025\/06\/foret-768x505.jpg 768w\" sizes=\"(max-width: 224px) 100vw, 224px\" \/><\/figure><\/div>\n\n\n<hr class=\"wp-block-separator has-alpha-channel-opacity\"\/>\n\n\n\n<p style=\"font-size:18px\">Mes <strong>exp\u00e9riences personnelles<\/strong> ont \u00e9t\u00e9 d\u00e9terminantes dans l&rsquo;acquisition des comp\u00e9tences qui me permettent aujourd&rsquo;hui de mieux comprendre et d&rsquo;aider les personnes que j&rsquo;accompagne.<\/p>\n\n\n\n<p>Voici une s\u00e9lection des <strong>enseignements cl\u00e9s<\/strong> que j&rsquo;ai re\u00e7us, ainsi que les noms des praticiens qui m&rsquo;ont guid\u00e9 :<\/p>\n\n\n\n<hr class=\"wp-block-separator has-alpha-channel-opacity\"\/>\n\n\n\n<div class=\"wp-block-media-text alignwide has-media-on-the-right is-stacked-on-mobile is-image-fill\" style=\"grid-template-columns:auto 41%\"><figure class=\"wp-block-media-text__media\" style=\"background-image:url(https:\/\/guerisseurdelinvisible.ch\/wp-content\/uploads\/2025\/06\/mains-tete.jpg);background-position:40% 40%\"><img loading=\"lazy\" width=\"891\" height=\"602\" src=\"https:\/\/guerisseurdelinvisible.ch\/wp-content\/uploads\/2025\/06\/mains-tete.jpg\" alt=\"\" class=\"wp-image-3228 size-full\" srcset=\"https:\/\/guerisseurdelinvisible.ch\/wp-content\/uploads\/2025\/06\/mains-tete.jpg 891w, https:\/\/guerisseurdelinvisible.ch\/wp-content\/uploads\/2025\/06\/mains-tete-300x203.jpg 300w, https:\/\/guerisseurdelinvisible.ch\/wp-content\/uploads\/2025\/06\/mains-tete-768x519.jpg 768w\" sizes=\"(max-width: 706px) 89vw, (max-width: 767px) 82vw, 740px\" \/><\/figure><div class=\"wp-block-media-text__content\">\n<p class=\"has-text-align-center\">Pratiques <strong>\u00c9nerg\u00e9tiques<\/strong><\/p>\n<\/div><\/div>\n\n\n\n<figure class=\"wp-block-table\"><table><tbody><tr><td> Soins Bio\u00e9nerg\u00e9tiques&nbsp;  <\/td><td>Par l&rsquo;\u00e9cole Grim N\u00fcr  de 2012 &#8211; 2017<\/td><\/tr><tr><td> G\u00e9obiologie <\/td><td>Par l&rsquo;\u00e9cole Grim N\u00fcr  en novembre 2012<\/td><\/tr><tr><td>Gestion de la pens\u00e9e<\/td><td>Par Daniel S\u00e9vigny en novembre 2000<\/td><\/tr><tr><td>Praticien Chaman<\/td><td>Par Ula Streassles, Maureen Murnan <br>au Arthur Findlay Coll\u00e8ge Stansted <br>en 2004 &amp; 2005<br>Jos\u00e9 Luis Herrera, en 2012<br>Patrick Dacquay, de 2013 \u00e0 2015<br> Egalement plusieurs autres Chamans.<\/td><\/tr><tr><td>Tambours<br>Montage et pratique<\/td><td>Par Olivier Simonnet 2013 &amp; 2014<br>Butch Mudbune, en 2020.<\/td><\/tr><tr><td>Channelings<\/td><td>Par Gladis Zurbriggen,  Libby Clark,  ainsi que Janette Parker, de 2003 \u00e0 2006<br>au Arthur Findlay Coll\u00e8ge Stansted, Angleterre<\/td><\/tr><tr><td>Transes gu\u00e9rison<\/td><td>Par Steven Hupton, en 2006<br>au Arthur Findlay Coll\u00e8ge Stansted, Angleterre <\/td><\/tr><tr><td>Reiki 1er au 3\u00e8me degr\u00e9<\/td><td> Par Denise Wohlhauser&nbsp;&#8211; M\u00e9thode Usui <br>de 2001 \u00e0 2003<\/td><\/tr><tr><td> Ma\u00eetre&nbsp; &nbsp; <\/td><td> Par E. Honsperger &#8211; M\u00e9thode Usui  en 2003<\/td><\/tr><tr><td> M\u00e9decine des 4 dimensions&nbsp; <\/td><td> Par Heinz B\u00fcchli &#8211; M\u00e9thode de Heinz B\u00fcchli <br>en 2004<\/td><\/tr><tr><td> Ortho-Bionomy&nbsp; <\/td><td> Par Michelle Litsisdorf &#8211; M\u00e9thode Arthur Pauls<br>de 2001 \u00e0 2004 <\/td><\/tr><\/tbody><\/table><\/figure>\n\n\n\n<hr class=\"wp-block-separator has-alpha-channel-opacity\"\/>\n\n\n\n<div class=\"wp-block-media-text alignwide is-stacked-on-mobile\" style=\"grid-template-columns:34% auto\"><figure class=\"wp-block-media-text__media\"><img loading=\"lazy\" width=\"1024\" height=\"682\" src=\"https:\/\/guerisseurdelinvisible.ch\/wp-content\/uploads\/2023\/08\/wellness-7399690_1280-1024x682.jpg\" alt=\"\" class=\"wp-image-2308 size-full\" srcset=\"https:\/\/guerisseurdelinvisible.ch\/wp-content\/uploads\/2023\/08\/wellness-7399690_1280-1024x682.jpg 1024w, https:\/\/guerisseurdelinvisible.ch\/wp-content\/uploads\/2023\/08\/wellness-7399690_1280-300x200.jpg 300w, https:\/\/guerisseurdelinvisible.ch\/wp-content\/uploads\/2023\/08\/wellness-7399690_1280-768x512.jpg 768w, https:\/\/guerisseurdelinvisible.ch\/wp-content\/uploads\/2023\/08\/wellness-7399690_1280.jpg 1280w\" sizes=\"(max-width: 706px) 89vw, (max-width: 767px) 82vw, 740px\" \/><\/figure><div class=\"wp-block-media-text__content\">\n<p>Massages divers<\/p>\n<\/div><\/div>\n\n\n\n<figure class=\"wp-block-table\"><table><tbody><tr><td>Massage Assis Amma <\/td><td>Par Tony Neumann &#8211; M\u00e9thode de Tony Neumann <\/td><\/tr><tr><td>Massage<strong> <\/strong>Ayurv\u00e9dique&nbsp; <\/td><td> Par G\u00e9rard de Combat &#8211; Massage Abhyanga&nbsp; <\/td><\/tr><tr><td> Massage Th\u00e9rapeutique&nbsp; <\/td><td>Par Myl\u00e8ne Schenk &#8211; M\u00e9thode de Myl\u00e8ne Schenk&nbsp; <\/td><\/tr><tr><td>Pathologies du Genou &amp; Rachis<\/td><td>Par Myl\u00e8ne Schenk &#8211; M\u00e9thode de Myl\u00e8ne Schenk <\/td><\/tr><tr><td>Drainages&nbsp;Lymphatiques&nbsp;  <\/td><td> Par Myl\u00e8ne Schenk &#8211; M\u00e9thode de Myl\u00e8ne Schenk&nbsp; <\/td><\/tr><\/tbody><\/table><\/figure>\n\n\n\n<hr class=\"wp-block-separator has-alpha-channel-opacity\"\/>\n\n\n\n<div class=\"wp-block-media-text alignwide has-media-on-the-right is-stacked-on-mobile is-vertically-aligned-center\" style=\"grid-template-columns:auto 31%\"><figure class=\"wp-block-media-text__media\"><img loading=\"lazy\" width=\"969\" height=\"815\" src=\"https:\/\/guerisseurdelinvisible.ch\/wp-content\/uploads\/2025\/07\/back-3.jpg\" alt=\"\" class=\"wp-image-3310 size-full\" srcset=\"https:\/\/guerisseurdelinvisible.ch\/wp-content\/uploads\/2025\/07\/back-3.jpg 969w, https:\/\/guerisseurdelinvisible.ch\/wp-content\/uploads\/2025\/07\/back-3-300x252.jpg 300w, https:\/\/guerisseurdelinvisible.ch\/wp-content\/uploads\/2025\/07\/back-3-768x646.jpg 768w\" sizes=\"(max-width: 706px) 89vw, (max-width: 767px) 82vw, 740px\" \/><\/figure><div class=\"wp-block-media-text__content\">\n<p style=\"font-size:16px\"><mark style=\"background-color:rgba(0, 0, 0, 0)\" class=\"has-inline-color has-black-color\"><strong>Retour \u00e0 la page ;<\/strong>  <\/mark><mark style=\"background-color:rgba(0, 0, 0, 0)\" class=\"has-inline-color has-vivid-red-color\"><br>&#8211; <strong>Accueil  \ud83d\udd39\ud83d\udc49<\/strong><a href=\"https:\/\/guerisseurdelinvisible.ch\/?page_id=2023\"><strong>ICI<\/strong><\/a>   &#8212;   <strong>Contact \ud83d\udd39\ud83d\udc49<a href=\"https:\/\/guerisseurdelinvisible.ch\/?page_id=38\">ICI<\/a> <\/strong><\/mark><br>&#8211; <mark style=\"background-color:rgba(0, 0, 0, 0)\" class=\"has-inline-color has-luminous-vivid-orange-color\"><strong>Reiki   <\/strong><\/mark>(\u00e9nergie de la force universelle de vie) \ud83d\udd39\ud83d\udc49<a href=\"https:\/\/guerisseurdelinvisible.ch\/?page_id=206\"><strong>ICI<\/strong><\/a><br>&#8211; <mark style=\"background-color:rgba(0, 0, 0, 0)\" class=\"has-inline-color has-vivid-purple-color\"><strong>Passeur d&rsquo;\u00e2mes <\/strong><\/mark>(les aider \u00e0 cheminer lumi\u00e8re) \ud83d\udd39\ud83d\udc49<a href=\"https:\/\/guerisseurdelinvisible.ch\/?page_id=194\"><strong>ICI<\/strong><\/a><br>&#8211; <strong><mark style=\"background-color:rgba(0, 0, 0, 0)\" class=\"has-inline-color has-vivid-green-cyan-color\">Processus verbale<\/mark><\/strong> de Lib\u00e9ration des contrats, pactes, etc.<strong> <\/strong>\ud83d\udd39\ud83d\udc49<a href=\"https:\/\/guerisseurdelinvisible.ch\/?page_id=198\"><strong>ICI<\/strong><\/a><br>&#8211; <strong><mark style=\"background-color:rgba(0, 0, 0, 0)\" class=\"has-inline-color has-vivid-cyan-blue-color\">D\u00e9simplantation <\/mark><\/strong>des dispositifs de limitation spirituelle  \ud83d\udd39\ud83d\udc49<a href=\"https:\/\/guerisseurdelinvisible.ch\/?page_id=202\"><strong>ICI<\/strong><\/a><br>&#8211; <strong><mark style=\"background-color:rgba(0, 0, 0, 0)\" class=\"has-inline-color has-vivid-purple-color\">TARIFS \ud83d\udd39\ud83d\udc49<\/mark><\/strong><a href=\"https:\/\/guerisseurdelinvisible.chhttps:\/\/guerisseurdelinvisible.ch\/?page_id=78\"><strong><mark style=\"background-color:rgba(0, 0, 0, 0)\" class=\"has-inline-color has-vivid-cyan-blue-color\">ICI<\/mark><\/strong><\/a><br>&#8211; <strong>CABINET A ECHALLENS<\/strong> \ud83d\udd39\ud83d\udc49<a href=\"https:\/\/guerisseurdelinvisible.ch\/?page_id=4099\"><strong>ICI<\/strong><\/a><\/p>\n<\/div><\/div>\n\n\n\n<div class=\"wp-block-media-text alignwide is-stacked-on-mobile is-vertically-aligned-top\" style=\"grid-template-columns:30% auto\"><figure class=\"wp-block-media-text__media\"><img loading=\"lazy\" width=\"893\" height=\"599\" src=\"https:\/\/guerisseurdelinvisible.ch\/wp-content\/uploads\/2025\/07\/massage-10.jpg\" alt=\"\" class=\"wp-image-3311 size-full\" srcset=\"https:\/\/guerisseurdelinvisible.ch\/wp-content\/uploads\/2025\/07\/massage-10.jpg 893w, https:\/\/guerisseurdelinvisible.ch\/wp-content\/uploads\/2025\/07\/massage-10-300x201.jpg 300w, https:\/\/guerisseurdelinvisible.ch\/wp-content\/uploads\/2025\/07\/massage-10-768x515.jpg 768w\" sizes=\"(max-width: 706px) 89vw, (max-width: 767px) 82vw, 740px\" \/><\/figure><div class=\"wp-block-media-text__content\">\n<p class=\"has-text-align-left\" style=\"font-size:17px\">&#8211; <strong><mark style=\"background-color:rgba(0, 0, 0, 0)\" class=\"has-inline-color has-vivid-purple-color\">Massage manuel classique<\/mark><\/strong>  <mark style=\"background-color:rgba(0, 0, 0, 0)\" class=\"has-inline-color has-vivid-red-color\"><strong>\ud83d\udd39<\/strong><\/mark><a href=\"https:\/\/guerisseurdelinvisible.ch\/?page_id=220\"><strong>\ud83d\udc49ICI<\/strong><\/a><br> &#8211; <strong><mark style=\"background-color:rgba(0, 0, 0, 0)\" class=\"has-inline-color has-cyan-bluish-gray-color\">Massage aux pierres chaudes<\/mark><\/strong> <mark style=\"background-color:rgba(0, 0, 0, 0)\" class=\"has-inline-color has-vivid-red-color\"><strong>\ud83d\udd39<\/strong><\/mark><a href=\"https:\/\/guerisseurdelinvisible.ch\/?page_id=223\"><strong>\ud83d\udc49ICI<\/strong><\/a><\/p>\n<\/div><\/div>\n\n\n\n<p class=\"has-white-color has-vivid-purple-background-color has-text-color has-background\"><strong>Prendre un R.D.V   au   079 481 80 00   ou    par E-mail   \ud83d\udd39\ud83d\udc49<\/strong><a href=\"https:\/\/guerisseurdelinvisible.ch\/?page_id=38\"><strong>ICI<\/strong><\/a><\/p>\n\n\n\n<p>Voici quelques-uns des certificats obtenus au fil de mon parcours.<br>D\u2019autres enseignements, tout aussi pr\u00e9cieux, se transmettent simplement par l\u2019exp\u00e9rience et la pratique, sans certificat formel.<\/p>\n\n\n\n<div class=\"wp-container-3 wp-block-columns\">\n<div class=\"wp-container-1 wp-block-column\">\n<figure class=\"wp-block-image size-large\"><img loading=\"lazy\" width=\"1024\" height=\"732\" src=\"https:\/\/guerisseurdelinvisible.ch\/wp-content\/uploads\/2025\/11\/certif-chat-1-1024x732.jpg\" alt=\"\" class=\"wp-image-4326\" srcset=\"https:\/\/guerisseurdelinvisible.ch\/wp-content\/uploads\/2025\/11\/certif-chat-1-1024x732.jpg 1024w, https:\/\/guerisseurdelinvisible.ch\/wp-content\/uploads\/2025\/11\/certif-chat-1-300x214.jpg 300w, https:\/\/guerisseurdelinvisible.ch\/wp-content\/uploads\/2025\/11\/certif-chat-1-768x549.jpg 768w, https:\/\/guerisseurdelinvisible.ch\/wp-content\/uploads\/2025\/11\/certif-chat-1-1536x1098.jpg 1536w, https:\/\/guerisseurdelinvisible.ch\/wp-content\/uploads\/2025\/11\/certif-chat-1-2048x1464.jpg 2048w\" sizes=\"(max-width: 706px) 89vw, (max-width: 767px) 82vw, 740px\" \/><\/figure>\n\n\n\n<figure class=\"wp-block-image size-large\"><img loading=\"lazy\" width=\"1024\" height=\"818\" src=\"https:\/\/guerisseurdelinvisible.ch\/wp-content\/uploads\/2025\/11\/certif-maitre-1024x818.jpg\" alt=\"\" class=\"wp-image-4332\" srcset=\"https:\/\/guerisseurdelinvisible.ch\/wp-content\/uploads\/2025\/11\/certif-maitre-1024x818.jpg 1024w, https:\/\/guerisseurdelinvisible.ch\/wp-content\/uploads\/2025\/11\/certif-maitre-300x240.jpg 300w, https:\/\/guerisseurdelinvisible.ch\/wp-content\/uploads\/2025\/11\/certif-maitre-768x613.jpg 768w, https:\/\/guerisseurdelinvisible.ch\/wp-content\/uploads\/2025\/11\/certif-maitre-1536x1226.jpg 1536w, https:\/\/guerisseurdelinvisible.ch\/wp-content\/uploads\/2025\/11\/certif-maitre-2048x1635.jpg 2048w\" sizes=\"(max-width: 706px) 89vw, (max-width: 767px) 82vw, 740px\" \/><\/figure>\n\n\n\n<figure class=\"wp-block-image size-large is-resized\"><img loading=\"lazy\" src=\"https:\/\/guerisseurdelinvisible.ch\/wp-content\/uploads\/2025\/11\/certif-4D-795x1024.jpg\" alt=\"\" class=\"wp-image-4331\" width=\"205\" height=\"264\" srcset=\"https:\/\/guerisseurdelinvisible.ch\/wp-content\/uploads\/2025\/11\/certif-4D-795x1024.jpg 795w, https:\/\/guerisseurdelinvisible.ch\/wp-content\/uploads\/2025\/11\/certif-4D-233x300.jpg 233w, https:\/\/guerisseurdelinvisible.ch\/wp-content\/uploads\/2025\/11\/certif-4D-768x989.jpg 768w, https:\/\/guerisseurdelinvisible.ch\/wp-content\/uploads\/2025\/11\/certif-4D-1192x1536.jpg 1192w, https:\/\/guerisseurdelinvisible.ch\/wp-content\/uploads\/2025\/11\/certif-4D-1590x2048.jpg 1590w, https:\/\/guerisseurdelinvisible.ch\/wp-content\/uploads\/2025\/11\/certif-4D-scaled.jpg 1987w\" sizes=\"(max-width: 205px) 100vw, 205px\" \/><\/figure>\n<\/div>\n\n\n\n<div class=\"wp-container-2 wp-block-column\">\n<figure class=\"wp-block-image size-large\"><img loading=\"lazy\" width=\"1024\" height=\"711\" src=\"https:\/\/guerisseurdelinvisible.ch\/wp-content\/uploads\/2025\/11\/Certif-Ortho-1024x711.jpg\" alt=\"\" class=\"wp-image-4333\" srcset=\"https:\/\/guerisseurdelinvisible.ch\/wp-content\/uploads\/2025\/11\/Certif-Ortho-1024x711.jpg 1024w, https:\/\/guerisseurdelinvisible.ch\/wp-content\/uploads\/2025\/11\/Certif-Ortho-300x208.jpg 300w, https:\/\/guerisseurdelinvisible.ch\/wp-content\/uploads\/2025\/11\/Certif-Ortho-768x534.jpg 768w, https:\/\/guerisseurdelinvisible.ch\/wp-content\/uploads\/2025\/11\/Certif-Ortho-1536x1067.jpg 1536w, https:\/\/guerisseurdelinvisible.ch\/wp-content\/uploads\/2025\/11\/Certif-Ortho-2048x1423.jpg 2048w\" sizes=\"(max-width: 706px) 89vw, (max-width: 767px) 82vw, 740px\" \/><\/figure>\n\n\n\n<figure class=\"wp-block-image size-large is-resized\"><img loading=\"lazy\" src=\"https:\/\/guerisseurdelinvisible.ch\/wp-content\/uploads\/2025\/11\/certif-reiki-chaman-2-721x1024.jpg\" alt=\"\" class=\"wp-image-4327\" width=\"223\" height=\"316\" srcset=\"https:\/\/guerisseurdelinvisible.ch\/wp-content\/uploads\/2025\/11\/certif-reiki-chaman-2-721x1024.jpg 721w, https:\/\/guerisseurdelinvisible.ch\/wp-content\/uploads\/2025\/11\/certif-reiki-chaman-2-211x300.jpg 211w, https:\/\/guerisseurdelinvisible.ch\/wp-content\/uploads\/2025\/11\/certif-reiki-chaman-2-768x1090.jpg 768w, https:\/\/guerisseurdelinvisible.ch\/wp-content\/uploads\/2025\/11\/certif-reiki-chaman-2-1082x1536.jpg 1082w, https:\/\/guerisseurdelinvisible.ch\/wp-content\/uploads\/2025\/11\/certif-reiki-chaman-2-1442x2048.jpg 1442w, https:\/\/guerisseurdelinvisible.ch\/wp-content\/uploads\/2025\/11\/certif-reiki-chaman-2-scaled.jpg 1803w\" sizes=\"(max-width: 223px) 100vw, 223px\" \/><\/figure>\n<\/div>\n<\/div>\n\n\n\n<p>Pour encore plus d&rsquo;infos mon CV <mark style=\"background-color:rgba(0, 0, 0, 0)\" class=\"has-inline-color has-vivid-red-color\"><strong>\ud83d\udd39\ud83d\udc49<\/strong><\/mark> <a href=\"https:\/\/guerisseurdelinvisible.ch\/wp-admin\/post.php?post=1600\"><strong><mark style=\"background-color:rgba(0, 0, 0, 0)\" class=\"has-inline-color has-vivid-red-color\">ICI<\/mark><\/strong><\/a><\/p>\n","protected":false},"excerpt":{"rendered":"<p>Mes exp\u00e9riences personnelles ont \u00e9t\u00e9 d\u00e9terminantes dans l&rsquo;acquisition des comp\u00e9tences qui me permettent aujourd&rsquo;hui de mieux comprendre et d&rsquo;aider les personnes que j&rsquo;accompagne. Voici une s\u00e9lection des enseignements cl\u00e9s que j&rsquo;ai re\u00e7us, ainsi que les noms des praticiens qui m&rsquo;ont guid\u00e9 : Pratiques \u00c9nerg\u00e9tiques Soins Bio\u00e9nerg\u00e9tiques&nbsp; Par l&rsquo;\u00e9cole Grim N\u00fcr de 2012 &#8211; 2017 G\u00e9obiologie &hellip; <\/p>\n<p class=\"link-more\"><a href=\"https:\/\/guerisseurdelinvisible.ch\/?page_id=135\" class=\"more-link\">Continuer la lecture<span class=\"screen-reader-text\"> de &laquo;&nbsp;Mon cursus&nbsp;&raquo;<\/span><\/a><\/p>\n","protected":false},"author":1,"featured_media":0,"parent":0,"menu_order":0,"comment_status":"closed","ping_status":"closed","template":"","meta":[],"_links":{"self":[{"href":"https:\/\/guerisseurdelinvisible.ch\/index.php?rest_route=\/wp\/v2\/pages\/135"}],"collection":[{"href":"https:\/\/guerisseurdelinvisible.ch\/index.php?rest_route=\/wp\/v2\/pages"}],"about":[{"href":"https:\/\/guerisseurdelinvisible.ch\/index.php?rest_route=\/wp\/v2\/types\/page"}],"author":[{"embeddable":true,"href":"https:\/\/guerisseurdelinvisible.ch\/index.php?rest_route=\/wp\/v2\/users\/1"}],"replies":[{"embeddable":true,"href":"https:\/\/guerisseurdelinvisible.ch\/index.php?rest_route=%2Fwp%2Fv2%2Fcomments&post=135"}],"version-history":[{"count":56,"href":"https:\/\/guerisseurdelinvisible.ch\/index.php?rest_route=\/wp\/v2\/pages\/135\/revisions"}],"predecessor-version":[{"id":4561,"href":"https:\/\/guerisseurdelinvisible.ch\/index.php?rest_route=\/wp\/v2\/pages\/135\/revisions\/4561"}],"wp:attachment":[{"href":"https:\/\/guerisseurdelinvisible.ch\/index.php?rest_route=%2Fwp%2Fv2%2Fmedia&parent=135"}],"curies":[{"name":"wp","href":"https:\/\/api.w.org\/{rel}","templated":true}]}}